{"id":4479,"date":"2014-02-26T18:22:21","date_gmt":"2014-02-26T18:22:21","guid":{"rendered":"https:\/\/coro.meridianos.org\/?page_id=4479"},"modified":"2020-12-21T16:56:18","modified_gmt":"2020-12-21T15:56:18","slug":"home-coro-meridianos_v4-2","status":"publish","type":"page","link":"https:\/\/coro.meridianos.org\/","title":{"rendered":"Home Coro Meridianos_V4"},"content":{"rendered":"<div class=\"vc_row wpb_row vc_row-fluid vc_custom_1587370097358 vc_row-o-content-top vc_row-flex\"><div class=\"wpb_column vc_column_container vc_col-sm-12\"><div class=\"vc_column-inner\"><div class=\"wpb_wrapper\">\n\t\t\t<!-- START SliderHome REVOLUTION SLIDER 6.1.5 --><p class=\"rs-p-wp-fix\"><\/p>\n\t\t\t<rs-module-wrap id=\"rev_slider_1_1_wrapper\" data-source=\"gallery\" style=\"background:transparent;padding:0;margin:0px auto;margin-top:0;margin-bottom:0;\">\n\t\t\t\t<rs-module id=\"rev_slider_1_1\" style=\"display:none;\" data-version=\"6.1.5\">\n\t\t\t\t\t<rs-slides>\n\t\t\t\t\t\t<rs-slide data-key=\"rs-3\" data-title=\"Slide\" data-thumb=\"\/\/coro.meridianos.org\/wp-content\/uploads\/2020\/04\/negro2-50x100.jpg\" data-anim=\"ei:d;eo:d;s:0ms;r:0;t:fade;sl:0;\">\n\t\t\t\t\t\t\t<img src=\"\/\/coro.meridianos.org\/wp-content\/uploads\/2020\/04\/negro2.jpg\" title=\"negro2\" width=\"1920\" height=\"1080\" class=\"rev-slidebg\" data-no-retina>\n\t\t\t\t\t\t\t<rs-bgvideo \n\t\t\t\t\t\t\t\tdata-video=\"w:100%;h:100%;l:false;ptimer:true;\"\n\t\t\t\t\t\t\t\tdata-mp4=\"\/\/coro.meridianos.org\/wp-content\/uploads\/2020\/04\/Coro-Meridianos-Sin-Rotulos_2.mp4\"\n\t\t\t\t\t\t\t><\/rs-bgvideo>\n<!--\n\t\t\t\t\t\t\t--><rs-layer\n\t\t\t\t\t\t\t\tid=\"slider-1-slide-3-layer-2\" \n\t\t\t\t\t\t\t\tdata-type=\"text\"\n\t\t\t\t\t\t\t\tdata-color=\"rgba(255, 255, 255, 0.81)\"\n\t\t\t\t\t\t\t\tdata-rsp_ch=\"on\"\n\t\t\t\t\t\t\t\tdata-xy=\"x:l,l,l,c;xo:50px,50px,50px,10px;yo:73px,73px,73px,294px;\"\n\t\t\t\t\t\t\t\tdata-text=\"w:normal;s:75,75,75,50;l:73,73,73,55;ls:2,2,2,0;fw:800;\"\n\t\t\t\t\t\t\t\tdata-dim=\"w:auto,auto,auto,294px;minh:0px,0px,0px,none;\"\n\t\t\t\t\t\t\t\tdata-frame_0=\"y:bottom;\"\n\t\t\t\t\t\t\t\tdata-frame_1=\"x:-2px,-2px,-2px,0px;y:264px,264px,264px,101px;st:440;sp:1000;sR:440;\"\n\t\t\t\t\t\t\t\tdata-frame_999=\"y:bottom;o:0;st:w;sp:1000;sR:7560;\"\n\t\t\t\t\t\t\t\tstyle=\"z-index:9;font-family:Raleway;\"\n\t\t\t\t\t\t\t>LA M\u00daSICA \n\t\t\t\t\t\t\t<\/rs-layer><!--\n\n\t\t\t\t\t\t\t--><rs-layer\n\t\t\t\t\t\t\t\tid=\"slider-1-slide-3-layer-3\" \n\t\t\t\t\t\t\t\tdata-type=\"text\"\n\t\t\t\t\t\t\t\tdata-rsp_ch=\"on\"\n\t\t\t\t\t\t\t\tdata-xy=\"x:l,l,l,c;xo:50px,50px,50px,0;yo:173px,173px,173px,369px;\"\n\t\t\t\t\t\t\t\tdata-text=\"w:normal;s:20,20,20,18;l:25,25,25,22;\"\n\t\t\t\t\t\t\t\tdata-frame_0=\"y:bottom;\"\n\t\t\t\t\t\t\t\tdata-frame_1=\"x:1px,1px,1px,0px;y:244px,244px,244px,93px;st:1480;sp:1000;sR:1480;\"\n\t\t\t\t\t\t\t\tdata-frame_999=\"y:bottom;o:0;st:w;sp:1000;sR:6520;\"\n\t\t\t\t\t\t\t\tstyle=\"z-index:10;font-family:Roboto;\"\n\t\t\t\t\t\t\t>Nos enriquece y saca lo mejor de nosotros \n\t\t\t\t\t\t\t<\/rs-layer><!--\n\n\t\t\t\t\t\t\t--><rs-layer\n\t\t\t\t\t\t\t\tid=\"slider-1-slide-3-layer-6\" \n\t\t\t\t\t\t\t\tdata-type=\"shape\"\n\t\t\t\t\t\t\t\tdata-rsp_ch=\"on\"\n\t\t\t\t\t\t\t\tdata-text=\"w:normal;s:20,20,20,7;l:0,0,0,9;\"\n\t\t\t\t\t\t\t\tdata-dim=\"w:100%;h:100%;\"\n\t\t\t\t\t\t\t\tdata-basealign=\"slide\"\n\t\t\t\t\t\t\t\tdata-blendmode=\"multiply\"\n\t\t\t\t\t\t\t\tdata-frame_999=\"o:0;st:w;sR:8700;\"\n\t\t\t\t\t\t\t\tstyle=\"z-index:8;background-color:rgba(30,151,159,0.5);\"\n\t\t\t\t\t\t\t> \n\t\t\t\t\t\t\t<\/rs-layer><!--\n\n\t\t\t\t\t\t\t--><a\n\t\t\t\t\t\t\t\tid=\"slider-1-slide-3-layer-7\" \n\t\t\t\t\t\t\t\tclass=\"rs-layer rev-btn\"\n\t\t\t\t\t\t\t\thref=\"\/?page_id=2608\" target=\"_self\" rel=\"nofollow\"\n\t\t\t\t\t\t\t\tdata-type=\"button\"\n\t\t\t\t\t\t\t\tdata-rsp_ch=\"on\"\n\t\t\t\t\t\t\t\tdata-xy=\"x:l,l,l,c;xo:334px,334px,334px,0;yo:458px,458px,458px,606px;\"\n\t\t\t\t\t\t\t\tdata-text=\"w:normal;s:17,17,17,15;l:40,40,40,17;fw:500;\"\n\t\t\t\t\t\t\t\tdata-dim=\"minh:0px,0px,0px,none;\"\n\t\t\t\t\t\t\t\tdata-padding=\"t:0,0,0,10;r:25,25,25,15;b:0,0,0,10;l:25,25,25,15;\"\n\t\t\t\t\t\t\t\tdata-border=\"bos:solid;boc:rgba(255,255,255,0.35);bow:1px,1px,1px,1px;\"\n\t\t\t\t\t\t\t\tdata-frame_1=\"st:2440;sp:580;sR:2440;\"\n\t\t\t\t\t\t\t\tdata-frame_999=\"o:0;st:w;sR:5980;\"\n\t\t\t\t\t\t\t\tdata-frame_hover=\"bgc:rgba(0,0,0,0);boc:rgba(255,255,255,0.75);bor:0px,0px,0px,0px;bos:solid;bow:1px,1px,1px,1px;e:Power1.easeInOut;\"\n\t\t\t\t\t\t\t\tstyle=\"z-index:12;background-color:rgba(0,0,0,0);font-family:Roboto;\"\n\t\t\t\t\t\t\t>\u00bfC\u00f3mo apuntarse al Coro? \n\t\t\t\t\t\t\t<\/a><!--\n\n\t\t\t\t\t\t\t--><a\n\t\t\t\t\t\t\t\tid=\"slider-1-slide-3-layer-8\" \n\t\t\t\t\t\t\t\tclass=\"rs-layer rev-btn\"\n\t\t\t\t\t\t\t\thref=\"\/?page_id=4296\" target=\"_self\" rel=\"nofollow\"\n\t\t\t\t\t\t\t\tdata-type=\"button\"\n\t\t\t\t\t\t\t\tdata-rsp_ch=\"on\"\n\t\t\t\t\t\t\t\tdata-xy=\"x:l,l,l,c;xo:47px,47px,47px,0;yo:458px,458px,458px,535px;\"\n\t\t\t\t\t\t\t\tdata-text=\"w:normal;s:17,17,17,15;l:40,40,40,20;fw:500;\"\n\t\t\t\t\t\t\t\tdata-dim=\"minh:0px,0px,0px,none;\"\n\t\t\t\t\t\t\t\tdata-padding=\"t:0,0,0,10;r:25,25,25,10;b:0,0,0,10;l:25,25,25,10;\"\n\t\t\t\t\t\t\t\tdata-border=\"bos:solid;boc:rgba(255,255,255,0.35);bow:1px,1px,1px,1px;\"\n\t\t\t\t\t\t\t\tdata-frame_1=\"st:2440;sp:580;sR:2440;\"\n\t\t\t\t\t\t\t\tdata-frame_999=\"o:0;st:w;sR:5980;\"\n\t\t\t\t\t\t\t\tdata-frame_hover=\"bgc:rgba(0,0,0,0);boc:rgba(255,255,255,0.75);bor:0px,0px,0px,0px;bos:solid;bow:1px,1px,1px,1px;e:Power1.easeInOut;\"\n\t\t\t\t\t\t\t\tstyle=\"z-index:11;background-color:rgba(0,0,0,0);font-family:Roboto;\"\n\t\t\t\t\t\t\t>\u00bfQu\u00e9 es el coro meridianos? \n\t\t\t\t\t\t\t<\/a><!--\n-->\t\t\t\t\t\t<\/rs-slide>\n\t\t\t\t\t\t<rs-slide data-key=\"rs-1\" data-title=\"Slide\" data-thumb=\"\/\/coro.meridianos.org\/wp-content\/uploads\/2016\/09\/slide_04.jpg\" data-anim=\"ei:d;eo:d;s:0ms;r:0;t:fade;sl:0;\">\n\t\t\t\t\t\t\t<img src=\"\/\/coro.meridianos.org\/wp-content\/plugins\/revslider\/public\/assets\/assets\/transparent.png\" title=\"slide_04\" width=\"1920\" height=\"360\" data-bg=\"p:center top;c:#356e6f;f:contain;\" class=\"rev-slidebg\" data-no-retina>\n<!--\n\t\t\t\t\t\t\t--><rs-layer\n\t\t\t\t\t\t\t\tid=\"slider-1-slide-1-layer-0\" \n\t\t\t\t\t\t\t\tdata-type=\"image\"\n\t\t\t\t\t\t\t\tdata-rsp_ch=\"on\"\n\t\t\t\t\t\t\t\tdata-xy=\"x:c;\"\n\t\t\t\t\t\t\t\tdata-text=\"w:normal;s:20,20,20,7;l:0,0,0,9;\"\n\t\t\t\t\t\t\t\tdata-dim=\"w:['100%','100%','100%','100%'];h:['100%','100%','100%','100%'];\"\n\t\t\t\t\t\t\t\tdata-basealign=\"slide\"\n\t\t\t\t\t\t\t\tdata-frame_0=\"x:right;\"\n\t\t\t\t\t\t\t\tdata-frame_1=\"sp:1500;\"\n\t\t\t\t\t\t\t\tdata-frame_999=\"o:0;e:Power2.easeIn;st:w;sp:1000;sR:7500;\"\n\t\t\t\t\t\t\t\tstyle=\"z-index:9;\"\n\t\t\t\t\t\t\t><img src=\"\/\/coro.meridianos.org\/wp-content\/uploads\/2016\/09\/slide_04.jpg\" width=\"1920\" height=\"360\" data-c=\"cover-proportional\" data-no-retina> \n\t\t\t\t\t\t\t<\/rs-layer><!--\n\n\t\t\t\t\t\t\t--><rs-layer\n\t\t\t\t\t\t\t\tid=\"slider-1-slide-1-layer-5\" \n\t\t\t\t\t\t\t\tdata-type=\"image\"\n\t\t\t\t\t\t\t\tdata-bsh=\"b:1px,1px,1px,0px;\"\n\t\t\t\t\t\t\t\tdata-rsp_ch=\"on\"\n\t\t\t\t\t\t\t\tdata-xy=\"x:r;xo:-346px,-346px,-346px,-133px;yo:-8px,-8px,-8px,-2px;\"\n\t\t\t\t\t\t\t\tdata-text=\"w:normal;s:20,20,20,7;l:0,0,0,9;\"\n\t\t\t\t\t\t\t\tdata-dim=\"w:543px,543px,543px,209px;h:568px,568px,568px,219px;\"\n\t\t\t\t\t\t\t\tdata-frame_1=\"x:-7px,-7px,-7px,-1px;y:8px,8px,8px,2px;st:3090;sp:2000;sR:3090;\"\n\t\t\t\t\t\t\t\tdata-frame_999=\"o:0;e:Power4.easeInOut;st:w;sp:1000;sR:3910;\"\n\t\t\t\t\t\t\t\tstyle=\"z-index:12;\"\n\t\t\t\t\t\t\t><img src=\"\/\/coro.meridianos.org\/wp-content\/uploads\/2020\/04\/musica1-edit.png\" width=\"688\" height=\"720\" data-no-retina> \n\t\t\t\t\t\t\t<\/rs-layer><!--\n\n\t\t\t\t\t\t\t--><rs-layer\n\t\t\t\t\t\t\t\tid=\"slider-1-slide-1-layer-9\" \n\t\t\t\t\t\t\t\tdata-type=\"text\"\n\t\t\t\t\t\t\t\tdata-color=\"rgba(255, 255, 255, 0.81)\"\n\t\t\t\t\t\t\t\tdata-rsp_ch=\"on\"\n\t\t\t\t\t\t\t\tdata-xy=\"x:l,l,l,c;xo:50px,50px,50px,7px;yo:73px,73px,73px,323px;\"\n\t\t\t\t\t\t\t\tdata-text=\"w:normal;s:75,75,75,50;l:73,73,73,55;ls:2,2,2,0;fw:800;\"\n\t\t\t\t\t\t\t\tdata-dim=\"minh:0px,0px,0px,none;\"\n\t\t\t\t\t\t\t\tdata-padding=\"b:0,0,0,2;\"\n\t\t\t\t\t\t\t\tdata-frame_0=\"y:bottom;\"\n\t\t\t\t\t\t\t\tdata-frame_1=\"x:-2px,-2px,-2px,0px;y:264px,264px,264px,101px;st:440;sp:1000;sR:440;\"\n\t\t\t\t\t\t\t\tdata-frame_999=\"y:bottom;o:0;st:w;sp:1000;sR:7560;\"\n\t\t\t\t\t\t\t\tstyle=\"z-index:9;font-family:Raleway;\"\n\t\t\t\t\t\t\t>LA M\u00daSICA \n\t\t\t\t\t\t\t<\/rs-layer><!--\n\n\t\t\t\t\t\t\t--><rs-layer\n\t\t\t\t\t\t\t\tid=\"slider-1-slide-1-layer-10\" \n\t\t\t\t\t\t\t\tdata-type=\"text\"\n\t\t\t\t\t\t\t\tdata-rsp_ch=\"on\"\n\t\t\t\t\t\t\t\tdata-xy=\"x:l,l,l,c;xo:50px,50px,50px,19px;yo:173px,173px,173px,398px;\"\n\t\t\t\t\t\t\t\tdata-text=\"w:normal;s:20,20,20,20;l:25,25,25,22;\"\n\t\t\t\t\t\t\t\tdata-dim=\"w:auto,auto,auto,399px;h:auto,auto,auto,57px;\"\n\t\t\t\t\t\t\t\tdata-padding=\"t:0,0,0,3;\"\n\t\t\t\t\t\t\t\tdata-frame_0=\"y:bottom;\"\n\t\t\t\t\t\t\t\tdata-frame_1=\"x:1px,1px,1px,0px;y:244px,244px,244px,93px;st:1480;sp:1000;sR:1480;\"\n\t\t\t\t\t\t\t\tdata-frame_999=\"y:bottom;o:0;st:w;sp:1000;sR:6520;\"\n\t\t\t\t\t\t\t\tstyle=\"z-index:10;font-family:Roboto;\"\n\t\t\t\t\t\t\t>Nos enriquece y saca lo mejor de nosotros \n\t\t\t\t\t\t\t<\/rs-layer><!--\n\n\t\t\t\t\t\t\t--><a\n\t\t\t\t\t\t\t\tid=\"slider-1-slide-1-layer-11\" \n\t\t\t\t\t\t\t\tclass=\"rs-layer rev-btn\"\n\t\t\t\t\t\t\t\thref=\"\/como-apuntarse-2\/\" target=\"_self\" rel=\"nofollow\"\n\t\t\t\t\t\t\t\tdata-type=\"button\"\n\t\t\t\t\t\t\t\tdata-rsp_ch=\"on\"\n\t\t\t\t\t\t\t\tdata-xy=\"x:l,l,l,c;xo:334px,334px,334px,0;yo:458px,458px,458px,631px;\"\n\t\t\t\t\t\t\t\tdata-text=\"w:normal;s:17,17,17,17;l:40,40,40,19;fw:500;\"\n\t\t\t\t\t\t\t\tdata-dim=\"minh:0px,0px,0px,none;\"\n\t\t\t\t\t\t\t\tdata-padding=\"t:0,0,0,10;r:25,25,25,10;b:0,0,0,10;l:25,25,25,10;\"\n\t\t\t\t\t\t\t\tdata-border=\"bos:solid;boc:rgba(255,255,255,0.35);bow:1px,1px,1px,1px;\"\n\t\t\t\t\t\t\t\tdata-frame_1=\"st:2440;sp:580;sR:2440;\"\n\t\t\t\t\t\t\t\tdata-frame_999=\"o:0;st:w;sR:5980;\"\n\t\t\t\t\t\t\t\tdata-frame_hover=\"bgc:rgba(0,0,0,0);boc:rgba(255,255,255,0.75);bor:0px,0px,0px,0px;bos:solid;bow:1px,1px,1px,1px;e:Power1.easeInOut;\"\n\t\t\t\t\t\t\t\tstyle=\"z-index:12;background-color:rgba(0,0,0,0);font-family:Roboto;\"\n\t\t\t\t\t\t\t>\u00bfC\u00f3mo apuntarse al Coro? \n\t\t\t\t\t\t\t<\/a><!--\n\n\t\t\t\t\t\t\t--><a\n\t\t\t\t\t\t\t\tid=\"slider-1-slide-1-layer-12\" \n\t\t\t\t\t\t\t\tclass=\"rs-layer rev-btn\"\n\t\t\t\t\t\t\t\thref=\"\/que-es-el-coro-meridianos-2\/\" target=\"_self\" rel=\"nofollow\"\n\t\t\t\t\t\t\t\tdata-type=\"button\"\n\t\t\t\t\t\t\t\tdata-rsp_ch=\"on\"\n\t\t\t\t\t\t\t\tdata-xy=\"x:l,l,l,c;xo:47px,47px,47px,0;yo:458px,458px,458px,565px;\"\n\t\t\t\t\t\t\t\tdata-text=\"w:normal;s:17,17,17,17;l:40,40,40,19;fw:500;\"\n\t\t\t\t\t\t\t\tdata-dim=\"minh:0px,0px,0px,none;\"\n\t\t\t\t\t\t\t\tdata-padding=\"t:0,0,0,10;r:25,25,25,10;b:0,0,0,11;l:25,25,25,10;\"\n\t\t\t\t\t\t\t\tdata-border=\"bos:solid;boc:rgba(255,255,255,0.35);bow:1px,1px,1px,1px;\"\n\t\t\t\t\t\t\t\tdata-frame_1=\"st:2440;sp:580;sR:2440;\"\n\t\t\t\t\t\t\t\tdata-frame_999=\"o:0;st:w;sR:5980;\"\n\t\t\t\t\t\t\t\tdata-frame_hover=\"bgc:rgba(0,0,0,0);boc:rgba(255,255,255,0.75);bor:0px,0px,0px,0px;bos:solid;bow:1px,1px,1px,1px;e:Power1.easeInOut;\"\n\t\t\t\t\t\t\t\tstyle=\"z-index:11;background-color:rgba(0,0,0,0);font-family:Roboto;\"\n\t\t\t\t\t\t\t>\u00bfQu\u00e9 es el coro meridianos? \n\t\t\t\t\t\t\t<\/a><!--\n-->\t\t\t\t\t\t<\/rs-slide>\n\t\t\t\t\t<\/rs-slides>\n\t\t\t\t\t<rs-progress class=\"rs-bottom\" style=\"visibility: hidden !important;\"><\/rs-progress>\n\t\t\t\t<\/rs-module>\n\t\t\t\t<script type=\"text\/javascript\">\n\t\t\t\t\tsetREVStartSize({c: 'rev_slider_1_1',rl:[1240,1240,1240,480],el:[560,560,560,720],gw:[1240,1240,1240,480],gh:[560,560,560,720],layout:'fullwidth',mh:\"0\"});\n\t\t\t\t\tvar\trevapi1,\n\t\t\t\t\t\ttpj;\n\t\t\t\t\tjQuery(function() {\n\t\t\t\t\t\ttpj = jQuery;\n\t\t\t\t\t\tif(tpj(\"#rev_slider_1_1\").revolution == undefined){\n\t\t\t\t\t\t\trevslider_showDoubleJqueryError(\"#rev_slider_1_1\");\n\t\t\t\t\t\t}else{\n\t\t\t\t\t\t\trevapi1 = tpj(\"#rev_slider_1_1\").show().revolution({\n\t\t\t\t\t\t\t\tjsFileLocation:\"\/\/coro.meridianos.org\/wp-content\/plugins\/revslider\/public\/assets\/js\/\",\n\t\t\t\t\t\t\t\tsliderLayout:\"fullwidth\",\n\t\t\t\t\t\t\t\tdottedOverlay:\"twoxtwo\",\n\t\t\t\t\t\t\t\tvisibilityLevels:\"1240,1240,1240,480\",\n\t\t\t\t\t\t\t\tgridwidth:\"1240,1240,1240,480\",\n\t\t\t\t\t\t\t\tgridheight:\"560,560,560,720\",\n\t\t\t\t\t\t\t\tminHeight:\"\",\n\t\t\t\t\t\t\t\tspinner:\"spinner2\",\n\t\t\t\t\t\t\t\teditorheight:\"560,768,960,720\",\n\t\t\t\t\t\t\t\tresponsiveLevels:\"1240,1240,1240,480\",\n\t\t\t\t\t\t\t\tdisableProgressBar:\"on\",\n\t\t\t\t\t\t\t\tnavigation: {\n\t\t\t\t\t\t\t\t\tonHoverStop:false,\n\t\t\t\t\t\t\t\t\tarrows: {\n\t\t\t\t\t\t\t\t\t\tenable:true,\n\t\t\t\t\t\t\t\t\t\tstyle:\"custom\",\n\t\t\t\t\t\t\t\t\t\tleft: {\n\t\t\t\t\t\t\t\t\t\t\th_offset:30\n\t\t\t\t\t\t\t\t\t\t},\n\t\t\t\t\t\t\t\t\t\tright: {\n\t\t\t\t\t\t\t\t\t\t\th_offset:30\n\t\t\t\t\t\t\t\t\t\t}\n\t\t\t\t\t\t\t\t\t}\n\t\t\t\t\t\t\t\t},\n\t\t\t\t\t\t\t\tfallbacks: {\n\t\t\t\t\t\t\t\t\tallowHTML5AutoPlayOnAndroid:true\n\t\t\t\t\t\t\t\t},\n\t\t\t\t\t\t\t});\n\t\t\t\t\t\t}\n\t\t\t\t\t\t\n\t\t\t\t\t});\n\t\t\t\t<\/script>\n\t\t\t\t<script>\n\t\t\t\t\tvar htmlDivCss = ' #rev_slider_1_1_wrapper rs-loader.spinner2{ background-color: #ffffff !important; } '\n\t\t\t\t\tvar htmlDiv = document.getElementById('rs-plugin-settings-inline-css');\n\t\t\t\t\tif(htmlDiv) {\n\t\t\t\t\t\thtmlDiv.innerHTML = htmlDiv.innerHTML + htmlDivCss;\n\t\t\t\t\t}else{\n\t\t\t\t\t\tvar htmlDiv = document.createElement('div');\n\t\t\t\t\t\thtmlDiv.innerHTML = '<style>' + htmlDivCss + '<\/style>';\n\t\t\t\t\t\tdocument.getElementsByTagName('head')[0].appendChild(htmlDiv.childNodes[0]);\n\t\t\t\t\t}\n\t\t\t\t<\/script>\n\t\t\t\t<script>\n\t\t\t\t\tvar htmlDivCss = unescape(\"%23rev_slider_1_1_wrapper%20.custom.tparrows%20%7B%0A%09cursor%3Apointer%3B%0A%09background%3A%23000%3B%0A%09background%3Argba%280%2C0%2C0%2C0.5%29%3B%0A%09width%3A40px%3B%0A%09height%3A40px%3B%0A%09position%3Aabsolute%3B%0A%09display%3Ablock%3B%0A%09z-index%3A1000%3B%0A%7D%0A%23rev_slider_1_1_wrapper%20.custom.tparrows%3Ahover%20%7B%0A%09background%3A%23000%3B%0A%7D%0A%23rev_slider_1_1_wrapper%20.custom.tparrows%3Abefore%20%7B%0A%09font-family%3A%20%27revicons%27%3B%0A%09font-size%3A15px%3B%0A%09color%3A%23fff%3B%0A%09display%3Ablock%3B%0A%09line-height%3A%2040px%3B%0A%09text-align%3A%20center%3B%0A%7D%0A%23rev_slider_1_1_wrapper%20.custom.tparrows.tp-leftarrow%3Abefore%20%7B%0A%09content%3A%20%27%5Ce824%27%3B%0A%7D%0A%23rev_slider_1_1_wrapper%20.custom.tparrows.tp-rightarrow%3Abefore%20%7B%0A%09content%3A%20%27%5Ce825%27%3B%0A%7D%0A%0A%0A\");\n\t\t\t\t\tvar htmlDiv = document.getElementById('rs-plugin-settings-inline-css');\n\t\t\t\t\tif(htmlDiv) {\n\t\t\t\t\t\thtmlDiv.innerHTML = htmlDiv.innerHTML + htmlDivCss;\n\t\t\t\t\t}else{\n\t\t\t\t\t\tvar htmlDiv = document.createElement('div');\n\t\t\t\t\t\thtmlDiv.innerHTML = '<style>' + htmlDivCss + '<\/style>';\n\t\t\t\t\t\tdocument.getElementsByTagName('head')[0].appendChild(htmlDiv.childNodes[0]);\n\t\t\t\t\t}\n\t\t\t\t<\/script>\n\t\t\t\t<script>\n\t\t\t\t\tvar htmlDivCss = unescape(\"%0A%0A\");\n\t\t\t\t\tvar htmlDiv = document.getElementById('rs-plugin-settings-inline-css');\n\t\t\t\t\tif(htmlDiv) {\n\t\t\t\t\t\thtmlDiv.innerHTML = htmlDiv.innerHTML + htmlDivCss;\n\t\t\t\t\t}else{\n\t\t\t\t\t\tvar htmlDiv = document.createElement('div');\n\t\t\t\t\t\thtmlDiv.innerHTML = '<style>' + htmlDivCss + '<\/style>';\n\t\t\t\t\t\tdocument.getElementsByTagName('head')[0].appendChild(htmlDiv.childNodes[0]);\n\t\t\t\t\t}\n\t\t\t\t<\/script>\n\t\t\t<\/rs-module-wrap>\n\t\t\t<!-- END REVOLUTION SLIDER -->\n<\/div><\/div><\/div><\/div><section class=\"vc_section vc_custom_1588675115962 vc_section-has-fill\"><div class=\"vc_row wpb_row vc_row-fluid vc_custom_1588675150500 vc_row-has-fill\"><div class=\"wpb_column vc_column_container vc_col-sm-12\"><div class=\"vc_column-inner\"><div class=\"wpb_wrapper\"><div class=\"vc_row wpb_row vc_inner vc_row-fluid\"><div class=\"wpb_column vc_column_container vc_col-sm-12\"><div class=\"vc_column-inner\"><div class=\"wpb_wrapper\"><h1 class=' text-center '><\/p>\n<p style=\"color: #1e979f;\">Nuestros <strong>objetivos<\/strong><\/p>\n<p><\/h1><\/div><\/div><\/div><\/div><div class=\"vc_row wpb_row vc_inner vc_row-fluid vc_column-gap-20 vc_row-o-equal-height vc_row-flex\"><div class=\"wpb_column vc_column_container vc_col-sm-3\"><div class=\"vc_column-inner\"><div class=\"wpb_wrapper\"><div class=\"  nk-ibox-1\"><div class=\"nk-ibox-icon nk-ibox-icon-color-main-1\"><span class=\"ion-md-book\"><\/span><\/div><div class=\"nk-ibox-cont\"><h3 class=\"nk-ibox-title\"><a href=\"\/?page_id=2770\">Orientados a resultados<\/a><\/h3><p style=\"line-height: 22px;\">Nuestros resultados se constituyen como potentes factores de protecci\u00f3n y palanca para el desarrollo en los j\u00f3venes.<\/p>\n<p><a style=\"color: #1c8287; line-height: 20px;\" href=\"\/?page_id=2770\">&gt; CORO MERIDIANOS<\/a><\/p>\n<\/div><\/div><\/div><\/div><\/div><div class=\"wpb_column vc_column_container vc_col-sm-3\"><div class=\"vc_column-inner\"><div class=\"wpb_wrapper\"><div class=\"  nk-ibox-1\"><div class=\"nk-ibox-icon nk-ibox-icon-color-main-1\"><span class=\"ion-ios-arrow-forward\"><\/span><\/div><div class=\"nk-ibox-cont\"><h3 class=\"nk-ibox-title\"><a href=\"\/?page_id=2770\">Perspectivas de futuro<\/a><\/h3><p style=\"line-height: 22px;\">Coro Meridianos es un proyecto dedicado a la formaci\u00f3n de ni\u00f1os de gran talento que carecen de recursos econ\u00f3micos.<\/p>\n<p><a style=\"color: #1c8287;\" href=\"\/?page_id=2770\">&gt; POR QU\u00c9 UN CORO<\/a><\/p>\n<\/div><\/div><\/div><\/div><\/div><div class=\"wpb_column vc_column_container vc_col-sm-3\"><div class=\"vc_column-inner\"><div class=\"wpb_wrapper\"><div class=\"  nk-ibox-1\"><div class=\"nk-ibox-icon nk-ibox-icon-color-main-1\"><span class=\"ion-md-heart-empty\"><\/span><\/div><div class=\"nk-ibox-cont\"><h3 class=\"nk-ibox-title\"><a href=\"\/?page_id=4296\">La m\u00fasica es nuestra vida<\/a><\/h3><p style=\"line-height: 22px;\">Nuestros objetivos no se limitan a la formaci\u00f3n musical. Queremos mejorar la vida de los ni\u00f1os y su entorno educando en valores.<\/p>\n<p><a style=\"color: #1c8287;\" href=\"\/?page_id=4296\">&gt; QU\u00c9 PERSEGUIMOS<\/a><\/p>\n<\/div><\/div><\/div><\/div><\/div><div class=\"wpb_column vc_column_container vc_col-sm-3\"><div class=\"vc_column-inner\"><div class=\"wpb_wrapper\"><div class=\"  nk-ibox-1\"><div class=\"nk-ibox-icon nk-ibox-icon-color-main-1\"><span class=\"ion-ios-musical-notes\"><\/span><\/div><div class=\"nk-ibox-cont\"><h3 class=\"nk-ibox-title\"><a href=\"\/?page_id=2608\">\u00bfQuieres cantar en nuestro coro?<\/a><\/h3><p style=\"line-height: 22px;\">Descubre c\u00f3mo puedes unirte al Coro Meridianos, un lugar donde disfrutar, aprender y convivir en torno a la m\u00fasica.<\/p>\n<p><a style=\"color: #1c8287;\" href=\"\/?page_id=2608\">&gt; C\u00d3MO APUNTARSE<\/a><\/p>\n<\/div><\/div><\/div><\/div><\/div><\/div><div class=\"vc_empty_space\"   style=\"height: 80px\"><span class=\"vc_empty_space_inner\"><\/span><\/div><\/div><\/div><\/div><\/div><div class=\"nk-awb  nk-awb-after-vc_row \" ><div class=\"nk-awb-wrap\" data-awb-type=\"image\" data-awb-stretch=\"true\" data-awb-image-background-size=\"cover\" data-awb-image-background-position=\"50% 50%\"><div  class=\"nk-awb-inner\"><img width=\"1920\" height=\"800\" src=\"https:\/\/coro.meridianos.org\/wp-content\/uploads\/2020\/05\/background.jpg\" class=\"jarallax-img\" alt=\"\" loading=\"lazy\" style=\"object-position: 50% 50%;\" srcset=\"https:\/\/coro.meridianos.org\/wp-content\/uploads\/2020\/05\/background.jpg 1920w, https:\/\/coro.meridianos.org\/wp-content\/uploads\/2020\/05\/background-300x125.jpg 300w, https:\/\/coro.meridianos.org\/wp-content\/uploads\/2020\/05\/background-1024x427.jpg 1024w, https:\/\/coro.meridianos.org\/wp-content\/uploads\/2020\/05\/background-768x320.jpg 768w, https:\/\/coro.meridianos.org\/wp-content\/uploads\/2020\/05\/background-1536x640.jpg 1536w, https:\/\/coro.meridianos.org\/wp-content\/uploads\/2020\/05\/background-500x208.jpg 500w, https:\/\/coro.meridianos.org\/wp-content\/uploads\/2020\/05\/background-800x333.jpg 800w, https:\/\/coro.meridianos.org\/wp-content\/uploads\/2020\/05\/background-1280x533.jpg 1280w, https:\/\/coro.meridianos.org\/wp-content\/uploads\/2020\/05\/background-48x20.jpg 48w, https:\/\/coro.meridianos.org\/wp-content\/uploads\/2020\/05\/background-90x38.jpg 90w, https:\/\/coro.meridianos.org\/wp-content\/uploads\/2020\/05\/background-150x63.jpg 150w, https:\/\/coro.meridianos.org\/wp-content\/uploads\/2020\/05\/background-200x83.jpg 200w, https:\/\/coro.meridianos.org\/wp-content\/uploads\/2020\/05\/background-400x167.jpg 400w, https:\/\/coro.meridianos.org\/wp-content\/uploads\/2020\/05\/background-600x250.jpg 600w, https:\/\/coro.meridianos.org\/wp-content\/uploads\/2020\/05\/background-1400x583.jpg 1400w, https:\/\/coro.meridianos.org\/wp-content\/uploads\/2020\/05\/background-1440x600.jpg 1440w, https:\/\/coro.meridianos.org\/wp-content\/uploads\/2020\/05\/background-1600x667.jpg 1600w\" sizes=\"(max-width: 1920px) 100vw, 1920px\" \/><\/div><\/div><\/div><\/section><section data-vc-full-width=\"true\" data-vc-full-width-init=\"false\" class=\"vc_section vc_custom_1588675184709 vc_section-has-fill\"><div class=\"vc_row wpb_row vc_row-fluid vc_custom_1584028639031\"><div class=\"wpb_column vc_column_container vc_col-sm-12\"><div class=\"vc_column-inner vc_custom_1584028260601\"><div class=\"wpb_wrapper\"><div class=\"vc_empty_space\"   style=\"height: 20px\"><span class=\"vc_empty_space_inner\"><\/span><\/div><h1 class=' text-center '><\/p>\n<p style=\"color: #1e979f;\">Actualidad del <strong>Coro Meridianos<\/strong><\/p>\n<p><\/h1><\/div><\/div><\/div><div class=\"wpb_column vc_column_container vc_col-sm-12\"><div class=\"vc_column-inner\"><div class=\"wpb_wrapper\"><ul class=\"wppm wppm-tile clearfix s1 gutter-4 wppm_custom_css_1\"><li class=\"tile-2x2 wppm-post 6461 post-6461 post type-post status-publish format-standard has-post-thumbnail hentry category-noticias-prensa content-bl overlay-scrim show-always img-none\"><div class=\"tile-wrap\"><div class=\"post-img\"><a href=\"https:\/\/coro.meridianos.org\/index.php\/el-coro-meridianos-inicia-con-ilusion-la-vuelta-a-la-actividad\/\" title=\"El Coro Meridianos est\u00e1 en proceso de renovaci\u00f3n y actualizaci\u00f3n del proyecto\"><img class=\"wppm-img\" src=\"https:\/\/coro.meridianos.org\/wp-content\/uploads\/bfi_thumb\/cartela-video-off-6vil0k351n2y5dd5putokbdywulweoio1xw4q23bma0.jpg\" alt=\"El Coro Meridianos est\u00e1 en proceso de renovaci\u00f3n y actualizaci\u00f3n del proyecto\" title=\"El Coro Meridianos est\u00e1 en proceso de renovaci\u00f3n y actualizaci\u00f3n del proyecto\"\/><\/a><\/div><div class=\"tile-content\"><div class=\"tile-overlay\"><aside class=\"meta-row cat-row\"><div class=\"meta-col\"><ul class=\"post-cats\"><li><a class=\"cat-noticias-prensa\" href=\"https:\/\/coro.meridianos.org\/index.php\/category\/noticias-prensa\/\">Noticias<\/a><\/li><\/ul><\/div><\/aside><h1 class=\"entry-title fw-400\"><a href=\"https:\/\/coro.meridianos.org\/index.php\/el-coro-meridianos-inicia-con-ilusion-la-vuelta-a-la-actividad\/\" title=\"El Coro Meridianos est\u00e1 en proceso de renovaci\u00f3n y actualizaci\u00f3n del proyecto\">El Coro Meridianos est\u00e1 en proceso de renovaci\u00f3n y actualizaci\u00f3n del proyecto<\/a><\/h1><p class=\"post-text\">Con mucha ilusi\u00f3n el equipo del Coro est\u00e1 trabajando para &hellip;<\/p><aside class=\"meta-row row-3\"><div class=\"meta-col col-60\"><ul class=\"entry-meta\"><li class=\"post-time\"><time class=\"entry-date updated\" datetime=\"2021-03-11T09:22:15+01:00\">marzo 11, 2021<\/time><\/li><li class=\"post-author schema-only\"><span class=\"screen-reader-text\">Author<\/span><a href=\"https:\/\/coro.meridianos.org\/index.php\/author\/admincoro\/\"><span class=\"vcard author Alberto\"><span class=\"fn\">Alberto<\/span><\/span><\/a><\/li><\/ul><\/div><div class=\"meta-col col-40 text-right\"><span class=\"post-views\">1218<\/span><div class=\"wppm-sharing-container\"><a class=\"share-trigger\" title=\"Share this post\"><span class=\"screen-reader-text\">Share this post<\/span><\/a><ul class=\"wppm-sharing\"><li class=\"wppm-twitter\"><a href=\"https:\/\/twitter.com\/home?status=https%3A%2F%2Fcoro.meridianos.org%2Findex.php%2Fel-coro-meridianos-inicia-con-ilusion-la-vuelta-a-la-actividad%2F\" target=\"_blank\" title=\"Share on twitter\">Twitter<\/a><\/li><li class=\"wppm-facebook\"><a href=\"https:\/\/www.facebook.com\/sharer\/sharer.php?u=https%3A%2F%2Fcoro.meridianos.org%2Findex.php%2Fel-coro-meridianos-inicia-con-ilusion-la-vuelta-a-la-actividad%2F\" target=\"_blank\" title=\"Share on facebook\">Facebook<\/a><\/li><li class=\"wppm-linkedin\"><a href=\"https:\/\/www.linkedin.com\/shareArticle?mini=true&amp;url=https%3A%2F%2Fcoro.meridianos.org%2Findex.php%2Fel-coro-meridianos-inicia-con-ilusion-la-vuelta-a-la-actividad%2F\" target=\"_blank\" title=\"Share on LinkedIn\">LinkedIn<\/a><\/li><li class=\"wppm-pinterest\"><a href=\"https:\/\/pinterest.com\/pin\/create\/button\/?url=https%3A%2F%2Fcoro.meridianos.org%2Findex.php%2Fel-coro-meridianos-inicia-con-ilusion-la-vuelta-a-la-actividad%2F&amp;media=https:\/\/coro.meridianos.org\/wp-content\/uploads\/2019\/03\/cartela-video-off.jpg\" target=\"_blank\" title=\"Pin it\">Pinterest<\/a><\/li><li class=\"wppm-email no-popup\"><a href=\"mailto:someone@example.com?Subject=El+Coro+Meridianos+est%C3%A1+en+proceso+de+renovaci%C3%B3n+y+actualizaci%C3%B3n+del+proyecto\" title=\"Email this\">Email<\/a><\/li><\/ul><\/div><\/div><\/aside><\/div><\/div><\/div><\/li><li class=\"wppm-post 6285 post-6285 post type-post status-publish format-standard has-post-thumbnail hentry category-noticias-prensa category-videos-destacados content-bl overlay-scrim show-always img-none tile-1x1\"><div class=\"tile-wrap\"><div class=\"post-img\"><a href=\"https:\/\/coro.meridianos.org\/index.php\/el-coro-meridianos-nos-ofrece-why-we-sing-grabada-estos-dias-desde-sus-casas\/\" title=\"El Coro Meridianos nos ofrece \u201cWhy we sing\u201d grabada estos d\u00edas desde sus casas\"><img class=\"wppm-img\" src=\"https:\/\/coro.meridianos.org\/wp-content\/uploads\/bfi_thumb\/foto01-6vil0k341c74ota2ltrz5bj6stqrd6cpi3kmdzi0o6k.jpg\" alt=\"El Coro Meridianos nos ofrece \u201cWhy we sing\u201d grabada estos d\u00edas desde sus casas\" title=\"El Coro Meridianos nos ofrece \u201cWhy we sing\u201d grabada estos d\u00edas desde sus casas\"\/><\/a><\/div><div class=\"tile-content\"><div class=\"tile-overlay\"><aside class=\"meta-row cat-row\"><div class=\"meta-col\"><ul class=\"post-cats\"><li><a class=\"cat-noticias-prensa\" href=\"https:\/\/coro.meridianos.org\/index.php\/category\/noticias-prensa\/\">Noticias<\/a><\/li><li><a class=\"cat-videos-destacados\" href=\"https:\/\/coro.meridianos.org\/index.php\/category\/videos-destacados\/\">V\u00eddeos destacados<\/a><\/li><\/ul><\/div><\/aside><h1 class=\"entry-title fw-400\"><a href=\"https:\/\/coro.meridianos.org\/index.php\/el-coro-meridianos-nos-ofrece-why-we-sing-grabada-estos-dias-desde-sus-casas\/\" title=\"El Coro Meridianos nos ofrece \u201cWhy we sing\u201d grabada estos d\u00edas desde sus casas\">El Coro Meridianos nos ofrece \u201cWhy we sing\u201d grabada estos d\u00edas desde sus casas<\/a><\/h1><aside class=\"meta-row row-3\"><div class=\"meta-col col-60\"><ul class=\"entry-meta\"><li class=\"post-time\"><time class=\"entry-date updated\" datetime=\"2020-05-05T13:43:06+01:00\">mayo 5, 2020<\/time><\/li><li class=\"post-author schema-only\"><span class=\"screen-reader-text\">Author<\/span><a href=\"https:\/\/coro.meridianos.org\/index.php\/author\/rubenpropulsa-com\/\"><span class=\"vcard author ruben@propulsa.com\"><span class=\"fn\">ruben@propulsa.com<\/span><\/span><\/a><\/li><\/ul><\/div><div class=\"meta-col col-40 text-right\"><span class=\"post-views\">2085<\/span><div class=\"wppm-sharing-container\"><a class=\"share-trigger\" title=\"Share this post\"><span class=\"screen-reader-text\">Share this post<\/span><\/a><ul class=\"wppm-sharing\"><li class=\"wppm-twitter\"><a href=\"https:\/\/twitter.com\/home?status=https%3A%2F%2Fcoro.meridianos.org%2Findex.php%2Fel-coro-meridianos-nos-ofrece-why-we-sing-grabada-estos-dias-desde-sus-casas%2F\" target=\"_blank\" title=\"Share on twitter\">Twitter<\/a><\/li><li class=\"wppm-facebook\"><a href=\"https:\/\/www.facebook.com\/sharer\/sharer.php?u=https%3A%2F%2Fcoro.meridianos.org%2Findex.php%2Fel-coro-meridianos-nos-ofrece-why-we-sing-grabada-estos-dias-desde-sus-casas%2F\" target=\"_blank\" title=\"Share on facebook\">Facebook<\/a><\/li><li class=\"wppm-linkedin\"><a href=\"https:\/\/www.linkedin.com\/shareArticle?mini=true&amp;url=https%3A%2F%2Fcoro.meridianos.org%2Findex.php%2Fel-coro-meridianos-nos-ofrece-why-we-sing-grabada-estos-dias-desde-sus-casas%2F\" target=\"_blank\" title=\"Share on LinkedIn\">LinkedIn<\/a><\/li><li class=\"wppm-pinterest\"><a href=\"https:\/\/pinterest.com\/pin\/create\/button\/?url=https%3A%2F%2Fcoro.meridianos.org%2Findex.php%2Fel-coro-meridianos-nos-ofrece-why-we-sing-grabada-estos-dias-desde-sus-casas%2F&amp;media=https:\/\/coro.meridianos.org\/wp-content\/uploads\/2020\/05\/foto01.jpg\" target=\"_blank\" title=\"Pin it\">Pinterest<\/a><\/li><li class=\"wppm-email no-popup\"><a href=\"mailto:someone@example.com?Subject=El+Coro+Meridianos+nos+ofrece+%E2%80%9CWhy+we+sing%E2%80%9D+grabada+estos+d%C3%ADas+desde+sus+casas\" title=\"Email this\">Email<\/a><\/li><\/ul><\/div><\/div><\/aside><\/div><\/div><\/div><\/li><li class=\"wppm-post 6277 post-6277 post type-post status-publish format-standard has-post-thumbnail hentry category-noticias-prensa content-bl overlay-scrim show-always img-none tile-1x1\"><div class=\"tile-wrap\"><div class=\"post-img\"><a href=\"https:\/\/coro.meridianos.org\/index.php\/meridianos-colabora-con-la-hermandad-de-los-gitanos-dando-apoyo-a-las-familias-mas-vulnerables-de-el-poligono-sur\/\" title=\"Meridianos colabora con la Hermandad de los Gitanos dando apoyo a las familias m\u00e1s vulnerables&hellip;\"><img class=\"wppm-img\" src=\"https:\/\/coro.meridianos.org\/wp-content\/uploads\/bfi_thumb\/fgfzsTQQ5aAEOoLI30vAw-1024x768-1-6vil0k341c74ota2ltrz5bj6stqrd6cpi3kmdzi0o6k.jpg\" alt=\"Meridianos colabora con la Hermandad de los Gitanos dando apoyo a las familias m\u00e1s vulnerables&hellip;\" title=\"Meridianos colabora con la Hermandad de los Gitanos dando apoyo a las familias m\u00e1s vulnerables&hellip;\"\/><\/a><\/div><div class=\"tile-content\"><div class=\"tile-overlay\"><aside class=\"meta-row cat-row\"><div class=\"meta-col\"><ul class=\"post-cats\"><li><a class=\"cat-noticias-prensa\" href=\"https:\/\/coro.meridianos.org\/index.php\/category\/noticias-prensa\/\">Noticias<\/a><\/li><\/ul><\/div><\/aside><h1 class=\"entry-title fw-400\"><a href=\"https:\/\/coro.meridianos.org\/index.php\/meridianos-colabora-con-la-hermandad-de-los-gitanos-dando-apoyo-a-las-familias-mas-vulnerables-de-el-poligono-sur\/\" title=\"Meridianos colabora con la Hermandad de los Gitanos dando apoyo a las familias m\u00e1s vulnerables&hellip;\">Meridianos colabora con la Hermandad de los Gitanos dando apoyo a las familias m\u00e1s vulnerables&hellip;<\/a><\/h1><aside class=\"meta-row row-3\"><div class=\"meta-col col-60\"><ul class=\"entry-meta\"><li class=\"post-time\"><time class=\"entry-date updated\" datetime=\"2020-04-21T19:43:06+01:00\">abril 21, 2020<\/time><\/li><li class=\"post-author schema-only\"><span class=\"screen-reader-text\">Author<\/span><a href=\"https:\/\/coro.meridianos.org\/index.php\/author\/rubenpropulsa-com\/\"><span class=\"vcard author ruben@propulsa.com\"><span class=\"fn\">ruben@propulsa.com<\/span><\/span><\/a><\/li><\/ul><\/div><div class=\"meta-col col-40 text-right\"><span class=\"post-views\">926<\/span><div class=\"wppm-sharing-container\"><a class=\"share-trigger\" title=\"Share this post\"><span class=\"screen-reader-text\">Share this post<\/span><\/a><ul class=\"wppm-sharing\"><li class=\"wppm-twitter\"><a href=\"https:\/\/twitter.com\/home?status=https%3A%2F%2Fcoro.meridianos.org%2Findex.php%2Fmeridianos-colabora-con-la-hermandad-de-los-gitanos-dando-apoyo-a-las-familias-mas-vulnerables-de-el-poligono-sur%2F\" target=\"_blank\" title=\"Share on twitter\">Twitter<\/a><\/li><li class=\"wppm-facebook\"><a href=\"https:\/\/www.facebook.com\/sharer\/sharer.php?u=https%3A%2F%2Fcoro.meridianos.org%2Findex.php%2Fmeridianos-colabora-con-la-hermandad-de-los-gitanos-dando-apoyo-a-las-familias-mas-vulnerables-de-el-poligono-sur%2F\" target=\"_blank\" title=\"Share on facebook\">Facebook<\/a><\/li><li class=\"wppm-linkedin\"><a href=\"https:\/\/www.linkedin.com\/shareArticle?mini=true&amp;url=https%3A%2F%2Fcoro.meridianos.org%2Findex.php%2Fmeridianos-colabora-con-la-hermandad-de-los-gitanos-dando-apoyo-a-las-familias-mas-vulnerables-de-el-poligono-sur%2F\" target=\"_blank\" title=\"Share on LinkedIn\">LinkedIn<\/a><\/li><li class=\"wppm-pinterest\"><a href=\"https:\/\/pinterest.com\/pin\/create\/button\/?url=https%3A%2F%2Fcoro.meridianos.org%2Findex.php%2Fmeridianos-colabora-con-la-hermandad-de-los-gitanos-dando-apoyo-a-las-familias-mas-vulnerables-de-el-poligono-sur%2F&amp;media=https:\/\/coro.meridianos.org\/wp-content\/uploads\/2020\/04\/fgfzsTQQ5aAEOoLI30vAw-1024x768-1.jpg\" target=\"_blank\" title=\"Pin it\">Pinterest<\/a><\/li><li class=\"wppm-email no-popup\"><a href=\"mailto:someone@example.com?Subject=Meridianos+colabora+con+la+Hermandad+de+los+Gitanos+dando+apoyo+a+las+familias+m%C3%A1s+vulnerables+de+El+Pol%C3%ADgono+Sur\" title=\"Email this\">Email<\/a><\/li><\/ul><\/div><\/div><\/aside><\/div><\/div><\/div><\/li><li class=\"wppm-post 6270 post-6270 post type-post status-publish format-standard has-post-thumbnail hentry category-noticias-prensa content-bl overlay-scrim show-always img-none tile-1x1\"><div class=\"tile-wrap\"><div class=\"post-img\"><a href=\"https:\/\/coro.meridianos.org\/index.php\/una-historia-de-esperanza-desde-shanghai-a-sevilla\/\" title=\"Una historia de esperanza, desde Shanghai a Sevilla\"><img class=\"wppm-img\" src=\"https:\/\/coro.meridianos.org\/wp-content\/uploads\/bfi_thumb\/PHOTO-2019-06-29-13-48-32-6vil0k341c74ota2ltrz5bj6stqrd6cpi3kmdzi0o6k.jpg\" alt=\"Una historia de esperanza, desde Shanghai a Sevilla\" title=\"Una historia de esperanza, desde Shanghai a Sevilla\"\/><\/a><\/div><div class=\"tile-content\"><div class=\"tile-overlay\"><aside class=\"meta-row cat-row\"><div class=\"meta-col\"><ul class=\"post-cats\"><li><a class=\"cat-noticias-prensa\" href=\"https:\/\/coro.meridianos.org\/index.php\/category\/noticias-prensa\/\">Noticias<\/a><\/li><\/ul><\/div><\/aside><h1 class=\"entry-title fw-400\"><a href=\"https:\/\/coro.meridianos.org\/index.php\/una-historia-de-esperanza-desde-shanghai-a-sevilla\/\" title=\"Una historia de esperanza, desde Shanghai a Sevilla\">Una historia de esperanza, desde Shanghai a Sevilla<\/a><\/h1><aside class=\"meta-row row-3\"><div class=\"meta-col col-60\"><ul class=\"entry-meta\"><li class=\"post-time\"><time class=\"entry-date updated\" datetime=\"2020-04-06T19:43:06+01:00\">abril 6, 2020<\/time><\/li><li class=\"post-author schema-only\"><span class=\"screen-reader-text\">Author<\/span><a href=\"https:\/\/coro.meridianos.org\/index.php\/author\/rubenpropulsa-com\/\"><span class=\"vcard author ruben@propulsa.com\"><span class=\"fn\">ruben@propulsa.com<\/span><\/span><\/a><\/li><\/ul><\/div><div class=\"meta-col col-40 text-right\"><span class=\"post-views\">942<\/span><div class=\"wppm-sharing-container\"><a class=\"share-trigger\" title=\"Share this post\"><span class=\"screen-reader-text\">Share this post<\/span><\/a><ul class=\"wppm-sharing\"><li class=\"wppm-twitter\"><a href=\"https:\/\/twitter.com\/home?status=https%3A%2F%2Fcoro.meridianos.org%2Findex.php%2Funa-historia-de-esperanza-desde-shanghai-a-sevilla%2F\" target=\"_blank\" title=\"Share on twitter\">Twitter<\/a><\/li><li class=\"wppm-facebook\"><a href=\"https:\/\/www.facebook.com\/sharer\/sharer.php?u=https%3A%2F%2Fcoro.meridianos.org%2Findex.php%2Funa-historia-de-esperanza-desde-shanghai-a-sevilla%2F\" target=\"_blank\" title=\"Share on facebook\">Facebook<\/a><\/li><li class=\"wppm-linkedin\"><a href=\"https:\/\/www.linkedin.com\/shareArticle?mini=true&amp;url=https%3A%2F%2Fcoro.meridianos.org%2Findex.php%2Funa-historia-de-esperanza-desde-shanghai-a-sevilla%2F\" target=\"_blank\" title=\"Share on LinkedIn\">LinkedIn<\/a><\/li><li class=\"wppm-pinterest\"><a href=\"https:\/\/pinterest.com\/pin\/create\/button\/?url=https%3A%2F%2Fcoro.meridianos.org%2Findex.php%2Funa-historia-de-esperanza-desde-shanghai-a-sevilla%2F&amp;media=https:\/\/coro.meridianos.org\/wp-content\/uploads\/2020\/02\/PHOTO-2019-06-29-13-48-32.jpg\" target=\"_blank\" title=\"Pin it\">Pinterest<\/a><\/li><li class=\"wppm-email no-popup\"><a href=\"mailto:someone@example.com?Subject=Una+historia+de+esperanza%2C+desde+Shanghai+a+Sevilla\" title=\"Email this\">Email<\/a><\/li><\/ul><\/div><\/div><\/aside><\/div><\/div><\/div><\/li><li class=\"wppm-post 5603 post-5603 post type-post status-publish format-standard has-post-thumbnail hentry category-noticias-prensa content-bl overlay-scrim show-always img-none tile-1x1\"><div class=\"tile-wrap\"><div class=\"post-img\"><a href=\"https:\/\/coro.meridianos.org\/index.php\/visita-del-director-del-teatro-de-la-maestranza-y-del-director-del-coro-del-teatro-maestranza\/\" title=\"Visita del director del Teatro de la Maestranza y del director del Coro del Teatro&hellip;\"><img class=\"wppm-img\" src=\"https:\/\/coro.meridianos.org\/wp-content\/uploads\/bfi_thumb\/fullsizeoutput_1a48-scaled-6vil0k341c74ota2ltrz5bj6stqrd6cpi3kmdzi0o6k.jpeg\" alt=\"Visita del director del Teatro de la Maestranza y del director del Coro del Teatro&hellip;\" title=\"Visita del director del Teatro de la Maestranza y del director del Coro del Teatro&hellip;\"\/><\/a><\/div><div class=\"tile-content\"><div class=\"tile-overlay\"><aside class=\"meta-row cat-row\"><div class=\"meta-col\"><ul class=\"post-cats\"><li><a class=\"cat-noticias-prensa\" href=\"https:\/\/coro.meridianos.org\/index.php\/category\/noticias-prensa\/\">Noticias<\/a><\/li><\/ul><\/div><\/aside><h1 class=\"entry-title fw-400\"><a href=\"https:\/\/coro.meridianos.org\/index.php\/visita-del-director-del-teatro-de-la-maestranza-y-del-director-del-coro-del-teatro-maestranza\/\" title=\"Visita del director del Teatro de la Maestranza y del director del Coro del Teatro&hellip;\">Visita del director del Teatro de la Maestranza y del director del Coro del Teatro&hellip;<\/a><\/h1><aside class=\"meta-row row-3\"><div class=\"meta-col col-60\"><ul class=\"entry-meta\"><li class=\"post-time\"><time class=\"entry-date updated\" datetime=\"2020-02-25T19:43:06+01:00\">febrero 25, 2020<\/time><\/li><li class=\"post-author schema-only\"><span class=\"screen-reader-text\">Author<\/span><a href=\"https:\/\/coro.meridianos.org\/index.php\/author\/admincoro\/\"><span class=\"vcard author Alberto\"><span class=\"fn\">Alberto<\/span><\/span><\/a><\/li><\/ul><\/div><div class=\"meta-col col-40 text-right\"><span class=\"post-views\">928<\/span><div class=\"wppm-sharing-container\"><a class=\"share-trigger\" title=\"Share this post\"><span class=\"screen-reader-text\">Share this post<\/span><\/a><ul class=\"wppm-sharing\"><li class=\"wppm-twitter\"><a href=\"https:\/\/twitter.com\/home?status=https%3A%2F%2Fcoro.meridianos.org%2Findex.php%2Fvisita-del-director-del-teatro-de-la-maestranza-y-del-director-del-coro-del-teatro-maestranza%2F\" target=\"_blank\" title=\"Share on twitter\">Twitter<\/a><\/li><li class=\"wppm-facebook\"><a href=\"https:\/\/www.facebook.com\/sharer\/sharer.php?u=https%3A%2F%2Fcoro.meridianos.org%2Findex.php%2Fvisita-del-director-del-teatro-de-la-maestranza-y-del-director-del-coro-del-teatro-maestranza%2F\" target=\"_blank\" title=\"Share on facebook\">Facebook<\/a><\/li><li class=\"wppm-linkedin\"><a href=\"https:\/\/www.linkedin.com\/shareArticle?mini=true&amp;url=https%3A%2F%2Fcoro.meridianos.org%2Findex.php%2Fvisita-del-director-del-teatro-de-la-maestranza-y-del-director-del-coro-del-teatro-maestranza%2F\" target=\"_blank\" title=\"Share on LinkedIn\">LinkedIn<\/a><\/li><li class=\"wppm-pinterest\"><a href=\"https:\/\/pinterest.com\/pin\/create\/button\/?url=https%3A%2F%2Fcoro.meridianos.org%2Findex.php%2Fvisita-del-director-del-teatro-de-la-maestranza-y-del-director-del-coro-del-teatro-maestranza%2F&amp;media=https:\/\/coro.meridianos.org\/wp-content\/uploads\/2020\/03\/fullsizeoutput_1a48-scaled.jpeg\" target=\"_blank\" title=\"Pin it\">Pinterest<\/a><\/li><li class=\"wppm-email no-popup\"><a href=\"mailto:someone@example.com?Subject=Visita+del+director+del+Teatro+de+la+Maestranza+y+del+director+del+Coro+del+Teatro+Maestranza.\" title=\"Email this\">Email<\/a><\/li><\/ul><\/div><\/div><\/aside><\/div><\/div><\/div><\/li><\/ul><\/div><\/div><\/div><div class=\"wpb_column vc_column_container vc_col-sm-12\"><div class=\"vc_column-inner\"><div class=\"wpb_wrapper\"><div class=\"vc_row wpb_row vc_inner vc_row-fluid\"><div class=\"wpb_column vc_column_container vc_col-sm-4\"><div class=\"vc_column-inner\"><div class=\"wpb_wrapper\"><\/div><\/div><\/div><div class=\"wpb_column vc_column_container vc_col-sm-4\"><div class=\"vc_column-inner\"><div class=\"wpb_wrapper\"><div class=\"vc_empty_space\"   style=\"height: 20px\"><span class=\"vc_empty_space_inner\"><\/span><\/div><a href=\"https:\/\/coro.meridianos.org\/index.php\/noticias\/\" title=\"Noticias\" class=\"nk-btn  text-white nk-btn-color-dark-1 nk-btn-block \"> <span class=\"icon far fa-file-alt\"><\/span> <span>Ver todas las noticias<\/span><\/a><\/div><\/div><\/div><div class=\"wpb_column vc_column_container vc_col-sm-4\"><div class=\"vc_column-inner\"><div class=\"wpb_wrapper\"><\/div><\/div><\/div><\/div><div class=\"vc_empty_space\"   style=\"height: 32px\"><span class=\"vc_empty_space_inner\"><\/span><\/div><\/div><\/div><\/div><\/div><div data-vc-full-width=\"true\" data-vc-full-width-init=\"false\" class=\"vc_row wpb_row vc_row-fluid vc_custom_1588673775711 vc_row-has-fill\"><div class=\"wpb_column vc_column_container vc_col-sm-12\"><div class=\"vc_column-inner\"><div class=\"wpb_wrapper\"><div class=\"vc_empty_space\"   style=\"height: 40px\"><span class=\"vc_empty_space_inner\"><\/span><\/div><h1 class=' text-center '><\/p>\n<p style=\"color: #1e979f; text-align: center;\">V\u00eddeos <strong>destacados<\/strong><\/p>\n<p><\/h1>\n\t<div class=\"wpb_text_column wpb_content_element \" >\n\t\t<div class=\"wpb_wrapper\">\n\t\t\t<h6 style=\"text-align: center;\">Desde el <strong>Coro Meridianos<\/strong> queremos traeros los mejores momentos de nuestras Convivencias, Jornadas y Conciertos.<\/h6>\n\n\t\t<\/div>\n\t<\/div>\n<div class=\"wppm wppm-grid wppm-card columns-3 clearfix s1 gutter-24 wppm_custom_css_2\"><article id=\"post-6285\" class=\"wppm-post 6285 post-6285 post type-post status-publish format-standard has-post-thumbnail hentry category-noticias-prensa category-videos-destacados first-grid\"><div class=\"wppm-card-wrap\"><div class=\"post-img\"><a href=\"https:\/\/coro.meridianos.org\/index.php\/el-coro-meridianos-nos-ofrece-why-we-sing-grabada-estos-dias-desde-sus-casas\/\" title=\"El Coro Meridianos nos ofrece \u201cWhy we sing\u201d grabada estos d\u00edas desde&hellip;\"><img class=\"wppm-img\" src=\"https:\/\/coro.meridianos.org\/wp-content\/uploads\/bfi_thumb\/foto01-6vil0k3311bb896zhsq9qwghotbl3e2euyw39tsre4w.jpg\" alt=\"El Coro Meridianos nos ofrece \u201cWhy we sing\u201d grabada estos d\u00edas desde&hellip;\" title=\"El Coro Meridianos nos ofrece \u201cWhy we sing\u201d grabada estos d\u00edas desde&hellip;\"\/><\/a><\/div><div class=\"wppm-card-content\"><h2 class=\"entry-title fs-18 fw-400\"><a href=\"https:\/\/coro.meridianos.org\/index.php\/el-coro-meridianos-nos-ofrece-why-we-sing-grabada-estos-dias-desde-sus-casas\/\" title=\"El Coro Meridianos nos ofrece \u201cWhy we sing\u201d grabada estos d\u00edas desde&hellip;\">El Coro Meridianos nos ofrece \u201cWhy we sing\u201d grabada estos d\u00edas desde&hellip;<\/a><\/h2><aside class=\"meta-row row-3\"><div class=\"meta-col\"><ul class=\"entry-meta\"><li class=\"post-time\"><time class=\"entry-date updated\" datetime=\"2020-05-05T13:43:06+01:00\">mayo 5, 2020<\/time><\/li><li class=\"post-author schema-only\"><span class=\"screen-reader-text\">Author<\/span><a href=\"https:\/\/coro.meridianos.org\/index.php\/author\/rubenpropulsa-com\/\"><span class=\"vcard author ruben@propulsa.com\"><span class=\"fn\">ruben@propulsa.com<\/span><\/span><\/a><\/li><\/ul><\/div><\/aside><\/div><\/div><\/article><article id=\"post-5012\" class=\"wppm-post 5012 post-5012 post type-post status-publish format-standard has-post-thumbnail hentry category-videos category-videos-destacados\"><div class=\"wppm-card-wrap\"><div class=\"post-img\"><a href=\"https:\/\/coro.meridianos.org\/index.php\/reportaje-canal-sur-gala-de-turismo-de-sevilla\/\" title=\"Reportaje Canal Sur Gala de Turismo de Sevilla\"><img class=\"wppm-img\" src=\"https:\/\/coro.meridianos.org\/wp-content\/uploads\/bfi_thumb\/rsz_img-20170927-wa0016-6vil0jton4yyd13d5bm7h7iv2vgvf93djllkf115bv4.jpg\" alt=\"Reportaje Canal Sur Gala de Turismo de Sevilla\" title=\"Reportaje Canal Sur Gala de Turismo de Sevilla\"\/><\/a><\/div><div class=\"wppm-card-content\"><h2 class=\"entry-title fs-18 fw-400\"><a href=\"https:\/\/coro.meridianos.org\/index.php\/reportaje-canal-sur-gala-de-turismo-de-sevilla\/\" title=\"Reportaje Canal Sur Gala de Turismo de Sevilla\">Reportaje Canal Sur Gala de Turismo de Sevilla<\/a><\/h2><aside class=\"meta-row row-3\"><div class=\"meta-col\"><ul class=\"entry-meta\"><li class=\"post-time\"><time class=\"entry-date updated\" datetime=\"2017-09-29T17:28:08+01:00\">septiembre 29, 2017<\/time><\/li><li class=\"post-author schema-only\"><span class=\"screen-reader-text\">Author<\/span><a href=\"https:\/\/coro.meridianos.org\/index.php\/author\/admincoro\/\"><span class=\"vcard author Alberto\"><span class=\"fn\">Alberto<\/span><\/span><\/a><\/li><\/ul><\/div><\/aside><\/div><\/div><\/article><article id=\"post-4963\" class=\"wppm-post 4963 post-4963 post type-post status-publish format-standard has-post-thumbnail hentry category-videos category-videos-destacados\"><div class=\"wppm-card-wrap\"><div class=\"post-img\"><a href=\"https:\/\/coro.meridianos.org\/index.php\/convivencia-con-orquesta-de-shanghai\/\" title=\"Convivencia con Orquesta de Shanghai\"><img class=\"wppm-img\" src=\"https:\/\/coro.meridianos.org\/wp-content\/uploads\/bfi_thumb\/rsz_unidos-6vil0jton4yyd13d5bm7h7iv2vgvf93djllkf115bv4.png\" alt=\"Convivencia con Orquesta de Shanghai\" title=\"Convivencia con Orquesta de Shanghai\"\/><\/a><\/div><div class=\"wppm-card-content\"><h2 class=\"entry-title fs-18 fw-400\"><a href=\"https:\/\/coro.meridianos.org\/index.php\/convivencia-con-orquesta-de-shanghai\/\" title=\"Convivencia con Orquesta de Shanghai\">Convivencia con Orquesta de Shanghai<\/a><\/h2><aside class=\"meta-row row-3\"><div class=\"meta-col\"><ul class=\"entry-meta\"><li class=\"post-time\"><time class=\"entry-date updated\" datetime=\"2017-09-07T18:55:05+01:00\">septiembre 7, 2017<\/time><\/li><li class=\"post-author schema-only\"><span class=\"screen-reader-text\">Author<\/span><a href=\"https:\/\/coro.meridianos.org\/index.php\/author\/admincoro\/\"><span class=\"vcard author Alberto\"><span class=\"fn\">Alberto<\/span><\/span><\/a><\/li><\/ul><\/div><\/aside><\/div><\/div><\/article><\/div><div class=\"vc_row wpb_row vc_inner vc_row-fluid\"><div class=\"wpb_column vc_column_container vc_col-sm-4\"><div class=\"vc_column-inner\"><div class=\"wpb_wrapper\"><\/div><\/div><\/div><div class=\"wpb_column vc_column_container vc_col-sm-4\"><div class=\"vc_column-inner\"><div class=\"wpb_wrapper\"><a href=\"https:\/\/coro.meridianos.org\/index.php\/videos\/\" title=\"Noticias\" class=\"nk-btn  text-white nk-btn-color-dark-1 nk-btn-block \"> <span class=\"icon ion-ios-videocam\"><\/span> <span>Ver todos los v\u00eddeos<\/span><\/a><\/div><\/div><\/div><div class=\"wpb_column vc_column_container vc_col-sm-4\"><div class=\"vc_column-inner\"><div class=\"wpb_wrapper\"><\/div><\/div><\/div><\/div><div class=\"vc_empty_space\"   style=\"height: 94px\"><span class=\"vc_empty_space_inner\"><\/span><\/div><\/div><\/div><\/div><\/div><div class=\"vc_row-full-width vc_clearfix\"><\/div><div class=\"nk-awb  nk-awb-after-vc_row \" ><div class=\"nk-awb-wrap\" data-awb-type=\"image\" data-awb-image-background-size=\"cover\" data-awb-image-background-position=\"50% 50%\"><div  class=\"nk-awb-inner\"><img width=\"1888\" height=\"800\" src=\"https:\/\/coro.meridianos.org\/wp-content\/uploads\/2020\/05\/fondoguitar1-1.jpg\" class=\"jarallax-img\" alt=\"\" loading=\"lazy\" style=\"object-position: 50% 50%;\" srcset=\"https:\/\/coro.meridianos.org\/wp-content\/uploads\/2020\/05\/fondoguitar1-1.jpg 1888w, https:\/\/coro.meridianos.org\/wp-content\/uploads\/2020\/05\/fondoguitar1-1-300x127.jpg 300w, https:\/\/coro.meridianos.org\/wp-content\/uploads\/2020\/05\/fondoguitar1-1-1024x434.jpg 1024w, https:\/\/coro.meridianos.org\/wp-content\/uploads\/2020\/05\/fondoguitar1-1-768x325.jpg 768w, https:\/\/coro.meridianos.org\/wp-content\/uploads\/2020\/05\/fondoguitar1-1-1536x651.jpg 1536w, https:\/\/coro.meridianos.org\/wp-content\/uploads\/2020\/05\/fondoguitar1-1-500x212.jpg 500w, https:\/\/coro.meridianos.org\/wp-content\/uploads\/2020\/05\/fondoguitar1-1-800x339.jpg 800w, https:\/\/coro.meridianos.org\/wp-content\/uploads\/2020\/05\/fondoguitar1-1-1280x542.jpg 1280w, https:\/\/coro.meridianos.org\/wp-content\/uploads\/2020\/05\/fondoguitar1-1-48x20.jpg 48w, https:\/\/coro.meridianos.org\/wp-content\/uploads\/2020\/05\/fondoguitar1-1-90x38.jpg 90w, https:\/\/coro.meridianos.org\/wp-content\/uploads\/2020\/05\/fondoguitar1-1-150x64.jpg 150w, https:\/\/coro.meridianos.org\/wp-content\/uploads\/2020\/05\/fondoguitar1-1-200x85.jpg 200w, https:\/\/coro.meridianos.org\/wp-content\/uploads\/2020\/05\/fondoguitar1-1-400x169.jpg 400w, https:\/\/coro.meridianos.org\/wp-content\/uploads\/2020\/05\/fondoguitar1-1-600x254.jpg 600w, https:\/\/coro.meridianos.org\/wp-content\/uploads\/2020\/05\/fondoguitar1-1-1400x593.jpg 1400w, https:\/\/coro.meridianos.org\/wp-content\/uploads\/2020\/05\/fondoguitar1-1-1440x610.jpg 1440w, https:\/\/coro.meridianos.org\/wp-content\/uploads\/2020\/05\/fondoguitar1-1-1600x678.jpg 1600w\" sizes=\"(max-width: 1888px) 100vw, 1888px\" \/><\/div><\/div><\/div><\/section><div class=\"vc_row-full-width vc_clearfix\"><\/div>\n","protected":false},"excerpt":{"rendered":"Im\u00e1genes de la convivencia con la Orquesta Joven de Shanghai y el concierto junto a Dorantes","protected":false},"author":5,"featured_media":0,"parent":0,"menu_order":0,"comment_status":"closed","ping_status":"closed","template":"","meta":[],"_links":{"self":[{"href":"https:\/\/coro.meridianos.org\/index.php\/wp-json\/wp\/v2\/pages\/4479"}],"collection":[{"href":"https:\/\/coro.meridianos.org\/index.php\/wp-json\/wp\/v2\/pages"}],"about":[{"href":"https:\/\/coro.meridianos.org\/index.php\/wp-json\/wp\/v2\/types\/page"}],"author":[{"embeddable":true,"href":"https:\/\/coro.meridianos.org\/index.php\/wp-json\/wp\/v2\/users\/5"}],"replies":[{"embeddable":true,"href":"https:\/\/coro.meridianos.org\/index.php\/wp-json\/wp\/v2\/comments?post=4479"}],"version-history":[{"count":172,"href":"https:\/\/coro.meridianos.org\/index.php\/wp-json\/wp\/v2\/pages\/4479\/revisions"}],"predecessor-version":[{"id":6421,"href":"https:\/\/coro.meridianos.org\/index.php\/wp-json\/wp\/v2\/pages\/4479\/revisions\/6421"}],"wp:attachment":[{"href":"https:\/\/coro.meridianos.org\/index.php\/wp-json\/wp\/v2\/media?parent=4479"}],"curies":[{"name":"wp","href":"https:\/\/api.w.org\/{rel}","templated":true}]}}