{"id":4382,"date":"2016-09-28T14:50:31","date_gmt":"2016-09-28T14:50:31","guid":{"rendered":"https:\/\/coro.meridianos.org\/index.php\/events-calendar\/"},"modified":"2020-10-06T16:00:29","modified_gmt":"2020-10-06T15:00:29","slug":"events-calendar","status":"publish","type":"page","link":"https:\/\/coro.meridianos.org\/index.php\/events-calendar\/","title":{"rendered":"Events Calendar"},"content":{"rendered":"<div class=\"vc_row wpb_row vc_row-fluid vc_custom_1587119683965 vc_row-has-fill vc_column-gap-30 vc_row-o-equal-height vc_row-flex\"><div class=\"wpb_column vc_column_container vc_col-sm-8\"><div class=\"vc_column-inner\"><div class=\"wpb_wrapper\"><div class=\"vc_empty_space\"   style=\"height: 50px\"><span class=\"vc_empty_space_inner\"><\/span><\/div>\n\t<div class=\"wpb_text_column wpb_content_element \" >\n\t\t<div class=\"wpb_wrapper\">\n\t\t\t<h3 style=\"text-align: center;\"><span style=\"color: #ff0000;\">Por causas del COVID-19 este curso compaginaremos la formaci\u00f3n presencial en grupos reducidos, garantizando todas las medidas de protecci\u00f3n, con la formaci\u00f3n on-line.<\/span><\/h3>\n\n\t\t<\/div>\n\t<\/div>\n<div id=\"calendarize_0\" class=\"rhcalendar  not-widget rhc_holder\" data-rhc_ui_theme=\"\" data-rhc_options=\"{&quot;editable&quot;:false,&quot;mode&quot;:&quot;view&quot;,&quot;modes&quot;:{&quot;view&quot;:{&quot;label&quot;:&quot;View&quot;,&quot;options&quot;:{&quot;weekNumberTitle&quot;:&quot;W&quot;,&quot;weekNumbers&quot;:false,&quot;loadingOverlay&quot;:&quot;0&quot;,&quot;weekMode&quot;:&quot;fixed&quot;,&quot;header&quot;:{&quot;left&quot;:&quot;rhc_search prevYear,prev,next,nextYear today&quot;,&quot;center&quot;:&quot;title&quot;,&quot;right&quot;:&quot;month,agendaWeek,agendaDay,rhc_event&quot;},&quot;events_source&quot;:&quot;https:\\\/\\\/coro.meridianos.org\\\/?rhc_action=get_calendar_events&quot;,&quot;events_source_query&quot;:&quot;&amp;post_type[]=events&quot;,&quot;defaultView&quot;:&quot;month&quot;,&quot;aspectRatio&quot;:&quot;1.35&quot;,&quot;weekends&quot;:true,&quot;allDayDefault&quot;:true,&quot;titleFormat&quot;:{&quot;month&quot;:&quot;MMMM yyyy&quot;,&quot;week&quot;:&quot;MMM d[ yyyy]{ \\u2018\\u2014\\u2019[ MMM] d yyyy}&quot;,&quot;day&quot;:&quot;dddd, MMM d, yyyy&quot;},&quot;mobile_month_cell_num_format&quot;:&quot;d&quot;,&quot;columnFormat&quot;:{&quot;month&quot;:&quot;ddd&quot;,&quot;week&quot;:&quot;ddd M\\\/d&quot;,&quot;day&quot;:&quot;dddd M\\\/d&quot;},&quot;timeFormat&quot;:{&quot;month&quot;:&quot;h(:mm)t&quot;,&quot;week&quot;:&quot;h:mm{ - h:mm}&quot;,&quot;day&quot;:&quot;h:mm{ - h:mm}&quot;,&quot;&quot;:&quot;h(:mm)t&quot;},&quot;tooltip&quot;:{&quot;startDate&quot;:&quot;ddd MMMM d, yyyy h:mm TT&quot;,&quot;startDateAllDay&quot;:&quot;ddd MMMM d, yyyy&quot;,&quot;endDate&quot;:&quot;ddd MMMM d, yyyy h:mm TT&quot;,&quot;endDateAllDay&quot;:&quot;ddd MMMM d, yyyy&quot;,&quot;target&quot;:&quot;_blank&quot;,&quot;disableTitleLink&quot;:&quot;0&quot;,&quot;enableCustom&quot;:true,&quot;taxonomy_links&quot;:true,&quot;image&quot;:1,&quot;excerpt&quot;:1},&quot;tooltip_on_hover&quot;:&quot;0&quot;,&quot;tooltip_close_on_title_leave&quot;:&quot;0&quot;,&quot;tooltip_close_on_outside_click&quot;:&quot;0&quot;,&quot;axisFormat&quot;:&quot;h(:mm)tt&quot;,&quot;isRTL&quot;:false,&quot;firstDay&quot;:0,&quot;monthNames&quot;:[&quot;Enero&quot;,&quot;Febrero&quot;,&quot;Marzo&quot;,&quot;Abril&quot;,&quot;Mayo&quot;,&quot;Junio&quot;,&quot;Julio&quot;,&quot;Agosto&quot;,&quot;Septiembre&quot;,&quot;Octubre&quot;,&quot;Noviembre&quot;,&quot;Diciembre&quot;],&quot;monthNamesShort&quot;:[&quot;Ene&quot;,&quot;Feb&quot;,&quot;Mar&quot;,&quot;Abr&quot;,&quot;May&quot;,&quot;Jun&quot;,&quot;Jul&quot;,&quot;Ago&quot;,&quot;Sep&quot;,&quot;Oct&quot;,&quot;Nov&quot;,&quot;Dic&quot;],&quot;dayNames&quot;:[&quot;Domingo&quot;,&quot;Lunes&quot;,&quot;Martes&quot;,&quot;Mi\\u00e9rcoles&quot;,&quot;Jueves&quot;,&quot;Viernes&quot;,&quot;S\\u00e1bado&quot;],&quot;dayNamesShort&quot;:[&quot;Dom&quot;,&quot;Lun&quot;,&quot;Mar&quot;,&quot;Mie&quot;,&quot;Jue&quot;,&quot;Vie&quot;,&quot;Sab&quot;],&quot;buttonText&quot;:{&quot;today&quot;:&quot;hoy&quot;,&quot;month&quot;:&quot;mes&quot;,&quot;week&quot;:&quot;semana&quot;,&quot;day&quot;:&quot;d\\u00eda&quot;,&quot;prev&quot;:&quot;&quot;,&quot;next&quot;:&quot;&quot;,&quot;prevYear&quot;:&quot;&quot;,&quot;nextYear&quot;:&quot;&quot;,&quot;rhc_search&quot;:&quot;Calendario&quot;,&quot;rhc_event&quot;:&quot;evento&quot;,&quot;rhc_detail&quot;:&quot;detalle&quot;,&quot;rhc_gmap&quot;:&quot;map&quot;,&quot;rhc_filter&quot;:&quot;&amp;nbsp;&quot;},&quot;buttonIcons&quot;:{&quot;prev&quot;:&quot;circle-triangle-w&quot;,&quot;next&quot;:&quot;circle-triangle-e&quot;},&quot;transition&quot;:{&quot;notransition&quot;:&quot;0&quot;,&quot;easing&quot;:&quot;easeInOutExpo&quot;,&quot;duration&quot;:&quot;600&quot;,&quot;direction&quot;:&quot;horizontal&quot;},&quot;eventList&quot;:{&quot;TitleFormat&quot;:&quot;MMMM yyyy&quot;,&quot;DateFormat&quot;:&quot;dddd MMMM d, yyyy&quot;,&quot;StartDateFormat&quot;:&quot;dddd MMMM d, yyyy. h:mmtt&quot;,&quot;StartDateFormatAllDay&quot;:&quot;dddd MMMM d, yyyy.&quot;,&quot;ShowHeader&quot;:&quot;1&quot;,&quot;eventListNoEventsText&quot;:&quot;No existen eventos para esta fecha.&quot;,&quot;monthsahead&quot;:&quot;&quot;,&quot;daysahead&quot;:&quot;&quot;,&quot;upcoming&quot;:&quot;1&quot;,&quot;reverse&quot;:&quot;0&quot;,&quot;display&quot;:&quot;&quot;,&quot;outofrange&quot;:&quot;1&quot;,&quot;eventlist_template&quot;:&quot;&quot;,&quot;extDateFormat&quot;:&quot;MMMM d, yyyy&quot;,&quot;extTimeFormat&quot;:&quot;h:mm tt&quot;,&quot;extDateTimeFormat&quot;:&quot;MMMM d, yyyy.  h:mm tt&quot;,&quot;extendedDetails&quot;:&quot;1&quot;,&quot;delta&quot;:&quot;&quot;,&quot;stack&quot;:&quot;0&quot;,&quot;auto&quot;:&quot;0&quot;,&quot;scrolloffset&quot;:&quot;&quot;,&quot;removeended&quot;:&quot;0&quot;},&quot;widgetlist&quot;:{&quot;sel&quot;:&quot;&quot;,&quot;number&quot;:&quot;&quot;,&quot;showimage&quot;:&quot;&quot;,&quot;fcdate_format&quot;:&quot;&quot;,&quot;fctime_format&quot;:&quot;&quot;,&quot;start&quot;:&quot;&quot;,&quot;end&quot;:&quot;&quot;,&quot;horizon&quot;:&quot;&quot;,&quot;using_calendar_url&quot;:&quot;&quot;,&quot;loading_method&quot;:&quot;&quot;,&quot;historic&quot;:&quot;&quot;,&quot;specific_date&quot;:&quot;&quot;,&quot;words&quot;:&quot;10&quot;,&quot;dayspast&quot;:0,&quot;premiere&quot;:&quot;&quot;},&quot;eventClick&quot;:fc_click,&quot;eventMouseover&quot;:fc_mouseover,&quot;singleSource&quot;:&quot;https:\\\/\\\/coro.meridianos.org\\\/?rhc_action=get_rendered_item&quot;,&quot;for_widget&quot;:0,&quot;widget_dayclick&quot;:&quot;&quot;,&quot;widget_link&quot;:&quot;&quot;,&quot;widget_link_view&quot;:&quot;&quot;,&quot;widget_google_map&quot;:&quot;interactive&quot;,&quot;widget_onechardaylabel&quot;:&quot;&quot;,&quot;widget_autohover&quot;:&quot;&quot;,&quot;widget_autoclick&quot;:&quot;&quot;,&quot;widget_hformat&quot;:&quot;&quot;,&quot;gotodate&quot;:&quot;&quot;,&quot;ev_calendar&quot;:&quot;&quot;,&quot;ev_venue&quot;:&quot;&quot;,&quot;ev_organizer&quot;:&quot;&quot;,&quot;allDaySlot&quot;:true,&quot;allDayText&quot;:&quot;todo el d\\u00eda&quot;,&quot;firstHour&quot;:&quot;6&quot;,&quot;slotMinutes&quot;:30,&quot;minTime&quot;:&quot;0&quot;,&quot;maxTime&quot;:&quot;24&quot;,&quot;json_feed&quot;:false,&quot;json_only&quot;:0,&quot;tax_filter&quot;:&quot;1&quot;,&quot;tax_filter_label&quot;:{&quot;year&quot;:&quot;A\\u00f1o&quot;,&quot;month&quot;:&quot;Mes&quot;},&quot;tax_filter_skip&quot;:[],&quot;tax_filter_include&quot;:[],&quot;tax_filter_multiple&quot;:1,&quot;sidelist&quot;:{&quot;open&quot;:&quot;0&quot;,&quot;link_target&quot;:&quot;_blank&quot;,&quot;template&quot;:&quot;#sidelist_template_calendarize_0&quot;,&quot;labels&quot;:{&quot;tab&quot;:&quot;Lista de Eventos&quot;}},&quot;hiddenDays&quot;:[],&quot;skipMonths&quot;:[],&quot;matchBackground&quot;:&quot;0&quot;,&quot;shrink&quot;:&quot;1&quot;,&quot;month_event_image&quot;:&quot;0&quot;,&quot;upcoming&quot;:&quot;1&quot;,&quot;upcoming_trim_past&quot;:&quot;0&quot;,&quot;left_trim_date&quot;:&quot;0&quot;,&quot;right_trim_date&quot;:&quot;0&quot;,&quot;nextDayThreshold&quot;:&quot;&quot;,&quot;showothermonth&quot;:&quot;1&quot;,&quot;feed&quot;:&quot;&quot;,&quot;norepeat&quot;:&quot;0&quot;,&quot;event_skip&quot;:0,&quot;local_tz&quot;:0,&quot;debugjs&quot;:0,&quot;preload&quot;:1,&quot;allday_group&quot;:0,&quot;max_events&quot;:0,&quot;render_events&quot;:1,&quot;fixed_title&quot;:&quot;&quot;,&quot;btn_tax_parent_only&quot;:&quot;&quot;,&quot;term_post_count&quot;:&quot;&quot;,&quot;selectable&quot;:&quot;&quot;,&quot;selectHelper&quot;:&quot;&quot;,&quot;select&quot;:&quot;&quot;}}},&quot;common&quot;:{&quot;theme&quot;:false,&quot;icalendar_align&quot;:&quot;left&quot;}}\"><div class=\"fullCalendar\"><\/div><div class=\"fc-filters-dialog-holder fc-display-none\" style=\"display:none;\">\n\t<div class=\"fc-filters-dialog\">\n\t\t<div class=\"fbd-main-holder\">\n\t\t\t<div class=\"fbd-head\">\n\t\t\t\t<div class=\"fbd-close-tooltip rhc-close-icon\"><a title=\"Cerrar di\u00e1logo\" href=\"javascript:void(0);\"><\/a><\/div>\t\t\t\n\t\t\t<\/div>\n\t\t\t<div class=\"fbd-body\">\n\t\t\t\t\t\t\t\t<div class=\"fbd-dialog-content\">\n<ul class='fbd-ul'><li class=\"fbd-tabs\"><a data-tab-target=\".tab-calendar\">Calendarios<\/a><\/li><li class=\"fbd-tabs\"><a data-tab-target=\".tab-organizer\">Organizadores<\/a><\/li><li class=\"fbd-tabs\"><a data-tab-target=\".tab-venue\">Lugares<\/a><\/li><\/ul><div data-taxonomy=\"calendar\" class='fbd-filter-group fbd-tabs-panel tab-calendar'>\n<div class=\"fbd-checked\"><\/div>\n<div class=\"fbd-unchecked\">\n<div data-tab-index=\"0\" class=\"fbd-cell\"><label for=\"calendar_eventos_0\"><input  data-taxonomy=\"calendar\" id=\"calendar_eventos_0\" class=\"fbd-checkbox fbd-filter\" type=\"checkbox\" name=\"calendar_eventos\" value=\"eventos\" title=\"Eventos\" data-parent=\"0\" data-count=\"28\" \/>&nbsp;<span class=\"fbd-term-label\">Eventos<\/span><\/label><\/div>\n<\/div>\n<div class=\"fbd-clear\"><\/div>\n<\/div>\n<div data-taxonomy=\"organizer\" class='fbd-filter-group fbd-tabs-panel tab-organizer'>\n<div class=\"fbd-checked\"><\/div>\n<div class=\"fbd-unchecked\">\n<div data-tab-index=\"0\" class=\"fbd-cell\"><label for=\"organizer_ceip-anibal-gonzalez_0\"><input  data-taxonomy=\"organizer\" id=\"organizer_ceip-anibal-gonzalez_0\" class=\"fbd-checkbox fbd-filter\" type=\"checkbox\" name=\"organizer_ceip-anibal-gonzalez\" value=\"ceip-anibal-gonzalez\" title=\"CEIP An\u00edbal Gonz\u00e1lez\" data-parent=\"0\" data-count=\"1\" \/>&nbsp;<span class=\"fbd-term-label\">CEIP An\u00edbal Gonz\u00e1lez<\/span><\/label><\/div><div data-tab-index=\"1\" class=\"fbd-cell\"><label for=\"organizer_comisionado-del-poligono-sur_1\"><input  data-taxonomy=\"organizer\" id=\"organizer_comisionado-del-poligono-sur_1\" class=\"fbd-checkbox fbd-filter\" type=\"checkbox\" name=\"organizer_comisionado-del-poligono-sur\" value=\"comisionado-del-poligono-sur\" title=\"Comisionado del Pol\u00edgono Sur\" data-parent=\"0\" data-count=\"1\" \/>&nbsp;<span class=\"fbd-term-label\">Comisionado del Pol\u00edgono Sur<\/span><\/label><\/div><div data-tab-index=\"2\" class=\"fbd-cell\"><label for=\"organizer_coro-meridianos_2\"><input  data-taxonomy=\"organizer\" id=\"organizer_coro-meridianos_2\" class=\"fbd-checkbox fbd-filter\" type=\"checkbox\" name=\"organizer_coro-meridianos\" value=\"coro-meridianos\" title=\"Coro Meridianos\" data-parent=\"0\" data-count=\"23\" \/>&nbsp;<span class=\"fbd-term-label\">Coro Meridianos<\/span><\/label><\/div><div data-tab-index=\"3\" class=\"fbd-cell\"><label for=\"organizer_diputacion-de-sevilla_3\"><input  data-taxonomy=\"organizer\" id=\"organizer_diputacion-de-sevilla_3\" class=\"fbd-checkbox fbd-filter\" type=\"checkbox\" name=\"organizer_diputacion-de-sevilla\" value=\"diputacion-de-sevilla\" title=\"Diputaci\u00f3n de Sevilla\" data-parent=\"0\" data-count=\"1\" \/>&nbsp;<span class=\"fbd-term-label\">Diputaci\u00f3n de Sevilla<\/span><\/label><\/div><div data-tab-index=\"4\" class=\"fbd-cell\"><label for=\"organizer_icas_4\"><input  data-taxonomy=\"organizer\" id=\"organizer_icas_4\" class=\"fbd-checkbox fbd-filter\" type=\"checkbox\" name=\"organizer_icas\" value=\"icas\" title=\"ICAS\" data-parent=\"0\" data-count=\"1\" \/>&nbsp;<span class=\"fbd-term-label\">ICAS<\/span><\/label><\/div><div data-tab-index=\"5\" class=\"fbd-cell\"><label for=\"organizer_juventudes-musicales_5\"><input  data-taxonomy=\"organizer\" id=\"organizer_juventudes-musicales_5\" class=\"fbd-checkbox fbd-filter\" type=\"checkbox\" name=\"organizer_juventudes-musicales\" value=\"juventudes-musicales\" title=\"Juventudes Musicales\" data-parent=\"0\" data-count=\"1\" \/>&nbsp;<span class=\"fbd-term-label\">Juventudes Musicales<\/span><\/label><\/div><div data-tab-index=\"6\" class=\"fbd-cell\"><label for=\"organizer_real-orquesta-sinfonica-de-sevilla_6\"><input  data-taxonomy=\"organizer\" id=\"organizer_real-orquesta-sinfonica-de-sevilla_6\" class=\"fbd-checkbox fbd-filter\" type=\"checkbox\" name=\"organizer_real-orquesta-sinfonica-de-sevilla\" value=\"real-orquesta-sinfonica-de-sevilla\" title=\"Real Orquesta Sinf\u00f3nica de Sevilla\" data-parent=\"0\" data-count=\"1\" \/>&nbsp;<span class=\"fbd-term-label\">Real Orquesta Sinf\u00f3nica de Sevilla<\/span><\/label><\/div><div data-tab-index=\"7\" class=\"fbd-cell\"><label for=\"organizer_unesco_7\"><input  data-taxonomy=\"organizer\" id=\"organizer_unesco_7\" class=\"fbd-checkbox fbd-filter\" type=\"checkbox\" name=\"organizer_unesco\" value=\"unesco\" title=\"UNESCO\" data-parent=\"0\" data-count=\"1\" \/>&nbsp;<span class=\"fbd-term-label\">UNESCO<\/span><\/label><\/div>\n<\/div>\n<div class=\"fbd-clear\"><\/div>\n<\/div>\n<div data-taxonomy=\"venue\" class='fbd-filter-group fbd-tabs-panel tab-venue'>\n<div class=\"fbd-checked\"><\/div>\n<div class=\"fbd-unchecked\">\n<div data-tab-index=\"0\" class=\"fbd-cell\"><label for=\"venue_alta-frecuencia_0\"><input  data-taxonomy=\"venue\" id=\"venue_alta-frecuencia_0\" class=\"fbd-checkbox fbd-filter\" type=\"checkbox\" name=\"venue_alta-frecuencia\" value=\"alta-frecuencia\" title=\"Alta Frecuencia\" data-parent=\"0\" data-count=\"1\" \/>&nbsp;<span class=\"fbd-term-label\">Alta Frecuencia<\/span><\/label><\/div><div data-tab-index=\"1\" class=\"fbd-cell\"><label for=\"venue_asociacion-de-vecinos-de-la-oliva_1\"><input  data-taxonomy=\"venue\" id=\"venue_asociacion-de-vecinos-de-la-oliva_1\" class=\"fbd-checkbox fbd-filter\" type=\"checkbox\" name=\"venue_asociacion-de-vecinos-de-la-oliva\" value=\"asociacion-de-vecinos-de-la-oliva\" title=\"Asociaci\u00f3n de Vecinos de La Oliva\" data-parent=\"0\" data-count=\"1\" \/>&nbsp;<span class=\"fbd-term-label\">Asociaci\u00f3n de Vecinos de La Oliva<\/span><\/label><\/div><div data-tab-index=\"2\" class=\"fbd-cell\"><label for=\"venue_capilla-de-los-estudiantes_2\"><input  data-taxonomy=\"venue\" id=\"venue_capilla-de-los-estudiantes_2\" class=\"fbd-checkbox fbd-filter\" type=\"checkbox\" name=\"venue_capilla-de-los-estudiantes\" value=\"capilla-de-los-estudiantes\" title=\"Capilla de los Estudiantes\" data-parent=\"0\" data-count=\"1\" \/>&nbsp;<span class=\"fbd-term-label\">Capilla de los Estudiantes<\/span><\/label><\/div><div data-tab-index=\"3\" class=\"fbd-cell\"><label for=\"venue_capilla-san-jose_3\"><input  data-taxonomy=\"venue\" id=\"venue_capilla-san-jose_3\" class=\"fbd-checkbox fbd-filter\" type=\"checkbox\" name=\"venue_capilla-san-jose\" value=\"capilla-san-jose\" title=\"Capilla San Jos\u00e9\" data-parent=\"0\" data-count=\"1\" \/>&nbsp;<span class=\"fbd-term-label\">Capilla San Jos\u00e9<\/span><\/label><\/div><div data-tab-index=\"4\" class=\"fbd-cell\"><label for=\"venue_ceip-anibal-gonzalez_4\"><input  data-taxonomy=\"venue\" id=\"venue_ceip-anibal-gonzalez_4\" class=\"fbd-checkbox fbd-filter\" type=\"checkbox\" name=\"venue_ceip-anibal-gonzalez\" value=\"ceip-anibal-gonzalez\" title=\"CEIP An\u00edbal Gonz\u00e1lez\" data-parent=\"0\" data-count=\"1\" \/>&nbsp;<span class=\"fbd-term-label\">CEIP An\u00edbal Gonz\u00e1lez<\/span><\/label><\/div><div data-tab-index=\"5\" class=\"fbd-cell\"><label for=\"venue_comisionado-para-el-poligono-sur_5\"><input  data-taxonomy=\"venue\" id=\"venue_comisionado-para-el-poligono-sur_5\" class=\"fbd-checkbox fbd-filter\" type=\"checkbox\" name=\"venue_comisionado-para-el-poligono-sur\" value=\"comisionado-para-el-poligono-sur\" title=\"Comisionado para el Pol\u00edgono Sur\" data-parent=\"0\" data-count=\"1\" \/>&nbsp;<span class=\"fbd-term-label\">Comisionado para el Pol\u00edgono Sur<\/span><\/label><\/div><div data-tab-index=\"6\" class=\"fbd-cell\"><label for=\"venue_diputacion-de-sevilla_6\"><input  data-taxonomy=\"venue\" id=\"venue_diputacion-de-sevilla_6\" class=\"fbd-checkbox fbd-filter\" type=\"checkbox\" name=\"venue_diputacion-de-sevilla\" value=\"diputacion-de-sevilla\" title=\"Diputaci\u00f3n de Sevilla\" data-parent=\"0\" data-count=\"1\" \/>&nbsp;<span class=\"fbd-term-label\">Diputaci\u00f3n de Sevilla<\/span><\/label><\/div><div data-tab-index=\"7\" class=\"fbd-cell\"><label for=\"venue_espacio-turina_7\"><input  data-taxonomy=\"venue\" id=\"venue_espacio-turina_7\" class=\"fbd-checkbox fbd-filter\" type=\"checkbox\" name=\"venue_espacio-turina\" value=\"espacio-turina\" title=\"Espacio Turina\" data-parent=\"0\" data-count=\"4\" \/>&nbsp;<span class=\"fbd-term-label\">Espacio Turina<\/span><\/label><\/div><div data-tab-index=\"8\" class=\"fbd-cell\"><label for=\"venue_factoria-cultural_8\"><input  data-taxonomy=\"venue\" id=\"venue_factoria-cultural_8\" class=\"fbd-checkbox fbd-filter\" type=\"checkbox\" name=\"venue_factoria-cultural\" value=\"factoria-cultural\" title=\"Factor\u00eda Cultural\" data-parent=\"0\" data-count=\"3\" \/>&nbsp;<span class=\"fbd-term-label\">Factor\u00eda Cultural<\/span><\/label><\/div><div data-tab-index=\"9\" class=\"fbd-cell\"><label for=\"venue_hospital-virgen-del-rocio_9\"><input  data-taxonomy=\"venue\" id=\"venue_hospital-virgen-del-rocio_9\" class=\"fbd-checkbox fbd-filter\" type=\"checkbox\" name=\"venue_hospital-virgen-del-rocio\" value=\"hospital-virgen-del-rocio\" title=\"Hospital Virgen del Roc\u00edo\" data-parent=\"0\" data-count=\"1\" \/>&nbsp;<span class=\"fbd-term-label\">Hospital Virgen del Roc\u00edo<\/span><\/label><\/div><div data-tab-index=\"10\" class=\"fbd-cell\"><label for=\"venue_i-e-s-dominguez-ortiz_10\"><input  data-taxonomy=\"venue\" id=\"venue_i-e-s-dominguez-ortiz_10\" class=\"fbd-checkbox fbd-filter\" type=\"checkbox\" name=\"venue_i-e-s-dominguez-ortiz\" value=\"i-e-s-dominguez-ortiz\" title=\"I.E.S. Dom\u00ednguez Ortiz\" data-parent=\"0\" data-count=\"1\" \/>&nbsp;<span class=\"fbd-term-label\">I.E.S. Dom\u00ednguez Ortiz<\/span><\/label><\/div><div data-tab-index=\"11\" class=\"fbd-cell\"><label for=\"venue_iglesia-parroquial-san-antonio-maria-claret_11\"><input  data-taxonomy=\"venue\" id=\"venue_iglesia-parroquial-san-antonio-maria-claret_11\" class=\"fbd-checkbox fbd-filter\" type=\"checkbox\" name=\"venue_iglesia-parroquial-san-antonio-maria-claret\" value=\"iglesia-parroquial-san-antonio-maria-claret\" title=\"Iglesia Parroquial San Antonio Mar\u00eda Claret\" data-parent=\"0\" data-count=\"1\" \/>&nbsp;<span class=\"fbd-term-label\">Iglesia Parroquial San Antonio Mar\u00eda Claret<\/span><\/label><\/div><div data-tab-index=\"12\" class=\"fbd-cell\"><label for=\"venue_juventudes-musicales_12\"><input  data-taxonomy=\"venue\" id=\"venue_juventudes-musicales_12\" class=\"fbd-checkbox fbd-filter\" type=\"checkbox\" name=\"venue_juventudes-musicales\" value=\"juventudes-musicales\" title=\"Juventudes Musicales de Sevilla\" data-parent=\"0\" data-count=\"2\" \/>&nbsp;<span class=\"fbd-term-label\">Juventudes Musicales de Sevilla<\/span><\/label><\/div><div data-tab-index=\"13\" class=\"fbd-cell\"><label for=\"venue_parque-guadaira_13\"><input  data-taxonomy=\"venue\" id=\"venue_parque-guadaira_13\" class=\"fbd-checkbox fbd-filter\" type=\"checkbox\" name=\"venue_parque-guadaira\" value=\"parque-guadaira\" title=\"Parque Guada\u00edra\" data-parent=\"0\" data-count=\"1\" \/>&nbsp;<span class=\"fbd-term-label\">Parque Guada\u00edra<\/span><\/label><\/div><div data-tab-index=\"14\" class=\"fbd-cell\"><label for=\"venue_parroquia-san-pio-x_14\"><input  data-taxonomy=\"venue\" id=\"venue_parroquia-san-pio-x_14\" class=\"fbd-checkbox fbd-filter\" type=\"checkbox\" name=\"venue_parroquia-san-pio-x\" value=\"parroquia-san-pio-x\" title=\"Parroquia San P\u00edo X\" data-parent=\"0\" data-count=\"1\" \/>&nbsp;<span class=\"fbd-term-label\">Parroquia San P\u00edo X<\/span><\/label><\/div><div data-tab-index=\"15\" class=\"fbd-cell\"><label for=\"venue_colegio-fray-bartolome_15\"><input  data-taxonomy=\"venue\" id=\"venue_colegio-fray-bartolome_15\" class=\"fbd-checkbox fbd-filter\" type=\"checkbox\" name=\"venue_colegio-fray-bartolome\" value=\"colegio-fray-bartolome\" title=\"Sede del Coro (Colegio Fray Bartolom\u00e9)\" data-parent=\"0\" data-count=\"8\" \/>&nbsp;<span class=\"fbd-term-label\">Sede del Coro (Colegio Fray Bartolom\u00e9)<\/span><\/label><\/div><div data-tab-index=\"16\" class=\"fbd-cell\"><label for=\"venue_teatro-de-la-maestranza_16\"><input  data-taxonomy=\"venue\" id=\"venue_teatro-de-la-maestranza_16\" class=\"fbd-checkbox fbd-filter\" type=\"checkbox\" name=\"venue_teatro-de-la-maestranza\" value=\"teatro-de-la-maestranza\" title=\"Teatro de la Maestranza\" data-parent=\"0\" data-count=\"1\" \/>&nbsp;<span class=\"fbd-term-label\">Teatro de la Maestranza<\/span><\/label><\/div>\n<\/div>\n<div class=\"fbd-clear\"><\/div>\n<\/div>\n\t\t\t\n\t\t\t\t<\/div>\n\t\t\t\t<div class=\"fbd-dialog-controls\">\n\t\t\t\t\t<input type=\"button\" class=\"fbd-button-secondary fbd-dg-remove\" name=\"fbd-dg-remove\" value=\"mostrar todo\" \/>\n\t\t\t\t\t<input type=\"button\" class=\"fbd-button fbd-button-primary fbd-dg-apply\" name=\"fbd-dg-apply\" value=\"Aplicar filtros\" \/>\n\t\t\t\t\t<div class=\"fbd-status\">\n\t\t\t\t\t\t<img src=\"https:\/\/coro.meridianos.org\/wp-admin\/images\/wpspin_light.gif\" alt=\"\" \/>\n\t\t\t\t\t<\/div>\n\t\t\t\t\t<div class=\"fbd-clear\"><\/div>\n\t\t\t\t<\/div>\n\t\t\t\t<div class=\"fbd-clear\"><\/div>\n\t\t\t<\/div>\n\t\t\t<div class=\"fbd-clear\"><\/div>\n\t\t<\/div>\n\t<\/div>\n<\/div>\n<div class=\"ical-tooltip-template\" title=\"Feed de iCal\" style='display:none;width:460px;' data-button_text=\"Feed de iCal\">\n\t<div class=\"ical-tooltip-holder\">\n\t\t<div class=\"fbd-main-holder\">\n\t\t\t<div class=\"fbd-head\">\n\t\t\t\t<div class=\"rhc-close-icon\"><a title=\"Cerrar\" class=\"ical-close\" href=\"javascript:void(0);\"><\/a><\/div>\t\t\t\t\n                <div class=\"ical-title\">Feed de iCal<\/div>\n\t\t\t<\/div>\n\t\t\t<div class=\"fbd-body\">\n\t\t\t\t<div class=\"fbd-dialog-content\">\n\t\t\t\t\t<label for=\"ical_tooltip_textarea_1\" class=\"fbd-label\">URL para el feed de iCal\t\t\t\t\t<textarea id=\"ical_tooltip_textarea_1\" class=\"ical-url\"><\/textarea>\n\t\t\t\t\t<\/label>\n\t\t\t\t\t<p class=\"rhc-icalendar-description\">Obtener feed para iCal (Google Calendar). Esto es para suscribirse a los eventos en el Calendario. Agregue este URL a iCal (Mac) o a Google Calendar, o a cualquier otro calendario compatible con iCal Feed.<\/p>\t\t\t\n\t\t\t\t\t<div class=\"fbd-buttons\">\n\t\t\t\t\t\t<a class=\"ical-clip fbd-button-secondary\" href=\"#\">Copiar url del feed al portapapeles<\/a>\n\t\t\t\t\t\t<a class=\"ical-ics fbd-button-primary\" href=\"#\">Descargar archivo ICS<\/a>\n\t\t\t\t\t\t\n\t\t\t\t\t<\/div>\n\t\t\t\t<\/div>\n\t\t\n\t\t\t<\/div>\t\n\t\t<\/div>\n\t<\/div>\n    <div class=\"ical-overlay\"><\/div>\n<\/div>\n<object class=\"rhc-preload\" style=\"display:none;\" data-start=\"1773705600\" data-end=\"1778975999\"  data-url=\"https:\/\/coro.meridianos.org\/?rhc_action=get_calendar_events&post_type[]=events\" data-request=\"{&quot;rhc_action&quot;:&quot;get_calendar_events&quot;,&quot;post_type&quot;:[&quot;events&quot;],&quot;start&quot;:1773705600,&quot;end&quot;:1778975999,&quot;rhc_shrink&quot;:&quot;1&quot;,&quot;view&quot;:&quot;month&quot;,&quot;ver&quot;:&quot;30276b623ca34c0927a7614e73ecba3a&quot;,&quot;_&quot;:&quot;&quot;}\" data-events=\"{&quot;R&quot;:&quot;OK&quot;,&quot;MSG&quot;:&quot;&quot;,&quot;EVENTS&quot;:[{&quot;0&quot;:&quot;6467-events&quot;,&quot;1&quot;:6467,&quot;2&quot;:&quot;2020-10-06 15:42:40&quot;,&quot;3&quot;:&quot;Ensayo presencial en grupos reducidos&quot;,&quot;4&quot;:&quot;2020-10-16 16:30:00&quot;,&quot;5&quot;:&quot;2020-10-16 19:00:00&quot;,&quot;6&quot;:&quot;https:\\\/\\\/coro.meridianos.org\\\/index.php\\\/events\\\/ensayo-presencial-altos\\\/&quot;,&quot;8&quot;:[&quot;https:\\\/\\\/coro.meridianos.org\\\/wp-content\\\/uploads\\\/2020\\\/05\\\/fondo-orquetas-1-300x50.png&quot;,300,50,true],&quot;9&quot;:[&quot;https:\\\/\\\/coro.meridianos.org\\\/wp-content\\\/uploads\\\/2020\\\/05\\\/fondo-orquetas-1.png&quot;,3508,583,false],&quot;10&quot;:[137,133,139],&quot;11&quot;:&quot;view&quot;,&quot;13&quot;:&quot;publish&quot;,&quot;15&quot;:&quot;2020-10-16&quot;,&quot;16&quot;:&quot;16:30&quot;,&quot;17&quot;:&quot;2020-10-16&quot;,&quot;18&quot;:&quot;19:00&quot;,&quot;19&quot;:&quot;rrule&quot;,&quot;20&quot;:&quot;FREQ=WEEKLY;INTERVAL=1;BYMONTH=1,2,3,4,5,6,10,11,12;BYDAY=FR;WKST=SU&quot;,&quot;21&quot;:&quot;#&quot;,&quot;22&quot;:&quot;#&quot;,&quot;23&quot;:&quot;_self&quot;}],&quot;TERMS&quot;:{&quot;137&quot;:{&quot;24&quot;:137,&quot;25&quot;:&quot;calendar&quot;,&quot;26&quot;:&quot;Calendario&quot;,&quot;27&quot;:&quot;eventos&quot;,&quot;28&quot;:&quot;Eventos&quot;,&quot;6&quot;:&quot;https:\\\/\\\/coro.meridianos.org\\\/index.php\\\/calendar\\\/eventos\\\/&quot;},&quot;133&quot;:{&quot;24&quot;:133,&quot;25&quot;:&quot;organizer&quot;,&quot;26&quot;:&quot;Organizador&quot;,&quot;27&quot;:&quot;coro-meridianos&quot;,&quot;28&quot;:&quot;Coro Meridianos&quot;,&quot;6&quot;:&quot;https:\\\/\\\/coro.meridianos.org\\\/index.php\\\/organizers\\\/coro-meridianos\\\/&quot;},&quot;139&quot;:{&quot;24&quot;:139,&quot;25&quot;:&quot;venue&quot;,&quot;26&quot;:&quot;Lugar&quot;,&quot;27&quot;:&quot;colegio-fray-bartolome&quot;,&quot;28&quot;:&quot;Sede del Coro (Colegio Fray Bartolom\\u00e9)&quot;,&quot;6&quot;:&quot;https:\\\/\\\/coro.meridianos.org\\\/index.php\\\/venues\\\/colegio-fray-bartolome\\\/&quot;,&quot;34&quot;:&quot;Calle Ronda de la Oliva s\\\/n&quot;,&quot;35&quot;:&quot;Sevilla&quot;,&quot;37&quot;:&quot;41013&quot;,&quot;38&quot;:&quot;Spain&quot;}},&quot;MAP&quot;:[[0,&quot;id&quot;],[1,&quot;local_id&quot;],[2,&quot;dtstamp&quot;],[3,&quot;title&quot;],[4,&quot;start&quot;],[5,&quot;end&quot;],[6,&quot;url&quot;],[7,&quot;description&quot;],[8,&quot;image&quot;],[9,&quot;image_full&quot;],[10,&quot;terms&quot;],[11,&quot;fc_click_link&quot;],[12,&quot;menu_order&quot;],[13,&quot;post_status&quot;],[14,&quot;allDay&quot;],[15,&quot;fc_start&quot;],[16,&quot;fc_start_time&quot;],[17,&quot;fc_end&quot;],[18,&quot;fc_end_time&quot;],[19,&quot;fc_interval&quot;],[20,&quot;fc_rrule&quot;],[21,&quot;color&quot;],[22,&quot;textColor&quot;],[23,&quot;fc_click_target&quot;],[24,&quot;term_id&quot;],[25,&quot;taxonomy&quot;],[26,&quot;taxonomy_label&quot;],[27,&quot;slug&quot;],[28,&quot;name&quot;],[29,&quot;gaddress&quot;],[30,&quot;glat&quot;],[31,&quot;glon&quot;],[32,&quot;background_color&quot;],[33,&quot;parent&quot;],[34,&quot;address&quot;],[35,&quot;city&quot;],[36,&quot;state&quot;],[37,&quot;zip&quot;],[38,&quot;country&quot;]],&quot;SEARCH&quot;:0,&quot;GMT_OFFSET&quot;:&quot;1&quot;}\"><\/object><div style=\"clear:both\"><\/div><noscript><ul><li><a href=\"https:\/\/coro.meridianos.org\/index.php\/events\/ensayo-presencial-altos\/\">Ensayo presencial en grupos reducidos<\/a><\/li><\/ul><a href=\"https:\/\/coro.meridianos.org\/index.php\/wp-json\/wp\/v2\/pages\/4382\/rhc-past-events\/0\/\">Eventos antiguos<\/a><a href=\"https:\/\/coro.meridianos.org\/index.php\/wp-json\/wp\/v2\/pages\/4382\/rhc-upcoming-events\/1\/\">Eventos Pr\u00f3ximos<\/a><\/noscript><div itemscope=\"itemscope\" itemtype=\"http:\/\/schema.org\/Event\"><meta itemprop=\"name\" content=\"Ensayo presencial en grupos reducidos\"><meta itemprop=\"url\" content=\"https:\/\/coro.meridianos.org\/index.php\/events\/ensayo-presencial-altos\/\"><meta itemprop=\"startDate\" content=\"2026-05-01T16:30:00\"><meta itemprop=\"endDate\" content=\"2026-05-01T19:00:00\"><meta itemprop=\"image\" content=\"https:\/\/coro.meridianos.org\/wp-content\/uploads\/2020\/05\/fondo-orquetas-1.png\"><div itemprop=\"location\" itemscope=\"itemscope\" itemtype=\"http:\/\/schema.org\/Place\"><meta itemprop=\"name\" content=\"Sede del Coro (Colegio Fray Bartolom\u00e9)\" \/><div itemprop=\"address\" itemscope=\"itemscope\" itemtype=\"http:\/\/schema.org\/PostalAddress\"><meta itemprop=\"streetAddress\" content=\"Calle Ronda de la Oliva s\/n\" \/><meta itemprop=\"addressLocality\" content=\"Sevilla\" \/><meta itemprop=\"postalCode\" content=\"41013\" \/><\/div><\/div><div itemprop=\"organizer\" itemscope=\"itemscope\" itemtype=\"http:\/\/schema.org\/Organization\"><meta itemprop=\"name\" content=\"Coro Meridianos\"><meta itemprop=\"url\" content=\"coro.meridianos.org\"><meta itemprop=\"telephone\" content=\"(+34) 914 547 098\"><meta itemprop=\"email\" content=\"alberto.idi@meridianos.org\"><\/div><\/div><\/div><div id=\"fct-item-template\" style=\"display:none;\" class=\"fct-tooltip\">\n\t<div class=\"fct-arrow-holder\">\n\t\t<div class=\"fct-arrow\"><\/div>\n\t\t<div class=\"fct-arrow-border\"><\/div>\t\t\n\t<\/div>\n\t<div class=\"fct-main\">\n\t\t<div class=\"fct-header\">\n\t\t\t<div class=\"fc-close-tooltip\"><a title=\"Cerrar\" href=\"javascript:void(0);\"><\/a><\/div>\n\t\t\t<div class=\"fc-title\"><\/div>\n\t\t<\/div>\n\t\t<div class=\"fct-body\">\n\t\t\t<div class=\"fct-dbox\">\n\t\t\t\t<div class=\"fc-term-venue-gaddress fc-term-venue-gaddress\"><label>Direcci\u00f3n<\/label><\/div>\n\t\t\t\t<div class=\"fc-start\"><label class=\"tooltip-fc-start\">Empieza<\/label><\/div>\n\t\t\t\t<div class=\"fc-end\"><label class=\"tooltip-fc-end\">Termina<\/label><\/div>\n\t\t\t\t<div class=\"fc-hide fc-tax-venue\"><label class=\"tax-label\"><\/label><\/div>\t\t\t\n\t\t\t<\/div>\n\t\t\t<div class=\"fc-description\"><\/div>\n\t\t<\/div>\n\t\t<div class=\"fct-footer\">\n\t\t\t<div class=\"fc-social\"><\/div>\n           <div class=\"fc-image\"><\/div>\n\t\t<\/div>\t\n\t<\/div>\n<\/div>\n<div style=\"display:none;\" class=\"event_list_template\"><div class=\"fc-event-list-container\">\n\t<!-- you can replace with custom content to be displayed before the items -->\n\t<div class=\"fc-event-list-holder\">\n\t\t<div class=\"fc-event-list-no-events fc-remove\"><div class=\"fc-no-list-events-message\"><\/div><\/div>\n\t\t<div class=\"fc-event-list-date fc-remove\"><h3 class=\"fc-event-list-date-header\"><\/h3><\/div>\n\t\t<div class=\"fc-event-list-item fc-remove\">\n\t\t\t<div class=\"fc-event-list-content\">\n\t\t\t\t<h4><a class=\"fc-event-link fc-event-list-title\" href=\"{link}\" target=\"_BLANK\">{title}<\/a><\/h4>\n\n\t\t\t\t<div class=\"rhc fe-extrainfo-container elist-dbox fe-have-image-1\" >\n\t\t\t\t\t<div class=\"fe-extrainfo-container2 row-fluid\">\n\t\t\t\t\t\t<div class=\"fe-extrainfo-holder fe-extrainfo-col2 span8\">\n\t\t\t\t\t\t\t<div class=\"row-fluid\">\n\t\t\t\t\t\t\t\t<div class=\"span12 fe-cell-label dbox-title rhc-info-cell fe-cell-label\">\n\t\t\t\t\t\t\t\t\t<label class=\"fe-extrainfo-label\">Detalles del evento<\/label>\n\t\t\t\t\t\t\t\t<\/div>\n\t\t\t\t\t\t\t<\/div>\n\t\t\t\t\t\t\t\n\t\t\t\t\t\t\t<div class=\"row-fluid\">\n\t\t\t\t\t\t\t\t<div class=\"span6 fe-maincol fe-maincol-0\">\n\t\t\t\t\t\t\t\t\t<div class=\"rhc-info-cell\">\n\t\t\t\t\t\t\t\t\t\t<label class=\"fe-extrainfo-label\">Empieza<\/label>\n\t\t\t\t\t\t\t\t\t\t<span class=\"fe-extrainfo-value fc-start\">{fc-start}<\/span>&nbsp;\n\t\t\t\t\t\t\t\t\t\t<span class=\"fe-extrainfo-value fc-time\"><\/span>\n\t\t\t\t\t\t\t\t\t<\/div>\t\n\t\t\t\t\t\t\t\t\t\n\t\t\t\t\t\t\t\t\t<div class=\"rhc-info-cell\">\n\t\t\t\t\t\t\t\t\t\t<label class=\"fe-extrainfo-label\">Termina<\/label>\n\t\t\t\t\t\t\t\t\t\t<span class=\"fe-extrainfo-value fc-end\">{fc-end}<\/span>&nbsp;\n\t\t\t\t\t\t\t\t\t\t<span class=\"fe-extrainfo-value fc-end-time\"><\/span>\n\t\t\t\t\t\t\t\t\t<\/div>\t\n\t\t\t\t\t\t\t\t\t\n\t\t\t\t\t\t\t\t\t<div class=\"rhc-info-cell\">\n\t\t\t\t\t\t\t\t\t\t<label class=\"fe-extrainfo-label\">Direcci\u00f3n<\/label>\n\t\t\t\t\t\t\t\t\t\t<span class=\"fe-extrainfo-value fc-event-term taxonomy-venue-gaddress\"><\/span>\n\t\t\t\t\t\t\t\t\t<\/div>\t\n\t\t\t\t\t\t\t\t<\/div>\n\t\t\t\t\t\t\t\t<div class=\"span6 fe-maincol fe-maincol-1\">\t\t\t\t\t\t\n\t\t\t\t\t\t\t\t\t<div class=\"rhc-info-cell\">\n\t\t\t\t\t\t\t\t\t\t<label class=\"fe-extrainfo-label\">Lugar<\/label>\n\t\t\t\t\t\t\t\t\t\t<span class=\"fe-extrainfo-value fc-event-term taxonomy-venue\">{venue}<\/span>\n\t\t\t\t\t\t\t\t\t<\/div>\t\n\t\t\t\t\t\t\t\t\t<div class=\"rhc-info-cell\">\n\t\t\t\t\t\t\t\t\t\t<label class=\"fe-extrainfo-label\">Organizador<\/label>\n\t\t\t\t\t\t\t\t\t\t<span class=\"fe-extrainfo-value fc-event-term taxonomy-organizer\">{organizer}<\/span>\n\t\t\t\t\t\t\t\t\t<\/div>\t\n\t\t\t\t\t\t\t\t<\/div>\n\t\t\t\t\t\t\t<\/div>\n\t\t\t\n\t\t\t\t\t\t\t<div class=\"fc-event-list-description dbox-description\">{description}<\/div>\n\t\t\t\t\t\t\t\t\n\t\t\t\t\t\t<\/div>\n\t\t\t\t\t\t<div class=\"fe-image-holder span4\">\n\t\t\t\t\t\t\t<div class=\"fc-event-list-featured-image\">\n\t\t\t\t\t\t\t\t<a class=\"fc-event-link\" href=\"{link}\" target=\"_BLANK\"><img class=\"fc-event-list-image\" src=\"\" \/><\/a>\n\t\t\t\t\t\t\t<\/div>\n\t\t\t\t\t\t<\/div>\n\t\t\t\t\t<\/div>\n\t\t\t\t<\/div>\t\t\t\t\n\n\t\t\t<\/div>\n\t\t\t<div class=\"fc-event-list-clear\"><\/div>\n\t\t\t\n\t\t<\/div>\n\t<\/div>\n<\/div><\/div><div class=\"vc_empty_space\"   style=\"height: 90px\"><span class=\"vc_empty_space_inner\"><\/span><\/div><\/div><\/div><\/div><div class=\"wpb_column vc_column_container vc_col-sm-4 vc_col-has-fill\"><div class=\"vc_column-inner vc_custom_1587119273007\"><div class=\"wpb_wrapper\"><div class=\"vc_empty_space\"   style=\"height: 50px\"><span class=\"vc_empty_space_inner\"><\/span><\/div><h3 class=' nk-portfolio-title text-left '>Pr\u00f3ximos eventos<\/h3>\n\t<div class=\"wpb_text_column wpb_content_element \" >\n\t\t<div class=\"wpb_wrapper\">\n\t\t\t<h6 style=\"text-align: left;\"><span style=\"color: #000000;\">Mantenemos nuestra actividad de formaci\u00f3n tanto presencial como on-line.<\/span><\/h6>\n\n\t\t<\/div>\n\t<\/div>\n<div class=\"vc_empty_space\"   style=\"height: 32px\"><span class=\"vc_empty_space_inner\"><\/span><\/div><div id=\"uew_1\" class=\"rhc_supe_holder rhc-side-0\"  data-page=\"0\" data-number=\"0\" data-atts=\"{&quot;uid&quot;:1,&quot;test&quot;:&quot;&quot;,&quot;page&quot;:&quot;0&quot;,&quot;number&quot;:&quot;0&quot;,&quot;taxonomy&quot;:&quot;&quot;,&quot;terms&quot;:&quot;&quot;,&quot;terms_children&quot;:&quot;&quot;,&quot;template&quot;:&quot;widget_upcoming_events_agenda_b2.php&quot;,&quot;class&quot;:&quot;rhc_supe_holder&quot;,&quot;prefix&quot;:&quot;uew&quot;,&quot;parse_postmeta&quot;:&quot;&quot;,&quot;parse_taxonomy&quot;:&quot;0&quot;,&quot;parse_taxonomymeta&quot;:&quot;1&quot;,&quot;order&quot;:&quot;ASC&quot;,&quot;date&quot;:&quot;NOW&quot;,&quot;date_end&quot;:&quot;&quot;,&quot;date_compare&quot;:&quot;&quot;,&quot;date_end_compare&quot;:&quot;&quot;,&quot;horizon&quot;:&quot;hour&quot;,&quot;allday&quot;:&quot;&quot;,&quot;no_events_message&quot;:&quot;&quot;,&quot;post_status&quot;:&quot;publish&quot;,&quot;post_type&quot;:&quot;&quot;,&quot;author&quot;:&quot;&quot;,&quot;author_current&quot;:&quot;&quot;,&quot;do_shortcode&quot;:&quot;1&quot;,&quot;the_content&quot;:&quot;0&quot;,&quot;separator&quot;:&quot;&quot;,&quot;holder&quot;:&quot;1&quot;,&quot;dayspast&quot;:&quot;&quot;,&quot;premiere&quot;:&quot;0&quot;,&quot;auto&quot;:&quot;0&quot;,&quot;hideempty&quot;:&quot;0&quot;,&quot;feed&quot;:&quot;&quot;,&quot;words&quot;:&quot;&quot;,&quot;render_images&quot;:&quot;&quot;,&quot;calendar_url&quot;:&quot;&quot;,&quot;loading_overlay&quot;:&quot;0&quot;,&quot;for_sidebar&quot;:&quot;0&quot;,&quot;post_id&quot;:&quot;&quot;,&quot;current_post&quot;:&quot;&quot;,&quot;rdate&quot;:&quot;&quot;,&quot;js_init_script&quot;:&quot;&quot;,&quot;vc_js_init_script&quot;:&quot;&quot;,&quot;nav&quot;:&quot;&quot;,&quot;tax_and_filter&quot;:&quot;&quot;,&quot;header&quot;:&quot;&quot;,&quot;hierarchical_filter&quot;:&quot;0&quot;,&quot;terms_hide_empty&quot;:&quot;0&quot;,&quot;tax_filter_multiple&quot;:&quot;1&quot;,&quot;geo_radius&quot;:&quot;&quot;,&quot;geo_center&quot;:&quot;&quot;,&quot;local_tz&quot;:&quot;&quot;,&quot;tax_and_filtering&quot;:&quot;0&quot;,&quot;term_post_count&quot;:&quot;0&quot;,&quot;btn_tax_parent_only&quot;:&quot;&quot;,&quot;ajaxurl&quot;:&quot;https:\\\/\\\/coro.meridianos.org\\\/?rhc_action=supe_get_events&quot;,&quot;taxonomy_default&quot;:&quot;&quot;,&quot;terms_default&quot;:&quot;&quot;}\"><div class=\"supe-head\"><\/div><div class=\"supe-body\"><div class=\"supe-item-holder\"><div class=\"rhc-supe-no-events\" data-css_clear=\"opacity\" style=\"opacity:0;\"><\/div><\/div><\/div><div class=\"rhc-clear\"><\/div><div class=\"supe-footer\"><\/div><\/div><div class=\"vc_empty_space\"   style=\"height: 32px\"><span class=\"vc_empty_space_inner\"><\/span><\/div><\/div><\/div><\/div><\/div>\n","protected":false},"excerpt":{"rendered":"Por causas del COVID-19 este curso compaginaremos la formaci\u00f3n presencial en grupos reducidos, garantizando todas las medidas de protecci\u00f3n, con la formaci\u00f3n on-line. CalendariosOrganizadoresLugares &nbsp;Eventos &nbsp;CEIP An\u00edbal Gonz\u00e1lez&nbsp;Comisionado del Pol\u00edgono Sur&nbsp;Coro Meridianos&nbsp;Diputaci\u00f3n de Sevilla&nbsp;ICAS&nbsp;Juventudes Musicales&nbsp;Real Orquesta Sinf\u00f3nica de Sevilla&nbsp;UNESCO &nbsp;Alta Frecuencia&nbsp;Asociaci\u00f3n de Vecinos de La Oliva&nbsp;Capilla de los Estudiantes&nbsp;Capilla San Jos\u00e9&nbsp;CEIP An\u00edbal Gonz\u00e1lez&nbsp;Comisionado para el [...]","protected":false},"author":5,"featured_media":0,"parent":0,"menu_order":0,"comment_status":"closed","ping_status":"closed","template":"","meta":[],"_links":{"self":[{"href":"https:\/\/coro.meridianos.org\/index.php\/wp-json\/wp\/v2\/pages\/4382"}],"collection":[{"href":"https:\/\/coro.meridianos.org\/index.php\/wp-json\/wp\/v2\/pages"}],"about":[{"href":"https:\/\/coro.meridianos.org\/index.php\/wp-json\/wp\/v2\/types\/page"}],"author":[{"embeddable":true,"href":"https:\/\/coro.meridianos.org\/index.php\/wp-json\/wp\/v2\/users\/5"}],"replies":[{"embeddable":true,"href":"https:\/\/coro.meridianos.org\/index.php\/wp-json\/wp\/v2\/comments?post=4382"}],"version-history":[{"count":38,"href":"https:\/\/coro.meridianos.org\/index.php\/wp-json\/wp\/v2\/pages\/4382\/revisions"}],"predecessor-version":[{"id":6474,"href":"https:\/\/coro.meridianos.org\/index.php\/wp-json\/wp\/v2\/pages\/4382\/revisions\/6474"}],"wp:attachment":[{"href":"https:\/\/coro.meridianos.org\/index.php\/wp-json\/wp\/v2\/media?parent=4382"}],"curies":[{"name":"wp","href":"https:\/\/api.w.org\/{rel}","templated":true}]}}