{"id":4329,"date":"2014-02-26T11:34:19","date_gmt":"2014-02-26T11:34:19","guid":{"rendered":"https:\/\/coro.meridianos.org\/?page_id=4329"},"modified":"2020-06-18T12:01:54","modified_gmt":"2020-06-18T11:01:54","slug":"equipo","status":"publish","type":"page","link":"https:\/\/coro.meridianos.org\/index.php\/equipo\/","title":{"rendered":"Equipo de profesionales"},"content":{"rendered":"<div class=\"vc_row wpb_row vc_row-fluid vc_custom_1587713209341\"><div class=\"wpb_column vc_column_container vc_col-sm-12\"><div class=\"vc_column-inner\"><div class=\"wpb_wrapper\"><div class=\"ult-spacer spacer-69ee16a75778c\" data-id=\"69ee16a75778c\" data-height=\"0\" data-height-mobile=\"100\" data-height-tab=\"0\" data-height-tab-portrait=\"100\" data-height-mobile-landscape=\"100\" style=\"clear:both;display:block;\"><\/div>\n\t\t\t<!-- START Equipo de profesionales REVOLUTION SLIDER 6.1.5 --><p class=\"rs-p-wp-fix\"><\/p>\n\t\t\t<rs-module-wrap id=\"rev_slider_7_1_wrapper\" data-source=\"gallery\" style=\"background:transparent;padding:0;margin:0px auto;margin-top:0;margin-bottom:0;\">\n\t\t\t\t<rs-module id=\"rev_slider_7_1\" style=\"display:none;\" data-version=\"6.1.5\">\n\t\t\t\t\t<rs-slides>\n\t\t\t\t\t\t<rs-slide data-key=\"rs-8\" data-title=\"Slide\" data-anim=\"ei:d;eo:d;s:1000;r:0;t:fade;sl:0;\">\n\t\t\t\t\t\t\t<img src=\"\/\/coro.meridianos.org\/wp-content\/uploads\/2020\/04\/negro2.jpg\" title=\"negro2\" width=\"1920\" height=\"1080\" class=\"rev-slidebg\" data-no-retina>\n\t\t\t\t\t\t\t<rs-bgvideo \n\t\t\t\t\t\t\t\tdata-video=\"w:100%;h:100%;nse:false;l:true;ptimer:true;\"\n\t\t\t\t\t\t\t\tdata-mp4=\"\/\/coro.meridianos.org\/wp-content\/uploads\/2020\/04\/classical-music-8VP2JVV.mp4\"\n\t\t\t\t\t\t\t><\/rs-bgvideo>\n<!--\n\t\t\t\t\t\t\t--><rs-layer\n\t\t\t\t\t\t\t\tid=\"slider-7-slide-8-layer-0\" \n\t\t\t\t\t\t\t\tdata-type=\"text\"\n\t\t\t\t\t\t\t\tdata-color=\"#ffffff\"\n\t\t\t\t\t\t\t\tdata-rsp_ch=\"on\"\n\t\t\t\t\t\t\t\tdata-xy=\"x:c;y:c;yo:30px;\"\n\t\t\t\t\t\t\t\tdata-text=\"w:normal;s:25;\"\n\t\t\t\t\t\t\t\tdata-frame_999=\"o:0;st:w;\"\n\t\t\t\t\t\t\t\tstyle=\"z-index:5;font-family:Roboto;\"\n\t\t\t\t\t\t\t><h2 class=\"nk-title-back text-center op-7\" style=\"padding-bottom: 0px; text-align: center;\"><span style=\"color: #ffffff;\">Equipo de profesionales<br \/>\n<\/span><\/h2> \n\t\t\t\t\t\t\t<\/rs-layer><!--\n-->\t\t\t\t\t\t<\/rs-slide>\n\t\t\t\t\t<\/rs-slides>\n\t\t\t\t\t<rs-progress class=\"rs-bottom\" style=\"visibility: hidden !important;\"><\/rs-progress>\n\t\t\t\t<\/rs-module>\n\t\t\t\t<script type=\"text\/javascript\">\n\t\t\t\t\tsetREVStartSize({c: 'rev_slider_7_1',rl:[1240,1024,778,480],el:[350],gw:[1240],gh:[350],layout:'fullwidth',mh:\"0\"});\n\t\t\t\t\tvar\trevapi7,\n\t\t\t\t\t\ttpj;\n\t\t\t\t\tjQuery(function() {\n\t\t\t\t\t\ttpj = jQuery;\n\t\t\t\t\t\tif(tpj(\"#rev_slider_7_1\").revolution == undefined){\n\t\t\t\t\t\t\trevslider_showDoubleJqueryError(\"#rev_slider_7_1\");\n\t\t\t\t\t\t}else{\n\t\t\t\t\t\t\trevapi7 = tpj(\"#rev_slider_7_1\").show().revolution({\n\t\t\t\t\t\t\t\tjsFileLocation:\"\/\/coro.meridianos.org\/wp-content\/plugins\/revslider\/public\/assets\/js\/\",\n\t\t\t\t\t\t\t\tsliderLayout:\"fullwidth\",\n\t\t\t\t\t\t\t\tdottedOverlay:\"twoxtwo\",\n\t\t\t\t\t\t\t\tvisibilityLevels:\"1240,1024,778,480\",\n\t\t\t\t\t\t\t\tgridwidth:1240,\n\t\t\t\t\t\t\t\tgridheight:350,\n\t\t\t\t\t\t\t\tminHeight:\"\",\n\t\t\t\t\t\t\t\tspinner:\"spinner2\",\n\t\t\t\t\t\t\t\teditorheight:\"350,768,960,720\",\n\t\t\t\t\t\t\t\tresponsiveLevels:\"1240,1024,778,480\",\n\t\t\t\t\t\t\t\tdisableProgressBar:\"on\",\n\t\t\t\t\t\t\t\tnavigation: {\n\t\t\t\t\t\t\t\t\tonHoverStop:false\n\t\t\t\t\t\t\t\t},\n\t\t\t\t\t\t\t\tfallbacks: {\n\t\t\t\t\t\t\t\t\tallowHTML5AutoPlayOnAndroid:true\n\t\t\t\t\t\t\t\t},\n\t\t\t\t\t\t\t});\n\t\t\t\t\t\t}\n\t\t\t\t\t\t\n\t\t\t\t\t});\n\t\t\t\t<\/script>\n\t\t\t\t<script>\n\t\t\t\t\tvar htmlDivCss = ' #rev_slider_7_1_wrapper rs-loader.spinner2{ background-color: #ffffff !important; } '\n\t\t\t\t\tvar htmlDiv = document.getElementById('rs-plugin-settings-inline-css');\n\t\t\t\t\tif(htmlDiv) {\n\t\t\t\t\t\thtmlDiv.innerHTML = htmlDiv.innerHTML + htmlDivCss;\n\t\t\t\t\t}else{\n\t\t\t\t\t\tvar htmlDiv = document.createElement('div');\n\t\t\t\t\t\thtmlDiv.innerHTML = '<style>' + htmlDivCss + '<\/style>';\n\t\t\t\t\t\tdocument.getElementsByTagName('head')[0].appendChild(htmlDiv.childNodes[0]);\n\t\t\t\t\t}\n\t\t\t\t<\/script>\n\t\t\t<\/rs-module-wrap>\n\t\t\t<!-- END REVOLUTION SLIDER -->\n<\/div><\/div><\/div><\/div><section data-vc-full-width=\"true\" data-vc-full-width-init=\"false\" class=\"vc_section vc_custom_1587548890814 vc_section-has-fill\"><div class=\"vc_row wpb_row vc_row-fluid\"><div class=\"wpb_column vc_column_container vc_col-sm-3\"><div class=\"vc_column-inner\"><div class=\"wpb_wrapper\"><\/div><\/div><\/div><div class=\"wpb_column vc_column_container vc_col-sm-6 vc_hidden-sm vc_hidden-xs\"><div class=\"vc_column-inner\"><div class=\"wpb_wrapper\"><div class=\"vc_empty_space\"   style=\"height: 32px\"><span class=\"vc_empty_space_inner\"><\/span><\/div><h1 class=' text-center '><\/p>\n<h3 class=\"gdlr-item-title gdlr-skin-title gdlr-skin-border\" style=\"text-align: center;\"><span style=\"color: #75c3c8;\">Direcci\u00f3n del Coro Meridianos<\/span><\/h3>\n<p><\/h1><div class=\" \"><div class=\"gdlr-item-caption gdlr-skin-info\" style=\"text-align: center;\">Contamos con un equipo altamente cualificado y motivado con el fin de ofrecer una oportunidad \u00fanica para el desarrollo personal, intelectual, cultural, social y profesional de los integrantes del coro. La <strong>direcci\u00f3n del coro est\u00e1 integrada<\/strong> por:<\/div>\n<\/div><div class=\"vc_empty_space\"   style=\"height: 32px\"><span class=\"vc_empty_space_inner\"><\/span><\/div><\/div><\/div><\/div><div class=\"wpb_column vc_column_container vc_col-sm-3\"><div class=\"vc_column-inner\"><div class=\"wpb_wrapper\"><\/div><\/div><\/div><\/div><div class=\"vc_row wpb_row vc_row-fluid vc_column-gap-20 vc_row-o-equal-height vc_row-flex\"><div class=\"wpb_column vc_column_container vc_col-sm-6 vc_hidden-sm vc_hidden-xs vc_col-has-fill\"><div class=\"vc_column-inner vc_custom_1588868055255\"><div class=\"wpb_wrapper\"><blockquote class=\"nk-testimonial-3\"><div class=\"nk-testimonial-photo\" style=\"background-image: url('https:\/\/coro.meridianos.org\/wp-content\/uploads\/2020\/04\/Rafael_foto.jpg');\"><\/div><div class=\"nk-testimonial-body\"><p>Nace en Sevilla, donde estudia piano, canto y direcci\u00f3n de coro en el conservatorio Superior de M\u00fasica. Ampl\u00eda su formaci\u00f3n en direcci\u00f3n de orquesta en Barcelona, Paris y Viena. Ha dirigido la Orquesta del Conservatorio Superior de Sevilla, la Orquesta de Girona (OdG), la Orquesta Joven Mu\u00f1oz Molleda, junto con otras formaciones musicales. Desde 2004, su trabajo como compositor y director musical en producciones teatrales le ha valido varios premios a nivel nacional. En 2012 fue galardonado con el reconocimiento de obra de inter\u00e9s cultural y art\u00edstico por su Ave Verum para coro de voces blancas y orquesta. <\/p>\n<\/div><div class=\"nk-testimonial-name nk-carousel-item-name h4\">Rafael Vega<\/div><div class=\"nk-testimonial-source\">Director<\/div><\/blockquote><div class=\"vc_empty_space\"   style=\"height: 5px\"><span class=\"vc_empty_space_inner\"><\/span><\/div><\/div><\/div><\/div><div class=\"wpb_column vc_column_container vc_col-sm-6 vc_hidden-sm vc_hidden-xs vc_col-has-fill\"><div class=\"vc_column-inner vc_custom_1588868046590\"><div class=\"wpb_wrapper\"><blockquote class=\"nk-testimonial-3\"><div class=\"nk-testimonial-photo\" style=\"background-image: url('https:\/\/coro.meridianos.org\/wp-content\/uploads\/2020\/05\/trigo.jpg');\"><\/div><div class=\"nk-testimonial-body\"><div class=\"personnel-content gdlr-skin-content\">\n<p>Alberto Alonso Trigo, es Licenciado en Ciencias Eclesi\u00e1sticas por la Universidad Pontificia de Salamanca, Master de educaci\u00f3n del profesorado en ense\u00f1anza secundaria en la especialidad de Geograf\u00eda e Historia por la Universidad Cat\u00f3lica de Murcia (UCAM). Desde los 90 ha realizado varias tareas de educaci\u00f3n no formal y coordinado iniciativas socioeducativas y de reinserci\u00f3n. En Meridianos ha ejercido como responsable de innovaci\u00f3n y es en la actualidad coordinador del proyecto Coro Meridianos, tarea que compagina con su labor docente en el Colegio San Antonio Mar\u00eda Claret.<\/p>\n<\/div>\n<\/div><div class=\"nk-testimonial-name nk-carousel-item-name h4\">Alberto Alonso Trigo<\/div><div class=\"nk-testimonial-source\">Coordinador<\/div><\/blockquote><div class=\"vc_empty_space\"   style=\"height: 5px\"><span class=\"vc_empty_space_inner\"><\/span><\/div><\/div><\/div><\/div><\/div><div class=\"vc_row wpb_row vc_row-fluid\"><div class=\"wpb_column vc_column_container vc_col-sm-3\"><div class=\"vc_column-inner\"><div class=\"wpb_wrapper\"><\/div><\/div><\/div><div class=\"wpb_column vc_column_container vc_col-sm-6 vc_hidden-sm vc_hidden-xs\"><div class=\"vc_column-inner\"><div class=\"wpb_wrapper\"><div class=\"vc_empty_space\"   style=\"height: 32px\"><span class=\"vc_empty_space_inner\"><\/span><\/div><h1 class=' text-center '><\/p>\n<h3 class=\"gdlr-item-title gdlr-skin-title gdlr-skin-border\" style=\"text-align: center;\"><span style=\"color: #75c3c8;\">Han colaborado con nosotros:<\/span><\/h3>\n<p><\/h1><div class=\"vc_empty_space\"   style=\"height: 12px\"><span class=\"vc_empty_space_inner\"><\/span><\/div><\/div><\/div><\/div><div class=\"wpb_column vc_column_container vc_col-sm-3\"><div class=\"vc_column-inner\"><div class=\"wpb_wrapper\"><\/div><\/div><\/div><\/div><div class=\"vc_row wpb_row vc_row-fluid vc_column-gap-20 vc_row-o-equal-height vc_row-flex\"><div class=\"wpb_column vc_column_container vc_col-sm-4 vc_hidden-sm vc_hidden-xs vc_col-has-fill\"><div class=\"vc_column-inner vc_custom_1588868055255\"><div class=\"wpb_wrapper\"><blockquote class=\"nk-testimonial-3\"><div class=\"nk-testimonial-photo\" style=\"background-image: url('https:\/\/coro.meridianos.org\/wp-content\/uploads\/2020\/04\/Irene_Fontana.jpg');\"><\/div><div class=\"nk-testimonial-body\"><p>Nace en Sevilla, donde termina sus estudios de violonchelo con sobresaliente. Recibe clases de profesores como Suzana Stefanovic, Claudio Baraviera, Gretchen Talbot, Orna Carmel, Israel Fausto Mart\u00ednez, Miguel Cari\u00f1ena y Mar\u00eda del Carmen Coronado. En su experiencia orquestal destaca la gira por China y Francia con la Orquesta \u00c1lvarez-Beigbeder, Orquesta B\u00e9tica Filarm\u00f3nica, Orquesta Joven del Bicentenario, Compa\u00f1\u00eda Sevillana de Zarzuela y Orquesta Hispania Filarm\u00f3nica, actuando en escenarios como el Teatro de la Maestranza, Gran Teatro de C\u00f3rdoba o el Teatro Central. Al mismo tiempo realiza estudios de canto en el conservatorio profesional de m\u00fasica \u201cCrist\u00f3bal de Morales\u201d con Cecilia Gallego, Aurora G\u00f3mez y Ester Alfaro, siendo miembro desde 2011 del Coro Joven de Andaluc\u00eda y recibiendo clases de Lambert Climent, Cristina Koch, Bridget M. Clark, Ana Huete, Marco Scavazza, Coral Morales, H\u00e9ctor E. M\u00e1rquez entre otros y siendo dirigida por Laurent Couson, Nayer Nagui , Michel Piquemal, Lluis Vilamajo, Carlos Aransay y Michael Thomas. Actualmente se encuentra finalizando el Grado en Qu\u00edmica por la Universidad de Sevilla.<\/p>\n<\/div><div class=\"nk-testimonial-name nk-carousel-item-name h4\">Irene Fontana<\/div><div class=\"nk-testimonial-source\">Profesora de Violonchelo<\/div><\/blockquote><div class=\"vc_empty_space\"   style=\"height: 5px\"><span class=\"vc_empty_space_inner\"><\/span><\/div><\/div><\/div><\/div><div class=\"wpb_column vc_column_container vc_col-sm-4 vc_hidden-sm vc_hidden-xs vc_col-has-fill\"><div class=\"vc_column-inner vc_custom_1588868046590\"><div class=\"wpb_wrapper\"><blockquote class=\"nk-testimonial-3\"><div class=\"nk-testimonial-photo\" style=\"background-image: url('https:\/\/coro.meridianos.org\/wp-content\/uploads\/2020\/04\/Araceli_Morales.jpg');\"><\/div><div class=\"nk-testimonial-body\"><p>Realiza sus estudios de viol\u00edn en Sevilla, donde recibe clases de profesores de la Real Orquesta Sinf\u00f3nica de Sevilla como Branislav Sissel y Yuri Managadze. Fue miembro de la Orquesta joven de Andaluc\u00eda y la Joven Orquesta Nacional de Espa\u00f1a y ha colaborado con orquestas j\u00f3venes como la nacional de Francia y Noruega, realizando giras por toda Europa. Tras obtener el t\u00edtulo superior de viol\u00edn, y estudiar en Valencia con el violinista Vicente Huerta, se especializa en m\u00fasica antigua en la Musikhochschule F\u00e9lix Mendelssohn Bartholdy. Leipzig. Trabaja con orquestas como la Ciudad de Granada, C\u00f3rdoba, Ciudad de Almer\u00eda, Teatro de la Maestranza, Postdam Kammer Music Orchestra, entre otras. Actualmente es violinista de diferentes grupos de c\u00e1mara como la Orquesta di la Strada, especializada con la difusi\u00f3n de la m\u00fasica cl\u00e1sica, el Parnaso espa\u00f1ol, dedicado a la recuperaci\u00f3n del patrimonio espa\u00f1ol del SXVIII y la Petit Opera Company. Ha sido profesora Viola y viol\u00edn de la Orquesta Joven e infantil de Almer\u00eda y ha colaborado como profesora de viol\u00edn de la Joven Orquesta de C\u00f3rdoba.<\/p>\n<\/div><div class=\"nk-testimonial-name nk-carousel-item-name h4\">Araceli Morales<\/div><div class=\"nk-testimonial-source\">Profesora de Viol\u00edn y Viola<\/div><\/blockquote><div class=\"vc_empty_space\"   style=\"height: 5px\"><span class=\"vc_empty_space_inner\"><\/span><\/div><\/div><\/div><\/div><div class=\"wpb_column vc_column_container vc_col-sm-4 vc_hidden-sm vc_hidden-xs vc_col-has-fill\"><div class=\"vc_column-inner vc_custom_1592477849879\"><div class=\"wpb_wrapper\"><blockquote class=\"nk-testimonial-3\"><div class=\"nk-testimonial-photo\" style=\"background-image: url('https:\/\/coro.meridianos.org\/wp-content\/uploads\/2020\/04\/gustavo.jpg');\"><\/div><div class=\"nk-testimonial-body\"><p>Natural de Jerez de la Frontera, cursa sus estudios superiores en Sevilla, compagin\u00e1ndolos con una Licenciatura en Filosof\u00eda. Posteriormente realiza un M\u00e1ster en la Guildhall School of Music de Londres. Ha sido miembro de la Orquesta Joven de Andaluc\u00eda, de la Britten-Pears Orchestra (Inglaterra) y de la Academia del Festival de Lucerna (Suiza). Premiado en varios concursos de m\u00fasica de c\u00e1mara (Aracena, Albox, St. Martin in the Fields) y por dos a\u00f1os consecutivos en el Concurso Nacional de Clarinete \u201cCiudad de Villanueva\u201d. Colabora asiduamente con orquestas nacionales como la Orquesta Sinf\u00f3nica de Madrid, la Real Orquesta Sinf\u00f3nica de Sevilla y la Orquesta Sinf\u00f3nica de Euskadi, y ha trabajado con directores de la talla de Sir Simon Rattle y Sir John Elliot Gardiner, entre otros. Es un activo int\u00e9rprete de m\u00fasica contempor\u00e1nea y experimental, y miembro fundador de Proyecto Ocnos. En el \u00e1mbito pedag\u00f3gico cuenta con varios a\u00f1os de experiencia y ha realizado varios cursos de metodolog\u00edas activas de la ense\u00f1anza musical y de direcci\u00f3n de coros infantiles.<\/p>\n<\/div><div class=\"nk-testimonial-name nk-carousel-item-name h4\">Gustavo A. Dom\u00ednguez<\/div><div class=\"nk-testimonial-source\">Subdirector<\/div><\/blockquote><div class=\"vc_empty_space\"   style=\"height: 5px\"><span class=\"vc_empty_space_inner\"><\/span><\/div><\/div><\/div><\/div><\/div><div class=\"vc_row wpb_row vc_row-fluid\"><div class=\"wpb_column vc_column_container vc_col-sm-12\"><div class=\"vc_column-inner\"><div class=\"wpb_wrapper\"><div class=\"vc_empty_space\"   style=\"height: 5px\"><span class=\"vc_empty_space_inner\"><\/span><\/div><\/div><\/div><\/div><\/div><\/section><div class=\"vc_row-full-width vc_clearfix\"><\/div><section data-vc-full-width=\"true\" data-vc-full-width-init=\"false\" class=\"vc_section vc_custom_1588868152152 vc_section-has-fill\"><div class=\"vc_row wpb_row vc_row-fluid\"><div class=\"wpb_column vc_column_container vc_col-sm-12 vc_hidden-lg vc_hidden-md\"><div class=\"vc_column-inner\"><div class=\"wpb_wrapper\"><div class=\"vc_empty_space\"   style=\"height: 45px\"><span class=\"vc_empty_space_inner\"><\/span><\/div><\/div><\/div><\/div><\/div><div class=\"vc_row wpb_row vc_row-fluid\"><div class=\"wpb_column vc_column_container vc_col-sm-3\"><div class=\"vc_column-inner\"><div class=\"wpb_wrapper\"><\/div><\/div><\/div><div class=\"wpb_column vc_column_container vc_col-sm-6 vc_hidden-lg vc_hidden-md\"><div class=\"vc_column-inner\"><div class=\"wpb_wrapper\"><div class=\"vc_empty_space\"   style=\"height: 32px\"><span class=\"vc_empty_space_inner\"><\/span><\/div><h1 class=' text-center '><\/p>\n<h3 class=\"gdlr-item-title gdlr-skin-title gdlr-skin-border\" style=\"text-align: center;\"><span style=\"color: #75c3c8;\">Direcci\u00f3n del Coro Meridianos<\/span><\/h3>\n<p><\/h1><div class=\" \"><div class=\"gdlr-item-caption gdlr-skin-info\" style=\"text-align: center;\">Contamos con un equipo altamente cualificado y motivado con el fin de ofrecer una oportunidad \u00fanica para el desarrollo personal, intelectual, cultural, social y profesional de los integrantes del coro. La <strong>direcci\u00f3n del coro est\u00e1 integrada<\/strong> por:<\/div>\n<\/div><div class=\"vc_empty_space\"   style=\"height: 32px\"><span class=\"vc_empty_space_inner\"><\/span><\/div><\/div><\/div><\/div><div class=\"wpb_column vc_column_container vc_col-sm-3\"><div class=\"vc_column-inner\"><div class=\"wpb_wrapper\"><\/div><\/div><\/div><\/div><div class=\"vc_row wpb_row vc_row-fluid vc_column-gap-20 vc_row-o-equal-height vc_row-flex\"><div class=\"wpb_column vc_column_container vc_col-sm-6 vc_hidden-lg vc_hidden-md vc_col-has-fill\"><div class=\"vc_column-inner vc_custom_1588868164004\"><div class=\"wpb_wrapper\"><blockquote class=\"nk-testimonial-3\"><div class=\"nk-testimonial-photo\" style=\"background-image: url('https:\/\/coro.meridianos.org\/wp-content\/uploads\/2020\/04\/Rafael_foto.jpg');\"><\/div><div class=\"nk-testimonial-body\"><p>Nace en Sevilla, donde estudia piano, canto y direcci\u00f3n de coro en el conservatorio Superior de M\u00fasica. Ampl\u00eda su formaci\u00f3n en direcci\u00f3n de orquesta en Barcelona, Paris y Viena. Ha dirigido la Orquesta del Conservatorio Superior de Sevilla, la Orquesta de Girona (OdG), la Orquesta Joven Mu\u00f1oz Molleda, junto con otras formaciones musicales. Desde 2004, su trabajo como compositor y director musical en producciones teatrales le ha valido varios premios a nivel nacional. En 2012 fue galardonado con el reconocimiento de obra de inter\u00e9s cultural y art\u00edstico por su Ave Verum para coro de voces blancas y orquesta. <\/p>\n<\/div><div class=\"nk-testimonial-name nk-carousel-item-name h4\">Rafael Vega<\/div><div class=\"nk-testimonial-source\">Director<\/div><\/blockquote><div class=\"vc_empty_space\"   style=\"height: 5px\"><span class=\"vc_empty_space_inner\"><\/span><\/div><\/div><\/div><\/div><div class=\"wpb_column vc_column_container vc_col-sm-6 vc_hidden-lg vc_hidden-md vc_col-has-fill\"><div class=\"vc_column-inner vc_custom_1588868170685\"><div class=\"wpb_wrapper\"><blockquote class=\"nk-testimonial-3\"><div class=\"nk-testimonial-photo\" style=\"background-image: url('https:\/\/coro.meridianos.org\/wp-content\/uploads\/2020\/05\/trigo.jpg');\"><\/div><div class=\"nk-testimonial-body\"><div class=\"personnel-content gdlr-skin-content\">\n<p>Alberto Alonso Trigo, es Licenciado en Ciencias Eclesi\u00e1sticas por la Universidad Pontificia de Salamanca, Master de educaci\u00f3n del profesorado en ense\u00f1anza secundaria en la especialidad de Geograf\u00eda e Historia por la Universidad Cat\u00f3lica de Murcia (UCAM). Desde los 90 ha realizado varias tareas de educaci\u00f3n no formal y coordinado iniciativas socioeducativas y de reinserci\u00f3n. En Meridianos ha ejercido como responsable de innovaci\u00f3n y es en la actualidad coordinador del proyecto Coro Meridianos, tarea que compagina con su labor docente en el Colegio San Antonio Mar\u00eda Claret.<\/p>\n<\/div>\n<\/div><div class=\"nk-testimonial-name nk-carousel-item-name h4\">Alberto Alonso Trigo<\/div><div class=\"nk-testimonial-source\">Coordinador<\/div><\/blockquote><div class=\"vc_empty_space\"   style=\"height: 5px\"><span class=\"vc_empty_space_inner\"><\/span><\/div><\/div><\/div><\/div><\/div><div class=\"vc_row wpb_row vc_row-fluid\"><div class=\"wpb_column vc_column_container vc_col-sm-3\"><div class=\"vc_column-inner\"><div class=\"wpb_wrapper\"><\/div><\/div><\/div><div class=\"wpb_column vc_column_container vc_col-sm-6 vc_hidden-lg vc_hidden-md\"><div class=\"vc_column-inner\"><div class=\"wpb_wrapper\"><div class=\"vc_empty_space\"   style=\"height: 32px\"><span class=\"vc_empty_space_inner\"><\/span><\/div><h1 class=' text-center '><\/p>\n<h3 class=\"gdlr-item-title gdlr-skin-title gdlr-skin-border\" style=\"text-align: center;\"><span style=\"color: #75c3c8;\">Han colaborado con nosotros:<\/span><\/h3>\n<p><\/h1><div class=\"vc_empty_space\"   style=\"height: 12px\"><span class=\"vc_empty_space_inner\"><\/span><\/div><\/div><\/div><\/div><div class=\"wpb_column vc_column_container vc_col-sm-3\"><div class=\"vc_column-inner\"><div class=\"wpb_wrapper\"><\/div><\/div><\/div><\/div><div class=\"vc_row wpb_row vc_row-fluid vc_column-gap-20 vc_row-o-equal-height vc_row-flex\"><div class=\"wpb_column vc_column_container vc_col-sm-4 vc_hidden-lg vc_hidden-md vc_col-has-fill\"><div class=\"vc_column-inner vc_custom_1588868164004\"><div class=\"wpb_wrapper\"><blockquote class=\"nk-testimonial-3\"><div class=\"nk-testimonial-photo\" style=\"background-image: url('https:\/\/coro.meridianos.org\/wp-content\/uploads\/2020\/04\/Irene_Fontana.jpg');\"><\/div><div class=\"nk-testimonial-body\"><p>Nace en Sevilla, donde termina sus estudios de violonchelo con sobresaliente. Recibe clases de profesores como Suzana Stefanovic, Claudio Baraviera, Gretchen Talbot, Orna Carmel, Israel Fausto Mart\u00ednez, Miguel Cari\u00f1ena y Mar\u00eda del Carmen Coronado. En su experiencia orquestal destaca la gira por China y Francia con la Orquesta \u00c1lvarez-Beigbeder, Orquesta B\u00e9tica Filarm\u00f3nica, Orquesta Joven del Bicentenario, Compa\u00f1\u00eda Sevillana de Zarzuela y Orquesta Hispania Filarm\u00f3nica, actuando en escenarios como el Teatro de la Maestranza, Gran Teatro de C\u00f3rdoba o el Teatro Central. Al mismo tiempo realiza estudios de canto en el conservatorio profesional de m\u00fasica \u201cCrist\u00f3bal de Morales\u201d con Cecilia Gallego, Aurora G\u00f3mez y Ester Alfaro, siendo miembro desde 2011 del Coro Joven de Andaluc\u00eda y recibiendo clases de Lambert Climent, Cristina Koch, Bridget M. Clark, Ana Huete, Marco Scavazza, Coral Morales, H\u00e9ctor E. M\u00e1rquez entre otros y siendo dirigida por Laurent Couson, Nayer Nagui , Michel Piquemal, Lluis Vilamajo, Carlos Aransay y Michael Thomas. Actualmente se encuentra finalizando el Grado en Qu\u00edmica por la Universidad de Sevilla.<\/p>\n<\/div><div class=\"nk-testimonial-name nk-carousel-item-name h4\">Irene Fontana<\/div><div class=\"nk-testimonial-source\">Profesora de Violonchelo<\/div><\/blockquote><div class=\"vc_empty_space\"   style=\"height: 5px\"><span class=\"vc_empty_space_inner\"><\/span><\/div><\/div><\/div><\/div><div class=\"wpb_column vc_column_container vc_col-sm-4 vc_hidden-lg vc_hidden-md vc_col-has-fill\"><div class=\"vc_column-inner vc_custom_1588868170685\"><div class=\"wpb_wrapper\"><blockquote class=\"nk-testimonial-3\"><div class=\"nk-testimonial-photo\" style=\"background-image: url('https:\/\/coro.meridianos.org\/wp-content\/uploads\/2020\/04\/Araceli_Morales.jpg');\"><\/div><div class=\"nk-testimonial-body\"><p>Realiza sus estudios de viol\u00edn en Sevilla, donde recibe clases de profesores de la Real Orquesta Sinf\u00f3nica de Sevilla como Branislav Sissel y Yuri Managadze. Fue miembro de la Orquesta joven de Andaluc\u00eda y la Joven Orquesta Nacional de Espa\u00f1a y ha colaborado con orquestas j\u00f3venes como la nacional de Francia y Noruega, realizando giras por toda Europa. Tras obtener el t\u00edtulo superior de viol\u00edn, y estudiar en Valencia con el violinista Vicente Huerta, se especializa en m\u00fasica antigua en la Musikhochschule F\u00e9lix Mendelssohn Bartholdy. Leipzig. Trabaja con orquestas como la Ciudad de Granada, C\u00f3rdoba, Ciudad de Almer\u00eda, Teatro de la Maestranza, Postdam Kammer Music Orchestra, entre otras. Actualmente es violinista de diferentes grupos de c\u00e1mara como la Orquesta di la Strada, especializada con la difusi\u00f3n de la m\u00fasica cl\u00e1sica, el Parnaso espa\u00f1ol, dedicado a la recuperaci\u00f3n del patrimonio espa\u00f1ol del SXVIII y la Petit Opera Company. Ha sido profesora Viola y viol\u00edn de la Orquesta Joven e infantil de Almer\u00eda y ha colaborado como profesora de viol\u00edn de la Joven Orquesta de C\u00f3rdoba.<\/p>\n<\/div><div class=\"nk-testimonial-name nk-carousel-item-name h4\">Araceli Morales<\/div><div class=\"nk-testimonial-source\">Profesora de Viol\u00edn y Viola<\/div><\/blockquote><div class=\"vc_empty_space\"   style=\"height: 5px\"><span class=\"vc_empty_space_inner\"><\/span><\/div><\/div><\/div><\/div><div class=\"wpb_column vc_column_container vc_col-sm-4 vc_hidden-lg vc_hidden-md vc_col-has-fill\"><div class=\"vc_column-inner vc_custom_1590589229518\"><div class=\"wpb_wrapper\"><blockquote class=\"nk-testimonial-3\"><div class=\"nk-testimonial-photo\" style=\"background-image: url('https:\/\/coro.meridianos.org\/wp-content\/uploads\/2020\/04\/gustavo.jpg');\"><\/div><div class=\"nk-testimonial-body\"><p>Natural de Jerez de la Frontera, cursa sus estudios superiores en Sevilla, compagin\u00e1ndolos con una Licenciatura en Filosof\u00eda. Posteriormente realiza un M\u00e1ster en la Guildhall School of Music de Londres. Ha sido miembro de la Orquesta Joven de Andaluc\u00eda, de la Britten-Pears Orchestra (Inglaterra) y de la Academia del Festival de Lucerna (Suiza). Premiado en varios concursos de m\u00fasica de c\u00e1mara (Aracena, Albox, St. Martin in the Fields) y por dos a\u00f1os consecutivos en el Concurso Nacional de Clarinete \u201cCiudad de Villanueva\u201d. Colabora asiduamente con orquestas nacionales como la Orquesta Sinf\u00f3nica de Madrid, la Real Orquesta Sinf\u00f3nica de Sevilla y la Orquesta Sinf\u00f3nica de Euskadi, y ha trabajado con directores de la talla de Sir Simon Rattle y Sir John Elliot Gardiner, entre otros. Es un activo int\u00e9rprete de m\u00fasica contempor\u00e1nea y experimental, y miembro fundador de Proyecto Ocnos. En el \u00e1mbito pedag\u00f3gico cuenta con varios a\u00f1os de experiencia y ha realizado varios cursos de metodolog\u00edas activas de la ense\u00f1anza musical y de direcci\u00f3n de coros infantiles.<\/p>\n<\/div><div class=\"nk-testimonial-name nk-carousel-item-name h4\">Gustavo A. Dom\u00ednguez<\/div><div class=\"nk-testimonial-source\">Subdirector<\/div><\/blockquote><div class=\"vc_empty_space\"   style=\"height: 5px\"><span class=\"vc_empty_space_inner\"><\/span><\/div><\/div><\/div><\/div><\/div><div class=\"vc_row wpb_row vc_row-fluid\"><div class=\"wpb_column vc_column_container vc_col-sm-12\"><div class=\"vc_column-inner\"><div class=\"wpb_wrapper\"><div class=\"vc_empty_space\"   style=\"height: 5px\"><span class=\"vc_empty_space_inner\"><\/span><\/div><\/div><\/div><\/div><\/div><\/section><div class=\"vc_row-full-width vc_clearfix\"><\/div><div data-vc-full-width=\"true\" data-vc-full-width-init=\"false\" data-vc-stretch-content=\"true\" class=\"vc_row wpb_row vc_row-fluid vc_custom_1588691816788 vc_row-has-fill vc_row-no-padding\"><div class=\"wpb_column vc_column_container vc_col-sm-12\"><div class=\"vc_column-inner\"><div class=\"wpb_wrapper\"><div class=\"vc_empty_space\"   style=\"height: 370px\"><span class=\"vc_empty_space_inner\"><\/span><\/div><\/div><\/div><\/div><\/div><div class=\"vc_row-full-width vc_clearfix\"><\/div>\n","protected":false},"excerpt":{"rendered":"Equipo de profesionales Direcci\u00f3n del Coro Meridianos Contamos con un equipo altamente cualificado y motivado con el fin de ofrecer una oportunidad \u00fanica para el desarrollo personal, intelectual, cultural, social y profesional de los integrantes del coro. La direcci\u00f3n del coro est\u00e1 integrada por: Nace en Sevilla, donde estudia piano, canto y direcci\u00f3n de coro [...]","protected":false},"author":5,"featured_media":0,"parent":0,"menu_order":0,"comment_status":"closed","ping_status":"closed","template":"","meta":[],"_links":{"self":[{"href":"https:\/\/coro.meridianos.org\/index.php\/wp-json\/wp\/v2\/pages\/4329"}],"collection":[{"href":"https:\/\/coro.meridianos.org\/index.php\/wp-json\/wp\/v2\/pages"}],"about":[{"href":"https:\/\/coro.meridianos.org\/index.php\/wp-json\/wp\/v2\/types\/page"}],"author":[{"embeddable":true,"href":"https:\/\/coro.meridianos.org\/index.php\/wp-json\/wp\/v2\/users\/5"}],"replies":[{"embeddable":true,"href":"https:\/\/coro.meridianos.org\/index.php\/wp-json\/wp\/v2\/comments?post=4329"}],"version-history":[{"count":95,"href":"https:\/\/coro.meridianos.org\/index.php\/wp-json\/wp\/v2\/pages\/4329\/revisions"}],"predecessor-version":[{"id":6420,"href":"https:\/\/coro.meridianos.org\/index.php\/wp-json\/wp\/v2\/pages\/4329\/revisions\/6420"}],"wp:attachment":[{"href":"https:\/\/coro.meridianos.org\/index.php\/wp-json\/wp\/v2\/media?parent=4329"}],"curies":[{"name":"wp","href":"https:\/\/api.w.org\/{rel}","templated":true}]}}