{"id":4296,"date":"2014-02-26T11:05:46","date_gmt":"2014-02-26T11:05:46","guid":{"rendered":"https:\/\/coro.meridianos.org\/?page_id=4296"},"modified":"2020-05-07T16:35:09","modified_gmt":"2020-05-07T15:35:09","slug":"que-es-el-coro-meridianos-2","status":"publish","type":"page","link":"https:\/\/coro.meridianos.org\/index.php\/que-es-el-coro-meridianos-2\/","title":{"rendered":"\u00bfQu\u00e9 es el coro meridianos?"},"content":{"rendered":"<div class=\"vc_row wpb_row vc_row-fluid vc_custom_1587712889406\"><div class=\"wpb_column vc_column_container vc_col-sm-12\"><div class=\"vc_column-inner\"><div class=\"wpb_wrapper\"><div class=\"ult-spacer spacer-69ee16d925a57\" data-id=\"69ee16d925a57\" data-height=\"0\" data-height-mobile=\"100\" data-height-tab=\"0\" data-height-tab-portrait=\"100\" data-height-mobile-landscape=\"100\" style=\"clear:both;display:block;\"><\/div>\n\t\t\t<!-- START \u00bfQu\u00e9 es el Coro Meridianos? REVOLUTION SLIDER 6.1.5 --><p class=\"rs-p-wp-fix\"><\/p>\n\t\t\t<rs-module-wrap id=\"rev_slider_5_1_wrapper\" data-source=\"gallery\" style=\"background:transparent;padding:0;margin:0px auto;margin-top:0;margin-bottom:0;\">\n\t\t\t\t<rs-module id=\"rev_slider_5_1\" style=\"display:none;\" data-version=\"6.1.5\">\n\t\t\t\t\t<rs-slides>\n\t\t\t\t\t\t<rs-slide data-key=\"rs-6\" data-title=\"Slide\" data-anim=\"ei:d;eo:d;s:1000;r:0;t:fade;sl:0;\">\n\t\t\t\t\t\t\t<img src=\"\/\/coro.meridianos.org\/wp-content\/uploads\/2020\/04\/negro2.jpg\" title=\"negro2\" width=\"1920\" height=\"1080\" class=\"rev-slidebg\" data-no-retina>\n\t\t\t\t\t\t\t<rs-bgvideo \n\t\t\t\t\t\t\t\tdata-video=\"w:100%;h:100%;nse:false;l:true;ptimer:true;\"\n\t\t\t\t\t\t\t\tdata-mp4=\"\/\/coro.meridianos.org\/wp-content\/uploads\/2020\/04\/classical-music-8VP2JVV.mp4\"\n\t\t\t\t\t\t\t><\/rs-bgvideo>\n<!--\n\t\t\t\t\t\t\t--><rs-layer\n\t\t\t\t\t\t\t\tid=\"slider-5-slide-6-layer-0\" \n\t\t\t\t\t\t\t\tdata-type=\"text\"\n\t\t\t\t\t\t\t\tdata-color=\"#ffffff\"\n\t\t\t\t\t\t\t\tdata-rsp_ch=\"on\"\n\t\t\t\t\t\t\t\tdata-xy=\"x:c;y:c;yo:30px;\"\n\t\t\t\t\t\t\t\tdata-text=\"w:normal;s:25;\"\n\t\t\t\t\t\t\t\tdata-frame_999=\"o:0;st:w;\"\n\t\t\t\t\t\t\t\tstyle=\"z-index:5;font-family:Roboto;\"\n\t\t\t\t\t\t\t><h2 class=\"nk-title-back text-center op-7\" style=\"padding-bottom: 0px; text-align: center;\"><span style=\"color: #ffffff;\">\u00bfQu\u00e9 es el Coro Meridianos?<br \/>\n<\/span><\/h2> \n\t\t\t\t\t\t\t<\/rs-layer><!--\n-->\t\t\t\t\t\t<\/rs-slide>\n\t\t\t\t\t<\/rs-slides>\n\t\t\t\t\t<rs-progress class=\"rs-bottom\" style=\"visibility: hidden !important;\"><\/rs-progress>\n\t\t\t\t<\/rs-module>\n\t\t\t\t<script type=\"text\/javascript\">\n\t\t\t\t\tsetREVStartSize({c: 'rev_slider_5_1',rl:[1240,1024,778,480],el:[350],gw:[1240],gh:[350],layout:'fullwidth',mh:\"0\"});\n\t\t\t\t\tvar\trevapi5,\n\t\t\t\t\t\ttpj;\n\t\t\t\t\tjQuery(function() {\n\t\t\t\t\t\ttpj = jQuery;\n\t\t\t\t\t\tif(tpj(\"#rev_slider_5_1\").revolution == undefined){\n\t\t\t\t\t\t\trevslider_showDoubleJqueryError(\"#rev_slider_5_1\");\n\t\t\t\t\t\t}else{\n\t\t\t\t\t\t\trevapi5 = tpj(\"#rev_slider_5_1\").show().revolution({\n\t\t\t\t\t\t\t\tjsFileLocation:\"\/\/coro.meridianos.org\/wp-content\/plugins\/revslider\/public\/assets\/js\/\",\n\t\t\t\t\t\t\t\tsliderLayout:\"fullwidth\",\n\t\t\t\t\t\t\t\tdottedOverlay:\"twoxtwo\",\n\t\t\t\t\t\t\t\tvisibilityLevels:\"1240,1024,778,480\",\n\t\t\t\t\t\t\t\tgridwidth:1240,\n\t\t\t\t\t\t\t\tgridheight:350,\n\t\t\t\t\t\t\t\tminHeight:\"\",\n\t\t\t\t\t\t\t\tspinner:\"spinner2\",\n\t\t\t\t\t\t\t\teditorheight:\"350,768,960,720\",\n\t\t\t\t\t\t\t\tresponsiveLevels:\"1240,1024,778,480\",\n\t\t\t\t\t\t\t\tdisableProgressBar:\"on\",\n\t\t\t\t\t\t\t\tnavigation: {\n\t\t\t\t\t\t\t\t\tonHoverStop:false\n\t\t\t\t\t\t\t\t},\n\t\t\t\t\t\t\t\tfallbacks: {\n\t\t\t\t\t\t\t\t\tallowHTML5AutoPlayOnAndroid:true\n\t\t\t\t\t\t\t\t},\n\t\t\t\t\t\t\t});\n\t\t\t\t\t\t}\n\t\t\t\t\t\t\n\t\t\t\t\t});\n\t\t\t\t<\/script>\n\t\t\t\t<script>\n\t\t\t\t\tvar htmlDivCss = ' #rev_slider_5_1_wrapper rs-loader.spinner2{ background-color: #ffffff !important; } '\n\t\t\t\t\tvar htmlDiv = document.getElementById('rs-plugin-settings-inline-css');\n\t\t\t\t\tif(htmlDiv) {\n\t\t\t\t\t\thtmlDiv.innerHTML = htmlDiv.innerHTML + htmlDivCss;\n\t\t\t\t\t}else{\n\t\t\t\t\t\tvar htmlDiv = document.createElement('div');\n\t\t\t\t\t\thtmlDiv.innerHTML = '<style>' + htmlDivCss + '<\/style>';\n\t\t\t\t\t\tdocument.getElementsByTagName('head')[0].appendChild(htmlDiv.childNodes[0]);\n\t\t\t\t\t}\n\t\t\t\t<\/script>\n\t\t\t<\/rs-module-wrap>\n\t\t\t<!-- END REVOLUTION SLIDER -->\n<\/div><\/div><\/div><\/div><div class=\"vc_row wpb_row vc_row-fluid\"><div class=\"wpb_column vc_column_container vc_col-sm-2\"><div class=\"vc_column-inner\"><div class=\"wpb_wrapper\"><\/div><\/div><\/div><div class=\"wpb_column vc_column_container vc_col-sm-8\"><div class=\"vc_column-inner\"><div class=\"wpb_wrapper\"><div class=\"vc_empty_space\"   style=\"height: 50px\"><span class=\"vc_empty_space_inner\"><\/span><\/div>\n\t<div  class=\"wpb_single_image wpb_content_element vc_align_center\">\n\t\t\n\t\t<figure class=\"wpb_wrapper vc_figure\">\n\t\t\t<div class=\"vc_single_image-wrapper   vc_box_border_grey\"><img width=\"600\" height=\"181\" src=\"https:\/\/coro.meridianos.org\/wp-content\/uploads\/2020\/05\/logocoro.png\" class=\"vc_single_image-img attachment-full\" alt=\"\" loading=\"lazy\" srcset=\"https:\/\/coro.meridianos.org\/wp-content\/uploads\/2020\/05\/logocoro.png 600w, https:\/\/coro.meridianos.org\/wp-content\/uploads\/2020\/05\/logocoro-300x91.png 300w, https:\/\/coro.meridianos.org\/wp-content\/uploads\/2020\/05\/logocoro-500x151.png 500w, https:\/\/coro.meridianos.org\/wp-content\/uploads\/2020\/05\/logocoro-48x14.png 48w, https:\/\/coro.meridianos.org\/wp-content\/uploads\/2020\/05\/logocoro-90x27.png 90w, https:\/\/coro.meridianos.org\/wp-content\/uploads\/2020\/05\/logocoro-150x45.png 150w, https:\/\/coro.meridianos.org\/wp-content\/uploads\/2020\/05\/logocoro-200x60.png 200w, https:\/\/coro.meridianos.org\/wp-content\/uploads\/2020\/05\/logocoro-400x121.png 400w\" sizes=\"(max-width: 600px) 100vw, 600px\" \/><\/div>\n\t\t<\/figure>\n\t<\/div>\n\n\t<div class=\"wpb_text_column wpb_content_element \" >\n\t\t<div class=\"wpb_wrapper\">\n\t\t\t<p class=\"p1\" style=\"text-align: center; font-size: 18px; line-height: 23px;\"><strong>En Meridianos,<\/strong> creemos que el est\u00edmulo de las capacidades y talentos motiva el esfuerzo,<br \/>\nla disciplina y ofrece sentido y objetivos a largo plazo.<\/p>\n\n\t\t<\/div>\n\t<\/div>\n<div class=\"vc_empty_space\"   style=\"height: 5px\"><span class=\"vc_empty_space_inner\"><\/span><\/div><\/div><\/div><\/div><div class=\"wpb_column vc_column_container vc_col-sm-2\"><div class=\"vc_column-inner\"><div class=\"wpb_wrapper\"><\/div><\/div><\/div><\/div><div class=\"vc_row wpb_row vc_row-fluid\"><div class=\"wpb_column vc_column_container vc_col-sm-12\"><div class=\"vc_column-inner\"><div class=\"wpb_wrapper\"><div class=\"nk-plain-video  \" data-video=\"https:\/\/vimeo.com\/263297516\"><\/div><div class=\"vc_empty_space\"   style=\"height: 32px\"><span class=\"vc_empty_space_inner\"><\/span><\/div><\/div><\/div><\/div><\/div><div class=\"vc_row wpb_row vc_row-fluid vc_row-o-content-bottom vc_row-flex\"><div class=\"wpb_column vc_column_container vc_col-sm-7\"><div class=\"vc_column-inner\"><div class=\"wpb_wrapper\"><div class=\"vc_empty_space\"   style=\"height: 20px\"><span class=\"vc_empty_space_inner\"><\/span><\/div><h1 class=' nk-title text-left '><\/p>\n<h3 class=\"gdlr-item-title gdlr-skin-title gdlr-skin-border\">\u00bfQu\u00e9 perseguimos?<\/h3>\n<p><\/h1><div class=\"vc_empty_space\"   style=\"height: 20px\"><span class=\"vc_empty_space_inner\"><\/span><\/div><div class=\"  nk-ibox-1\"><div class=\"nk-ibox-icon\"><span class=\"fas fa-users\"><\/span><\/div><div class=\"nk-ibox-cont\"><h3 class=\"nk-ibox-title\">Integraci\u00f3n<\/h3><div class=\"list-with-icon-caption\">\n<p>Acercamos el aprendizaje musical a menores que se encuentran en situaci\u00f3n de vulnerabilidad, tanto por carencias culturales y como por su situaci\u00f3n socioecon\u00f3mica.<\/p>\n<\/div>\n<\/div><\/div><div class=\"vc_separator wpb_content_element vc_separator_align_center vc_sep_width_100 vc_sep_pos_align_center vc_separator_no_text vc_sep_color_grey\" ><span class=\"vc_sep_holder vc_sep_holder_l\"><span  class=\"vc_sep_line\"><\/span><\/span><span class=\"vc_sep_holder vc_sep_holder_r\"><span  class=\"vc_sep_line\"><\/span><\/span>\n<\/div><div class=\"vc_empty_space\"   style=\"height: 5px\"><span class=\"vc_empty_space_inner\"><\/span><\/div><div class=\"  nk-ibox-1\"><div class=\"nk-ibox-icon\"><span class=\"ion-ios-musical-notes\"><\/span><\/div><div class=\"nk-ibox-cont\"><h3 class=\"nk-ibox-title\">Excelencia<\/h3><div class=\"list-with-icon-caption\">\n<div class=\"list-with-icon-caption\">\n<p>En Meridianos apostamos por una formaci\u00f3n musical de calidad para ni\u00f1os con altas capacidades musicales, que contribuya a su desarrollo integral y les abra las puertas al mundo de la m\u00fasica.<\/p>\n<\/div>\n<\/div>\n<\/div><\/div><div class=\"vc_separator wpb_content_element vc_separator_align_center vc_sep_width_100 vc_sep_pos_align_center vc_separator_no_text vc_sep_color_grey\" ><span class=\"vc_sep_holder vc_sep_holder_l\"><span  class=\"vc_sep_line\"><\/span><\/span><span class=\"vc_sep_holder vc_sep_holder_r\"><span  class=\"vc_sep_line\"><\/span><\/span>\n<\/div><div class=\"vc_empty_space\"   style=\"height: 5px\"><span class=\"vc_empty_space_inner\"><\/span><\/div><div class=\"  nk-ibox-1\"><div class=\"nk-ibox-icon\"><span class=\"fas fa-flag\"><\/span><\/div><div class=\"nk-ibox-cont\"><h3 class=\"nk-ibox-title\">Implicaci\u00f3n del barrio<\/h3><div class=\"list-with-icon-caption\">\n<div class=\"list-with-icon-caption\">\n<p>La vinculaci\u00f3n con el barrio contribuye a la cooperaci\u00f3n, el intercambio y el cultivo de valores, que inciden en la transformaci\u00f3n del ni\u00f1o y el entorno.<\/p>\n<\/div>\n<\/div>\n<\/div><\/div><div class=\"vc_separator wpb_content_element vc_separator_align_center vc_sep_width_100 vc_sep_pos_align_center vc_separator_no_text vc_sep_color_grey\" ><span class=\"vc_sep_holder vc_sep_holder_l\"><span  class=\"vc_sep_line\"><\/span><\/span><span class=\"vc_sep_holder vc_sep_holder_r\"><span  class=\"vc_sep_line\"><\/span><\/span>\n<\/div><div class=\"vc_empty_space\"   style=\"height: 5px\"><span class=\"vc_empty_space_inner\"><\/span><\/div><div class=\"  nk-ibox-1\"><div class=\"nk-ibox-icon\"><span class=\"far fa-calendar-alt\"><\/span><\/div><div class=\"nk-ibox-cont\"><h3 class=\"nk-ibox-title\">Estabilidad<\/h3><div class=\"list-with-icon-caption\">\n<div class=\"list-with-icon-caption\">\n<p>Superaci\u00f3n y esfuerzo continuado. Ofrecemos al ni\u00f1o una nueva visi\u00f3n que sirva como inversi\u00f3n a largo plazo.<\/p>\n<\/div>\n<\/div>\n<\/div><\/div><div class=\"vc_separator wpb_content_element vc_separator_align_center vc_sep_width_100 vc_sep_pos_align_center vc_separator_no_text vc_sep_color_grey\" ><span class=\"vc_sep_holder vc_sep_holder_l\"><span  class=\"vc_sep_line\"><\/span><\/span><span class=\"vc_sep_holder vc_sep_holder_r\"><span  class=\"vc_sep_line\"><\/span><\/span>\n<\/div><div class=\"vc_empty_space\"   style=\"height: 5px\"><span class=\"vc_empty_space_inner\"><\/span><\/div><div class=\"  nk-ibox-1\"><div class=\"nk-ibox-icon\"><span class=\"ion-md-heart\"><\/span><\/div><div class=\"nk-ibox-cont\"><h3 class=\"nk-ibox-title\">Escuela de vida<\/h3><div class=\"list-with-icon-caption\">\n<div class=\"list-with-icon-caption\">\n<p>Buscamos educar aptitudes y actitudes ante la vida como la responsabilidad, la capacidad de trabajo en equipo y la organizaci\u00f3n de tiempo y tareas.<\/p>\n<\/div>\n<\/div>\n<\/div><\/div><div class=\"vc_separator wpb_content_element vc_separator_align_center vc_sep_width_100 vc_sep_pos_align_center vc_separator_no_text vc_sep_color_grey\" ><span class=\"vc_sep_holder vc_sep_holder_l\"><span  class=\"vc_sep_line\"><\/span><\/span><span class=\"vc_sep_holder vc_sep_holder_r\"><span  class=\"vc_sep_line\"><\/span><\/span>\n<\/div><div class=\"vc_empty_space\"   style=\"height: 5px\"><span class=\"vc_empty_space_inner\"><\/span><\/div><div class=\"  nk-ibox-1\"><div class=\"nk-ibox-icon\"><span class=\"ion-ios-star\"><\/span><\/div><div class=\"nk-ibox-cont\"><h3 class=\"nk-ibox-title\">Conciertos<\/h3><div class=\"list-with-icon-caption\">\n<div class=\"list-with-icon-caption\">\n<p>El concierto es un premio, pero no el objetivo \u00fanico. Es la manera de ver plasmado el esfuerzo en un reconocimiento p\u00fablico.<\/p>\n<\/div>\n<\/div>\n<\/div><\/div><div class=\"vc_separator wpb_content_element vc_separator_align_center vc_sep_width_100 vc_sep_pos_align_center vc_separator_no_text vc_sep_color_grey\" ><span class=\"vc_sep_holder vc_sep_holder_l\"><span  class=\"vc_sep_line\"><\/span><\/span><span class=\"vc_sep_holder vc_sep_holder_r\"><span  class=\"vc_sep_line\"><\/span><\/span>\n<\/div><\/div><\/div><\/div><div class=\"wpb_column vc_column_container vc_col-sm-5\"><div class=\"vc_column-inner\"><div class=\"wpb_wrapper\">\n\t<div  class=\"wpb_single_image wpb_content_element vc_align_left  vc_custom_1587050534417\">\n\t\t\n\t\t<figure class=\"wpb_wrapper vc_figure\">\n\t\t\t<div class=\"vc_single_image-wrapper   vc_box_border_grey\"><img width=\"700\" height=\"1407\" src=\"https:\/\/coro.meridianos.org\/wp-content\/uploads\/2020\/04\/piano3.png\" class=\"vc_single_image-img attachment-full\" alt=\"\" loading=\"lazy\" srcset=\"https:\/\/coro.meridianos.org\/wp-content\/uploads\/2020\/04\/piano3.png 700w, https:\/\/coro.meridianos.org\/wp-content\/uploads\/2020\/04\/piano3-149x300.png 149w, https:\/\/coro.meridianos.org\/wp-content\/uploads\/2020\/04\/piano3-509x1024.png 509w, https:\/\/coro.meridianos.org\/wp-content\/uploads\/2020\/04\/piano3-500x1005.png 500w, https:\/\/coro.meridianos.org\/wp-content\/uploads\/2020\/04\/piano3-48x96.png 48w, https:\/\/coro.meridianos.org\/wp-content\/uploads\/2020\/04\/piano3-90x181.png 90w, https:\/\/coro.meridianos.org\/wp-content\/uploads\/2020\/04\/piano3-150x302.png 150w, https:\/\/coro.meridianos.org\/wp-content\/uploads\/2020\/04\/piano3-200x402.png 200w, https:\/\/coro.meridianos.org\/wp-content\/uploads\/2020\/04\/piano3-300x603.png 300w, https:\/\/coro.meridianos.org\/wp-content\/uploads\/2020\/04\/piano3-400x804.png 400w, https:\/\/coro.meridianos.org\/wp-content\/uploads\/2020\/04\/piano3-600x1206.png 600w\" sizes=\"(max-width: 700px) 100vw, 700px\" \/><\/div>\n\t\t<\/figure>\n\t<\/div>\n<\/div><\/div><\/div><\/div>\n","protected":false},"excerpt":{"rendered":"\u00bfQu\u00e9 es el Coro Meridianos? En Meridianos, creemos que el est\u00edmulo de las capacidades y talentos motiva el esfuerzo, la disciplina y ofrece sentido y objetivos a largo plazo. \u00bfQu\u00e9 perseguimos? Integraci\u00f3n Acercamos el aprendizaje musical a menores que se encuentran en situaci\u00f3n de vulnerabilidad, tanto por carencias culturales y como por su situaci\u00f3n socioecon\u00f3mica. [...]","protected":false},"author":5,"featured_media":0,"parent":0,"menu_order":0,"comment_status":"closed","ping_status":"closed","template":"","meta":[],"_links":{"self":[{"href":"https:\/\/coro.meridianos.org\/index.php\/wp-json\/wp\/v2\/pages\/4296"}],"collection":[{"href":"https:\/\/coro.meridianos.org\/index.php\/wp-json\/wp\/v2\/pages"}],"about":[{"href":"https:\/\/coro.meridianos.org\/index.php\/wp-json\/wp\/v2\/types\/page"}],"author":[{"embeddable":true,"href":"https:\/\/coro.meridianos.org\/index.php\/wp-json\/wp\/v2\/users\/5"}],"replies":[{"embeddable":true,"href":"https:\/\/coro.meridianos.org\/index.php\/wp-json\/wp\/v2\/comments?post=4296"}],"version-history":[{"count":47,"href":"https:\/\/coro.meridianos.org\/index.php\/wp-json\/wp\/v2\/pages\/4296\/revisions"}],"predecessor-version":[{"id":6327,"href":"https:\/\/coro.meridianos.org\/index.php\/wp-json\/wp\/v2\/pages\/4296\/revisions\/6327"}],"wp:attachment":[{"href":"https:\/\/coro.meridianos.org\/index.php\/wp-json\/wp\/v2\/media?parent=4296"}],"curies":[{"name":"wp","href":"https:\/\/api.w.org\/{rel}","templated":true}]}}