{"id":2770,"date":"2014-02-26T10:29:44","date_gmt":"2014-02-26T10:29:44","guid":{"rendered":"https:\/\/coro.meridianos.org\/?page_id=2770"},"modified":"2020-05-07T16:32:43","modified_gmt":"2020-05-07T15:32:43","slug":"por-que-un-coro","status":"publish","type":"page","link":"https:\/\/coro.meridianos.org\/index.php\/por-que-un-coro\/","title":{"rendered":"\u00bfPor qu\u00e9 un CORO?"},"content":{"rendered":"<div class=\"vc_row wpb_row vc_row-fluid vc_custom_1588865441744\"><div class=\"wpb_column vc_column_container vc_col-sm-12\"><div class=\"vc_column-inner\"><div class=\"wpb_wrapper\"><div class=\"ult-spacer spacer-69ee14b1b9fb4\" data-id=\"69ee14b1b9fb4\" data-height=\"0\" data-height-mobile=\"100\" data-height-tab=\"0\" data-height-tab-portrait=\"100\" data-height-mobile-landscape=\"100\" style=\"clear:both;display:block;\"><\/div>\n\t\t\t<!-- START Por qu\u00e9 un CORO REVOLUTION SLIDER 6.1.5 --><p class=\"rs-p-wp-fix\"><\/p>\n\t\t\t<rs-module-wrap id=\"rev_slider_4_1_wrapper\" data-source=\"gallery\" style=\"background:transparent;padding:0;margin:0px auto;margin-top:0;margin-bottom:0;\">\n\t\t\t\t<rs-module id=\"rev_slider_4_1\" style=\"display:none;\" data-version=\"6.1.5\">\n\t\t\t\t\t<rs-slides>\n\t\t\t\t\t\t<rs-slide data-key=\"rs-5\" data-title=\"Slide\" data-anim=\"ei:d;eo:d;s:1000;r:0;t:fade;sl:0;\">\n\t\t\t\t\t\t\t<img src=\"\/\/coro.meridianos.org\/wp-content\/uploads\/2020\/04\/negro2.jpg\" title=\"negro2\" width=\"1920\" height=\"1080\" class=\"rev-slidebg\" data-no-retina>\n\t\t\t\t\t\t\t<rs-bgvideo \n\t\t\t\t\t\t\t\tdata-video=\"w:100%;h:100%;nse:false;l:true;ptimer:true;\"\n\t\t\t\t\t\t\t\tdata-mp4=\"\/\/coro.meridianos.org\/wp-content\/uploads\/2020\/04\/classical-music-8VP2JVV.mp4\"\n\t\t\t\t\t\t\t><\/rs-bgvideo>\n<!--\n\t\t\t\t\t\t\t--><rs-layer\n\t\t\t\t\t\t\t\tid=\"slider-4-slide-5-layer-0\" \n\t\t\t\t\t\t\t\tdata-type=\"text\"\n\t\t\t\t\t\t\t\tdata-color=\"#ffffff\"\n\t\t\t\t\t\t\t\tdata-rsp_ch=\"on\"\n\t\t\t\t\t\t\t\tdata-xy=\"x:c;y:c;yo:30px;\"\n\t\t\t\t\t\t\t\tdata-text=\"w:normal;s:25;\"\n\t\t\t\t\t\t\t\tdata-frame_999=\"o:0;st:w;\"\n\t\t\t\t\t\t\t\tstyle=\"z-index:5;font-family:Roboto;\"\n\t\t\t\t\t\t\t><h2 class=\"nk-title-back text-center op-7\" style=\"padding-bottom: 0px; text-align: center;\"><span style=\"color: #ffffff;\">\u00bfPor qu\u00e9 un CORO?<br \/>\n<\/span><\/h2> \n\t\t\t\t\t\t\t<\/rs-layer><!--\n-->\t\t\t\t\t\t<\/rs-slide>\n\t\t\t\t\t<\/rs-slides>\n\t\t\t\t\t<rs-progress class=\"rs-bottom\" style=\"visibility: hidden !important;\"><\/rs-progress>\n\t\t\t\t<\/rs-module>\n\t\t\t\t<script type=\"text\/javascript\">\n\t\t\t\t\tsetREVStartSize({c: 'rev_slider_4_1',rl:[1240,1024,778,480],el:[350],gw:[1240],gh:[350],layout:'fullwidth',mh:\"0\"});\n\t\t\t\t\tvar\trevapi4,\n\t\t\t\t\t\ttpj;\n\t\t\t\t\tjQuery(function() {\n\t\t\t\t\t\ttpj = jQuery;\n\t\t\t\t\t\tif(tpj(\"#rev_slider_4_1\").revolution == undefined){\n\t\t\t\t\t\t\trevslider_showDoubleJqueryError(\"#rev_slider_4_1\");\n\t\t\t\t\t\t}else{\n\t\t\t\t\t\t\trevapi4 = tpj(\"#rev_slider_4_1\").show().revolution({\n\t\t\t\t\t\t\t\tjsFileLocation:\"\/\/coro.meridianos.org\/wp-content\/plugins\/revslider\/public\/assets\/js\/\",\n\t\t\t\t\t\t\t\tsliderLayout:\"fullwidth\",\n\t\t\t\t\t\t\t\tdottedOverlay:\"twoxtwo\",\n\t\t\t\t\t\t\t\tvisibilityLevels:\"1240,1024,778,480\",\n\t\t\t\t\t\t\t\tgridwidth:1240,\n\t\t\t\t\t\t\t\tgridheight:350,\n\t\t\t\t\t\t\t\tminHeight:\"\",\n\t\t\t\t\t\t\t\tspinner:\"spinner2\",\n\t\t\t\t\t\t\t\teditorheight:\"350,768,960,135\",\n\t\t\t\t\t\t\t\tresponsiveLevels:\"1240,1024,778,480\",\n\t\t\t\t\t\t\t\tdisableProgressBar:\"on\",\n\t\t\t\t\t\t\t\tnavigation: {\n\t\t\t\t\t\t\t\t\tonHoverStop:false\n\t\t\t\t\t\t\t\t},\n\t\t\t\t\t\t\t\tfallbacks: {\n\t\t\t\t\t\t\t\t\tallowHTML5AutoPlayOnAndroid:true\n\t\t\t\t\t\t\t\t},\n\t\t\t\t\t\t\t});\n\t\t\t\t\t\t}\n\t\t\t\t\t\t\n\t\t\t\t\t});\n\t\t\t\t<\/script>\n\t\t\t\t<script>\n\t\t\t\t\tvar htmlDivCss = ' #rev_slider_4_1_wrapper rs-loader.spinner2{ background-color: #ffffff !important; } '\n\t\t\t\t\tvar htmlDiv = document.getElementById('rs-plugin-settings-inline-css');\n\t\t\t\t\tif(htmlDiv) {\n\t\t\t\t\t\thtmlDiv.innerHTML = htmlDiv.innerHTML + htmlDivCss;\n\t\t\t\t\t}else{\n\t\t\t\t\t\tvar htmlDiv = document.createElement('div');\n\t\t\t\t\t\thtmlDiv.innerHTML = '<style>' + htmlDivCss + '<\/style>';\n\t\t\t\t\t\tdocument.getElementsByTagName('head')[0].appendChild(htmlDiv.childNodes[0]);\n\t\t\t\t\t}\n\t\t\t\t<\/script>\n\t\t\t<\/rs-module-wrap>\n\t\t\t<!-- END REVOLUTION SLIDER -->\n<\/div><\/div><\/div><\/div><div class=\"vc_row wpb_row vc_row-fluid vc_custom_1588676626578\"><div class=\"wpb_column vc_column_container vc_col-sm-6 vc_col-has-fill\"><div class=\"vc_column-inner vc_custom_1587049193365\"><div class=\"wpb_wrapper\"><div class=\"ult-spacer spacer-69ee14b1c1345\" data-id=\"69ee14b1c1345\" data-height=\"145\" data-height-mobile=\"20\" data-height-tab=\"20\" data-height-tab-portrait=\"20\" data-height-mobile-landscape=\"20\" style=\"clear:both;display:block;\"><\/div>\n\t<div class=\"wpb_text_column wpb_content_element \" >\n\t\t<div class=\"wpb_wrapper\">\n\t\t\t<p class=\"p1\" style=\"text-align: center; font-size: 18px; line-height: 23px;\">El Coro es una iniciativa creada por Meridianos e integrada por ni\u00f1os y ni\u00f1as con altas capacidades musicales del Pol\u00edgono Sur de Sevilla capital. Pretende formar musicalmente a sus integrantes y acercar la m\u00fasica de calidad al barrio, persiguiendo un alto grado de excelencia.<\/p>\n\n\t\t<\/div>\n\t<\/div>\n<div class=\"vc_empty_space\"   style=\"height: 20px\"><span class=\"vc_empty_space_inner\"><\/span><\/div><div class=\"vc_separator wpb_content_element vc_separator_align_center vc_sep_width_100 vc_sep_pos_align_center vc_separator_no_text vc_sep_color_grey\" ><span class=\"vc_sep_holder vc_sep_holder_l\"><span  class=\"vc_sep_line\"><\/span><\/span><span class=\"vc_sep_holder vc_sep_holder_r\"><span  class=\"vc_sep_line\"><\/span><\/span>\n<\/div><div class=\"vc_empty_space\"   style=\"height: 0px\"><span class=\"vc_empty_space_inner\"><\/span><\/div><blockquote class=\"nk-testimonial-2 vc_custom_1587048953320\"><div class=\"nk-testimonial-body\"><h4><em>Meridianos considera que potenciar las capacidades de los ni\u00f1os y j\u00f3venes act\u00faa como un factor de protecci\u00f3n que permite prevenir riesgos futuros.<\/em><\/h4>\n<\/div><\/blockquote><div class=\"vc_empty_space\"   style=\"height: 5px\"><span class=\"vc_empty_space_inner\"><\/span><\/div><div class=\"vc_separator wpb_content_element vc_separator_align_center vc_sep_width_100 vc_sep_pos_align_center vc_separator_no_text vc_sep_color_grey\" ><span class=\"vc_sep_holder vc_sep_holder_l\"><span  class=\"vc_sep_line\"><\/span><\/span><span class=\"vc_sep_holder vc_sep_holder_r\"><span  class=\"vc_sep_line\"><\/span><\/span>\n<\/div><div class=\"vc_empty_space\"   style=\"height: 30px\"><span class=\"vc_empty_space_inner\"><\/span><\/div><\/div><\/div><\/div><div class=\"wpb_column vc_column_container vc_col-sm-6\"><div class=\"vc_column-inner\"><div class=\"wpb_wrapper\"><div class=\"vc_empty_space\"   style=\"height: 30px\"><span class=\"vc_empty_space_inner\"><\/span><\/div>\n\t<div  class=\"wpb_single_image wpb_content_element vc_align_left  vc_custom_1588677324869\">\n\t\t\n\t\t<figure class=\"wpb_wrapper vc_figure\">\n\t\t\t<div class=\"vc_single_image-wrapper   vc_box_border_grey\"><img width=\"587\" height=\"783\" src=\"https:\/\/coro.meridianos.org\/wp-content\/uploads\/2020\/05\/imagen.jpg\" class=\"vc_single_image-img attachment-full\" alt=\"\" loading=\"lazy\" srcset=\"https:\/\/coro.meridianos.org\/wp-content\/uploads\/2020\/05\/imagen.jpg 587w, https:\/\/coro.meridianos.org\/wp-content\/uploads\/2020\/05\/imagen-225x300.jpg 225w, https:\/\/coro.meridianos.org\/wp-content\/uploads\/2020\/05\/imagen-500x667.jpg 500w, https:\/\/coro.meridianos.org\/wp-content\/uploads\/2020\/05\/imagen-48x64.jpg 48w, https:\/\/coro.meridianos.org\/wp-content\/uploads\/2020\/05\/imagen-90x120.jpg 90w, https:\/\/coro.meridianos.org\/wp-content\/uploads\/2020\/05\/imagen-150x200.jpg 150w, https:\/\/coro.meridianos.org\/wp-content\/uploads\/2020\/05\/imagen-200x267.jpg 200w, https:\/\/coro.meridianos.org\/wp-content\/uploads\/2020\/05\/imagen-300x400.jpg 300w, https:\/\/coro.meridianos.org\/wp-content\/uploads\/2020\/05\/imagen-400x534.jpg 400w\" sizes=\"(max-width: 587px) 100vw, 587px\" \/><\/div>\n\t\t<\/figure>\n\t<\/div>\n<div class=\"vc_empty_space\"   style=\"height: 30px\"><span class=\"vc_empty_space_inner\"><\/span><\/div><\/div><\/div><\/div><\/div><div data-vc-full-width=\"true\" data-vc-full-width-init=\"false\" data-vc-stretch-content=\"true\" class=\"vc_row wpb_row vc_row-fluid vc_custom_1588680265175 vc_column-gap-20\"><div class=\"wpb_column vc_column_container vc_col-sm-7\"><div class=\"vc_column-inner\"><div class=\"wpb_wrapper\"><\/div><\/div><\/div><div class=\"wpb_column vc_column_container vc_col-sm-4\"><div class=\"vc_column-inner\"><div class=\"wpb_wrapper\"><div class=\"vc_empty_space\"   style=\"height: 180px\"><span class=\"vc_empty_space_inner\"><\/span><\/div>\n\t<div class=\"wpb_text_column wpb_content_element  vc_custom_1588679102988\" >\n\t\t<div class=\"wpb_wrapper\">\n\t\t\t<div class=\"gdlr-styled-box-body with-head\"><strong style=\"text-align: center; font-size: 22px; line-height: 28px;\">Desde esta \u00f3ptica, el Coro potenciar\u00e1 a los ni\u00f1os con altas capacidades musicales, desarrollando su proyecto de vida. Convirti\u00e9ndose para ello en un motor de desarrollo social, profesional y de integraci\u00f3n.<\/strong><\/div>\n\n\t\t<\/div>\n\t<\/div>\n<div class=\"vc_empty_space\"   style=\"height: 180px\"><span class=\"vc_empty_space_inner\"><\/span><\/div><\/div><\/div><\/div><div class=\"wpb_column vc_column_container vc_col-sm-1\"><div class=\"vc_column-inner\"><div class=\"wpb_wrapper\"><\/div><\/div><\/div><\/div><div class=\"vc_row-full-width vc_clearfix\"><\/div><div class=\"nk-awb  nk-awb-after-vc_row \" ><div class=\"nk-awb-wrap\" data-awb-type=\"image\" data-awb-stretch=\"true\" data-awb-image-background-size=\"cover\" data-awb-image-background-position=\"50% 50%\" data-awb-parallax=\"scroll\" data-awb-parallax-speed=\"1\" data-awb-parallax-mobile=\"1\"><div  class=\"nk-awb-inner\"><img width=\"1920\" height=\"800\" src=\"https:\/\/coro.meridianos.org\/wp-content\/uploads\/2020\/05\/montaje-nino-1.jpg\" class=\"jarallax-img\" alt=\"\" loading=\"lazy\" style=\"object-position: 50% 50%;\" srcset=\"https:\/\/coro.meridianos.org\/wp-content\/uploads\/2020\/05\/montaje-nino-1.jpg 1920w, https:\/\/coro.meridianos.org\/wp-content\/uploads\/2020\/05\/montaje-nino-1-300x125.jpg 300w, https:\/\/coro.meridianos.org\/wp-content\/uploads\/2020\/05\/montaje-nino-1-1024x427.jpg 1024w, https:\/\/coro.meridianos.org\/wp-content\/uploads\/2020\/05\/montaje-nino-1-768x320.jpg 768w, https:\/\/coro.meridianos.org\/wp-content\/uploads\/2020\/05\/montaje-nino-1-1536x640.jpg 1536w, https:\/\/coro.meridianos.org\/wp-content\/uploads\/2020\/05\/montaje-nino-1-500x208.jpg 500w, https:\/\/coro.meridianos.org\/wp-content\/uploads\/2020\/05\/montaje-nino-1-800x333.jpg 800w, https:\/\/coro.meridianos.org\/wp-content\/uploads\/2020\/05\/montaje-nino-1-1280x533.jpg 1280w, https:\/\/coro.meridianos.org\/wp-content\/uploads\/2020\/05\/montaje-nino-1-48x20.jpg 48w, https:\/\/coro.meridianos.org\/wp-content\/uploads\/2020\/05\/montaje-nino-1-90x38.jpg 90w, https:\/\/coro.meridianos.org\/wp-content\/uploads\/2020\/05\/montaje-nino-1-150x63.jpg 150w, https:\/\/coro.meridianos.org\/wp-content\/uploads\/2020\/05\/montaje-nino-1-200x83.jpg 200w, https:\/\/coro.meridianos.org\/wp-content\/uploads\/2020\/05\/montaje-nino-1-400x167.jpg 400w, https:\/\/coro.meridianos.org\/wp-content\/uploads\/2020\/05\/montaje-nino-1-600x250.jpg 600w, https:\/\/coro.meridianos.org\/wp-content\/uploads\/2020\/05\/montaje-nino-1-1400x583.jpg 1400w, https:\/\/coro.meridianos.org\/wp-content\/uploads\/2020\/05\/montaje-nino-1-1440x600.jpg 1440w, https:\/\/coro.meridianos.org\/wp-content\/uploads\/2020\/05\/montaje-nino-1-1600x667.jpg 1600w\" sizes=\"(max-width: 1920px) 100vw, 1920px\" \/><\/div><\/div><\/div>\n","protected":false},"excerpt":{"rendered":"\u00bfPor qu\u00e9 un CORO? El Coro es una iniciativa creada por Meridianos e integrada por ni\u00f1os y ni\u00f1as con altas capacidades musicales del Pol\u00edgono Sur de Sevilla capital. Pretende formar musicalmente a sus integrantes y acercar la m\u00fasica de calidad al barrio, persiguiendo un alto grado de excelencia. Meridianos considera que potenciar las capacidades de [...]","protected":false},"author":5,"featured_media":0,"parent":0,"menu_order":0,"comment_status":"closed","ping_status":"closed","template":"","meta":[],"_links":{"self":[{"href":"https:\/\/coro.meridianos.org\/index.php\/wp-json\/wp\/v2\/pages\/2770"}],"collection":[{"href":"https:\/\/coro.meridianos.org\/index.php\/wp-json\/wp\/v2\/pages"}],"about":[{"href":"https:\/\/coro.meridianos.org\/index.php\/wp-json\/wp\/v2\/types\/page"}],"author":[{"embeddable":true,"href":"https:\/\/coro.meridianos.org\/index.php\/wp-json\/wp\/v2\/users\/5"}],"replies":[{"embeddable":true,"href":"https:\/\/coro.meridianos.org\/index.php\/wp-json\/wp\/v2\/comments?post=2770"}],"version-history":[{"count":58,"href":"https:\/\/coro.meridianos.org\/index.php\/wp-json\/wp\/v2\/pages\/2770\/revisions"}],"predecessor-version":[{"id":6326,"href":"https:\/\/coro.meridianos.org\/index.php\/wp-json\/wp\/v2\/pages\/2770\/revisions\/6326"}],"wp:attachment":[{"href":"https:\/\/coro.meridianos.org\/index.php\/wp-json\/wp\/v2\/media?parent=2770"}],"curies":[{"name":"wp","href":"https:\/\/api.w.org\/{rel}","templated":true}]}}