{"id":2710,"date":"2014-02-26T15:37:06","date_gmt":"2014-02-26T15:37:06","guid":{"rendered":"https:\/\/coro.meridianos.org\/?page_id=2710"},"modified":"2020-05-07T17:02:27","modified_gmt":"2020-05-07T16:02:27","slug":"noticias","status":"publish","type":"page","link":"https:\/\/coro.meridianos.org\/index.php\/noticias\/","title":{"rendered":"Noticias"},"content":{"rendered":"<div class=\"vc_row wpb_row vc_row-fluid\"><div class=\"wpb_column vc_column_container vc_col-sm-12 vc_hidden-sm vc_hidden-xs\"><div class=\"vc_column-inner\"><div class=\"wpb_wrapper\"><div class=\"vc_empty_space\"   style=\"height: 32px\"><span class=\"vc_empty_space_inner\"><\/span><\/div><div class=\" nk-portfolio-list-2\"><div id=\"post-6461\" class=\"nk-portfolio-item news-one\">\n                    <div class=\"nk-image-box-1 nk-portfolio-image-box\">\n                        <a href=\"https:\/\/coro.meridianos.org\/index.php\/el-coro-meridianos-inicia-con-ilusion-la-vuelta-a-la-actividad\/\" class=\"nk-image-box-link\"><\/a>\n                        <div class=\"nk-portfolio-image d-none d-md-block\" style=\"background-image: url('https:\/\/coro.meridianos.org\/wp-content\/uploads\/2019\/03\/cartela-video-off.jpg');\"><\/div>\n                        <img src=\"https:\/\/coro.meridianos.org\/wp-content\/uploads\/2019\/03\/cartela-video-off.jpg\" alt=\"Foggy Forest\" class=\"nk-portfolio-image d-lg-none\">\n                    <\/div>\n                    <div class=\"nk-portfolio-text-box\">\n                        <div>\n                            <h2 class=\"h3\"><a href=\"https:\/\/coro.meridianos.org\/index.php\/el-coro-meridianos-inicia-con-ilusion-la-vuelta-a-la-actividad\/\" class=\"nk-portfolio-title\">El Coro Meridianos est\u00e1 en proceso de renovaci\u00f3n y actualizaci\u00f3n del proyecto<\/a><\/h2><div class=\"nk-portfolio-links\"><a href=\"#\">marzo 11, 2021 <\/a><\/div><div class=\"nk-gap\"><\/div>\n                            <p>Con mucha ilusi\u00f3n el equipo del Coro est\u00e1 trabajando para renovar y actualizar nuestro proyecto, teniendo en cuenta las dificultades derivadas por la situaci\u00f3n de...<\/p>\n                            <div class=\"nk-gap\"><\/div>\n                            <a href=\"https:\/\/coro.meridianos.org\/index.php\/el-coro-meridianos-inicia-con-ilusion-la-vuelta-a-la-actividad\/\" class=\"nk-btn nk-btn-sm nk-btn-effect-2-right nk-btn-circle nk-btn-outline nk-btn-color-dark-4\">\n                                <span>More Info<\/span>\n                                <span class=\"icon\"><span class=\"ion-ios-arrow-forward\"><\/span><\/span>\n                            <\/a>\n                        <\/div>\n                    <\/div><\/div><div class=\"nk-gap-3\"><\/div><div id=\"post-6285\" class=\"nk-portfolio-item inverted news-one\">\n                    <div class=\"nk-image-box-1 nk-portfolio-image-box\">\n                        <a href=\"https:\/\/coro.meridianos.org\/index.php\/el-coro-meridianos-nos-ofrece-why-we-sing-grabada-estos-dias-desde-sus-casas\/\" class=\"nk-image-box-link\"><\/a>\n                        <div class=\"nk-portfolio-image d-none d-md-block\" style=\"background-image: url('https:\/\/coro.meridianos.org\/wp-content\/uploads\/2020\/05\/foto01.jpg');\"><\/div>\n                        <img src=\"https:\/\/coro.meridianos.org\/wp-content\/uploads\/2020\/05\/foto01.jpg\" alt=\"Foggy Forest\" class=\"nk-portfolio-image d-lg-none\">\n                    <\/div>\n                    <div class=\"nk-portfolio-text-box\">\n                        <div>\n                            <h2 class=\"h3\"><a href=\"https:\/\/coro.meridianos.org\/index.php\/el-coro-meridianos-nos-ofrece-why-we-sing-grabada-estos-dias-desde-sus-casas\/\" class=\"nk-portfolio-title\">El Coro Meridianos nos ofrece \u201cWhy we sing\u201d grabada estos d\u00edas desde sus casas<\/a><\/h2><div class=\"nk-portfolio-links\"><a href=\"#\">mayo 5, 2020 <\/a><\/div><div class=\"nk-gap\"><\/div>\n                            <p>&nbsp; Los ni\u00f1os de Coro Meridianos, desde sus casas del Pol\u00edgono Sur de Sevilla, han grabado esta canci\u00f3n para llenarnos a todos de esperanza.\u00a0 \u201cWhy...<\/p>\n                            <div class=\"nk-gap\"><\/div>\n                            <a href=\"https:\/\/coro.meridianos.org\/index.php\/el-coro-meridianos-nos-ofrece-why-we-sing-grabada-estos-dias-desde-sus-casas\/\" class=\"nk-btn nk-btn-sm nk-btn-effect-2-right nk-btn-circle nk-btn-outline nk-btn-color-dark-4\">\n                                <span>More Info<\/span>\n                                <span class=\"icon\"><span class=\"ion-ios-arrow-forward\"><\/span><\/span>\n                            <\/a>\n                        <\/div>\n                    <\/div><\/div><div class=\"nk-gap-3\"><\/div><div id=\"post-6277\" class=\"nk-portfolio-item news-one\">\n                    <div class=\"nk-image-box-1 nk-portfolio-image-box\">\n                        <a href=\"https:\/\/coro.meridianos.org\/index.php\/meridianos-colabora-con-la-hermandad-de-los-gitanos-dando-apoyo-a-las-familias-mas-vulnerables-de-el-poligono-sur\/\" class=\"nk-image-box-link\"><\/a>\n                        <div class=\"nk-portfolio-image d-none d-md-block\" style=\"background-image: url('https:\/\/coro.meridianos.org\/wp-content\/uploads\/2020\/04\/fgfzsTQQ5aAEOoLI30vAw-1024x768-1.jpg');\"><\/div>\n                        <img src=\"https:\/\/coro.meridianos.org\/wp-content\/uploads\/2020\/04\/fgfzsTQQ5aAEOoLI30vAw-1024x768-1.jpg\" alt=\"Foggy Forest\" class=\"nk-portfolio-image d-lg-none\">\n                    <\/div>\n                    <div class=\"nk-portfolio-text-box\">\n                        <div>\n                            <h2 class=\"h3\"><a href=\"https:\/\/coro.meridianos.org\/index.php\/meridianos-colabora-con-la-hermandad-de-los-gitanos-dando-apoyo-a-las-familias-mas-vulnerables-de-el-poligono-sur\/\" class=\"nk-portfolio-title\">Meridianos colabora con la Hermandad de los Gitanos dando apoyo a las familias m\u00e1s vulnerables de El Pol\u00edgono Sur<\/a><\/h2><div class=\"nk-portfolio-links\"><a href=\"#\">abril 21, 2020 <\/a><\/div><div class=\"nk-gap\"><\/div>\n                            <p>Meridianos colabora, entre otras entidades, con esta gran iniciativa de la Hermandad de los Gitanos dando apoyo a m\u00e1s de 100 familias del Pol\u00edgono Sur...<\/p>\n                            <div class=\"nk-gap\"><\/div>\n                            <a href=\"https:\/\/coro.meridianos.org\/index.php\/meridianos-colabora-con-la-hermandad-de-los-gitanos-dando-apoyo-a-las-familias-mas-vulnerables-de-el-poligono-sur\/\" class=\"nk-btn nk-btn-sm nk-btn-effect-2-right nk-btn-circle nk-btn-outline nk-btn-color-dark-4\">\n                                <span>More Info<\/span>\n                                <span class=\"icon\"><span class=\"ion-ios-arrow-forward\"><\/span><\/span>\n                            <\/a>\n                        <\/div>\n                    <\/div><\/div><div class=\"nk-gap-3\"><\/div><div id=\"post-6270\" class=\"nk-portfolio-item inverted news-one\">\n                    <div class=\"nk-image-box-1 nk-portfolio-image-box\">\n                        <a href=\"https:\/\/coro.meridianos.org\/index.php\/una-historia-de-esperanza-desde-shanghai-a-sevilla\/\" class=\"nk-image-box-link\"><\/a>\n                        <div class=\"nk-portfolio-image d-none d-md-block\" style=\"background-image: url('https:\/\/coro.meridianos.org\/wp-content\/uploads\/2020\/02\/PHOTO-2019-06-29-13-48-32.jpg');\"><\/div>\n                        <img src=\"https:\/\/coro.meridianos.org\/wp-content\/uploads\/2020\/02\/PHOTO-2019-06-29-13-48-32.jpg\" alt=\"Foggy Forest\" class=\"nk-portfolio-image d-lg-none\">\n                    <\/div>\n                    <div class=\"nk-portfolio-text-box\">\n                        <div>\n                            <h2 class=\"h3\"><a href=\"https:\/\/coro.meridianos.org\/index.php\/una-historia-de-esperanza-desde-shanghai-a-sevilla\/\" class=\"nk-portfolio-title\">Una historia de esperanza, desde Shanghai a Sevilla<\/a><\/h2><div class=\"nk-portfolio-links\"><a href=\"#\">abril 6, 2020 <\/a><\/div><div class=\"nk-gap\"><\/div>\n                            <p>En estos d\u00edas en los que nos encontramos en casa, unidos a toda una sociedad que se enfrenta a esta pandemia, quer\u00edamos compartir esta experiencia:...<\/p>\n                            <div class=\"nk-gap\"><\/div>\n                            <a href=\"https:\/\/coro.meridianos.org\/index.php\/una-historia-de-esperanza-desde-shanghai-a-sevilla\/\" class=\"nk-btn nk-btn-sm nk-btn-effect-2-right nk-btn-circle nk-btn-outline nk-btn-color-dark-4\">\n                                <span>More Info<\/span>\n                                <span class=\"icon\"><span class=\"ion-ios-arrow-forward\"><\/span><\/span>\n                            <\/a>\n                        <\/div>\n                    <\/div><\/div><div class=\"nk-gap-3\"><\/div><div id=\"post-5603\" class=\"nk-portfolio-item news-one\">\n                    <div class=\"nk-image-box-1 nk-portfolio-image-box\">\n                        <a href=\"https:\/\/coro.meridianos.org\/index.php\/visita-del-director-del-teatro-de-la-maestranza-y-del-director-del-coro-del-teatro-maestranza\/\" class=\"nk-image-box-link\"><\/a>\n                        <div class=\"nk-portfolio-image d-none d-md-block\" style=\"background-image: url('https:\/\/coro.meridianos.org\/wp-content\/uploads\/2020\/03\/fullsizeoutput_1a48-scaled.jpeg');\"><\/div>\n                        <img src=\"https:\/\/coro.meridianos.org\/wp-content\/uploads\/2020\/03\/fullsizeoutput_1a48-scaled.jpeg\" alt=\"Foggy Forest\" class=\"nk-portfolio-image d-lg-none\">\n                    <\/div>\n                    <div class=\"nk-portfolio-text-box\">\n                        <div>\n                            <h2 class=\"h3\"><a href=\"https:\/\/coro.meridianos.org\/index.php\/visita-del-director-del-teatro-de-la-maestranza-y-del-director-del-coro-del-teatro-maestranza\/\" class=\"nk-portfolio-title\">Visita del director del Teatro de la Maestranza y del director del Coro del Teatro Maestranza.<\/a><\/h2><div class=\"nk-portfolio-links\"><a href=\"#\">febrero 25, 2020 <\/a><\/div><div class=\"nk-gap\"><\/div>\n                            <p>El pasado 24 de febrero recibimos la visita al ensayo del Coro de Javier Men\u00e9ndez e \u00cd\u00f1igo Sampil directores respectivos del Teatro de la Maestranza...<\/p>\n                            <div class=\"nk-gap\"><\/div>\n                            <a href=\"https:\/\/coro.meridianos.org\/index.php\/visita-del-director-del-teatro-de-la-maestranza-y-del-director-del-coro-del-teatro-maestranza\/\" class=\"nk-btn nk-btn-sm nk-btn-effect-2-right nk-btn-circle nk-btn-outline nk-btn-color-dark-4\">\n                                <span>More Info<\/span>\n                                <span class=\"icon\"><span class=\"ion-ios-arrow-forward\"><\/span><\/span>\n                            <\/a>\n                        <\/div>\n                    <\/div><\/div><div class=\"nk-gap-3\"><\/div><div id=\"post-5597\" class=\"nk-portfolio-item inverted news-one\">\n                    <div class=\"nk-image-box-1 nk-portfolio-image-box\">\n                        <a href=\"https:\/\/coro.meridianos.org\/index.php\/el-coro-meridianos-cantara-el-ave-maria-este-domingo-2-de-febrero-en-la-hermandad-de-los-gitanos-en-la-funcion-solemne-en-honor-a-maria-santisima-de-las-angustias\/\" class=\"nk-image-box-link\"><\/a>\n                        <div class=\"nk-portfolio-image d-none d-md-block\" style=\"background-image: url('https:\/\/coro.meridianos.org\/wp-content\/uploads\/2020\/01\/5FdahWBbTHGur9Xeg7uSkA-scaled.jpg');\"><\/div>\n                        <img src=\"https:\/\/coro.meridianos.org\/wp-content\/uploads\/2020\/01\/5FdahWBbTHGur9Xeg7uSkA-scaled.jpg\" alt=\"Foggy Forest\" class=\"nk-portfolio-image d-lg-none\">\n                    <\/div>\n                    <div class=\"nk-portfolio-text-box\">\n                        <div>\n                            <h2 class=\"h3\"><a href=\"https:\/\/coro.meridianos.org\/index.php\/el-coro-meridianos-cantara-el-ave-maria-este-domingo-2-de-febrero-en-la-hermandad-de-los-gitanos-en-la-funcion-solemne-en-honor-a-maria-santisima-de-las-angustias\/\" class=\"nk-portfolio-title\">El Coro Meridianos cantar\u00e1 el Ave Mar\u00eda este Domingo 2 de Febrero en la Hermandad de los Gitanos en la Funci\u00f3n Solemne en honor a Mar\u00eda Sant\u00edsima de las Angustias.<\/a><\/h2><div class=\"nk-portfolio-links\"><a href=\"#\">enero 29, 2020 <\/a><\/div><div class=\"nk-gap\"><\/div>\n                            <p>El domingo 2 de febrero, a las 11:30 horas, tendr\u00e1 lugar la Funci\u00f3n Solemne en honor a Mar\u00eda Sant\u00edsima de las Angustias Coronada, titular de...<\/p>\n                            <div class=\"nk-gap\"><\/div>\n                            <a href=\"https:\/\/coro.meridianos.org\/index.php\/el-coro-meridianos-cantara-el-ave-maria-este-domingo-2-de-febrero-en-la-hermandad-de-los-gitanos-en-la-funcion-solemne-en-honor-a-maria-santisima-de-las-angustias\/\" class=\"nk-btn nk-btn-sm nk-btn-effect-2-right nk-btn-circle nk-btn-outline nk-btn-color-dark-4\">\n                                <span>More Info<\/span>\n                                <span class=\"icon\"><span class=\"ion-ios-arrow-forward\"><\/span><\/span>\n                            <\/a>\n                        <\/div>\n                    <\/div><\/div><div class=\"nk-gap-3\"><\/div><div id=\"post-5579\" class=\"nk-portfolio-item news-one\">\n                    <div class=\"nk-image-box-1 nk-portfolio-image-box\">\n                        <a href=\"https:\/\/coro.meridianos.org\/index.php\/el-videoclip-aqui-poligono-sur-en-el-que-participo-el-coro-meridianos-recibe-el-premio-asecan-del-cine-andaluz-en-la-categoria-de-otros-formatos\/\" class=\"nk-image-box-link\"><\/a>\n                        <div class=\"nk-portfolio-image d-none d-md-block\" style=\"background-image: url('https:\/\/coro.meridianos.org\/wp-content\/uploads\/2020\/01\/attCH8zFRg24bKTeyU8UKA-scaled.jpg');\"><\/div>\n                        <img src=\"https:\/\/coro.meridianos.org\/wp-content\/uploads\/2020\/01\/attCH8zFRg24bKTeyU8UKA-scaled.jpg\" alt=\"Foggy Forest\" class=\"nk-portfolio-image d-lg-none\">\n                    <\/div>\n                    <div class=\"nk-portfolio-text-box\">\n                        <div>\n                            <h2 class=\"h3\"><a href=\"https:\/\/coro.meridianos.org\/index.php\/el-videoclip-aqui-poligono-sur-en-el-que-participo-el-coro-meridianos-recibe-el-premio-asecan-del-cine-andaluz-en-la-categoria-de-otros-formatos\/\" class=\"nk-portfolio-title\">El videoclip &#8220;Aqu\u00ed Pol\u00edgono Sur&#8221; en el que particip\u00f3 el Coro Meridianos recibe el  premio ASECAN del cine andaluz en la categor\u00eda de otros formatos<\/a><\/h2><div class=\"nk-portfolio-links\"><a href=\"#\">enero 20, 2020 <\/a><\/div><div class=\"nk-gap\"><\/div>\n                            <p>El pasado s\u00e1bado 18 de Enero, estuvimos presentes en la 32\u00aa gala de los premios ASECAN del cine andaluz. Fuimos invitados por participar en el...<\/p>\n                            <div class=\"nk-gap\"><\/div>\n                            <a href=\"https:\/\/coro.meridianos.org\/index.php\/el-videoclip-aqui-poligono-sur-en-el-que-participo-el-coro-meridianos-recibe-el-premio-asecan-del-cine-andaluz-en-la-categoria-de-otros-formatos\/\" class=\"nk-btn nk-btn-sm nk-btn-effect-2-right nk-btn-circle nk-btn-outline nk-btn-color-dark-4\">\n                                <span>More Info<\/span>\n                                <span class=\"icon\"><span class=\"ion-ios-arrow-forward\"><\/span><\/span>\n                            <\/a>\n                        <\/div>\n                    <\/div><\/div><div class=\"nk-gap-3\"><\/div><div id=\"post-5571\" class=\"nk-portfolio-item inverted news-one\">\n                    <div class=\"nk-image-box-1 nk-portfolio-image-box\">\n                        <a href=\"https:\/\/coro.meridianos.org\/index.php\/concierto-de-navidad-meridianos-en-cordoba\/\" class=\"nk-image-box-link\"><\/a>\n                        <div class=\"nk-portfolio-image d-none d-md-block\" style=\"background-image: url('https:\/\/coro.meridianos.org\/wp-content\/uploads\/2019\/12\/Cartel-Concierto-NAVIDAD-Coro-Meridianos_2019.12.12-scaled.jpg');\"><\/div>\n                        <img src=\"https:\/\/coro.meridianos.org\/wp-content\/uploads\/2019\/12\/Cartel-Concierto-NAVIDAD-Coro-Meridianos_2019.12.12-scaled.jpg\" alt=\"Foggy Forest\" class=\"nk-portfolio-image d-lg-none\">\n                    <\/div>\n                    <div class=\"nk-portfolio-text-box\">\n                        <div>\n                            <h2 class=\"h3\"><a href=\"https:\/\/coro.meridianos.org\/index.php\/concierto-de-navidad-meridianos-en-cordoba\/\" class=\"nk-portfolio-title\">Concierto de Navidad Meridianos en C\u00f3rdoba<\/a><\/h2><div class=\"nk-portfolio-links\"><a href=\"#\">diciembre 23, 2019 <\/a><\/div><div class=\"nk-gap\"><\/div>\n                            <p>El pasado 20 de Diciembre el Coro Meridianos, ofreci\u00f3 en C\u00f3rdoba su tradicional concierto de navidad junto al pianista cordob\u00e9s Alberto de Paz y al...<\/p>\n                            <div class=\"nk-gap\"><\/div>\n                            <a href=\"https:\/\/coro.meridianos.org\/index.php\/concierto-de-navidad-meridianos-en-cordoba\/\" class=\"nk-btn nk-btn-sm nk-btn-effect-2-right nk-btn-circle nk-btn-outline nk-btn-color-dark-4\">\n                                <span>More Info<\/span>\n                                <span class=\"icon\"><span class=\"ion-ios-arrow-forward\"><\/span><\/span>\n                            <\/a>\n                        <\/div>\n                    <\/div><\/div><div class=\"nk-gap-3\"><\/div><div id=\"post-5565\" class=\"nk-portfolio-item news-one\">\n                    <div class=\"nk-image-box-1 nk-portfolio-image-box\">\n                        <a href=\"https:\/\/coro.meridianos.org\/index.php\/gran-exito-y-fantastica-acogida-al-concierto-de-navidad-ofrecido-por-el-coro-meridianos-en-la-capilla-de-la-hermandad-de-montserrat\/\" class=\"nk-image-box-link\"><\/a>\n                        <div class=\"nk-portfolio-image d-none d-md-block\" style=\"background-image: url('https:\/\/coro.meridianos.org\/wp-content\/uploads\/2019\/12\/IMG_8472.jpg');\"><\/div>\n                        <img src=\"https:\/\/coro.meridianos.org\/wp-content\/uploads\/2019\/12\/IMG_8472.jpg\" alt=\"Foggy Forest\" class=\"nk-portfolio-image d-lg-none\">\n                    <\/div>\n                    <div class=\"nk-portfolio-text-box\">\n                        <div>\n                            <h2 class=\"h3\"><a href=\"https:\/\/coro.meridianos.org\/index.php\/gran-exito-y-fantastica-acogida-al-concierto-de-navidad-ofrecido-por-el-coro-meridianos-en-la-capilla-de-la-hermandad-de-montserrat\/\" class=\"nk-portfolio-title\">Gran \u00e9xito y fant\u00e1stica acogida al Concierto de Navidad ofrecido por el Coro Meridianos en la Capilla de la Hermandad de Montserrat.<\/a><\/h2><div class=\"nk-portfolio-links\"><a href=\"#\">diciembre 14, 2019 <\/a><\/div><div class=\"nk-gap\"><\/div>\n                            <p>El pasado viernes 13 de Diciembre el Coro Meridianos brind\u00f3 un concierto ben\u00e9fico en la Capilla de la Hermandad de Montserrat, demostrando una vez m\u00e1s...<\/p>\n                            <div class=\"nk-gap\"><\/div>\n                            <a href=\"https:\/\/coro.meridianos.org\/index.php\/gran-exito-y-fantastica-acogida-al-concierto-de-navidad-ofrecido-por-el-coro-meridianos-en-la-capilla-de-la-hermandad-de-montserrat\/\" class=\"nk-btn nk-btn-sm nk-btn-effect-2-right nk-btn-circle nk-btn-outline nk-btn-color-dark-4\">\n                                <span>More Info<\/span>\n                                <span class=\"icon\"><span class=\"ion-ios-arrow-forward\"><\/span><\/span>\n                            <\/a>\n                        <\/div>\n                    <\/div><\/div><div class=\"nk-gap-3\"><\/div><div id=\"post-5551\" class=\"nk-portfolio-item inverted news-one\">\n                    <div class=\"nk-image-box-1 nk-portfolio-image-box\">\n                        <a href=\"https:\/\/coro.meridianos.org\/index.php\/el-coro-meridianos-ofrecio-un-concierto-en-la-hermandad-de-los-gitanos-con-motivo-del-dia-del-pueblo-gitano-andaluz\/\" class=\"nk-image-box-link\"><\/a>\n                        <div class=\"nk-portfolio-image d-none d-md-block\" style=\"background-image: url('https:\/\/coro.meridianos.org\/wp-content\/uploads\/2020\/01\/cEKp1oEbSPe4IV3fX3vDnw-scaled.jpg');\"><\/div>\n                        <img src=\"https:\/\/coro.meridianos.org\/wp-content\/uploads\/2020\/01\/cEKp1oEbSPe4IV3fX3vDnw-scaled.jpg\" alt=\"Foggy Forest\" class=\"nk-portfolio-image d-lg-none\">\n                    <\/div>\n                    <div class=\"nk-portfolio-text-box\">\n                        <div>\n                            <h2 class=\"h3\"><a href=\"https:\/\/coro.meridianos.org\/index.php\/el-coro-meridianos-ofrecio-un-concierto-en-la-hermandad-de-los-gitanos-con-motivo-del-dia-del-pueblo-gitano-andaluz\/\" class=\"nk-portfolio-title\">El Coro Meridianos ofreci\u00f3 un concierto en la Hermandad de los Gitanos con motivo del d\u00eda del Pueblo Gitano Andaluz<\/a><\/h2><div class=\"nk-portfolio-links\"><a href=\"#\">noviembre 22, 2019 <\/a><\/div><div class=\"nk-gap\"><\/div>\n                            <p>El 22 de noviembre el Coro Meridianos ofreci\u00f3 un emotivo concierto en el Santuario de la Hermandad con una gran acogida y aceptaci\u00f3n por parte...<\/p>\n                            <div class=\"nk-gap\"><\/div>\n                            <a href=\"https:\/\/coro.meridianos.org\/index.php\/el-coro-meridianos-ofrecio-un-concierto-en-la-hermandad-de-los-gitanos-con-motivo-del-dia-del-pueblo-gitano-andaluz\/\" class=\"nk-btn nk-btn-sm nk-btn-effect-2-right nk-btn-circle nk-btn-outline nk-btn-color-dark-4\">\n                                <span>More Info<\/span>\n                                <span class=\"icon\"><span class=\"ion-ios-arrow-forward\"><\/span><\/span>\n                            <\/a>\n                        <\/div>\n                    <\/div><\/div><div class=\"nk-gap-3\"><\/div><\/div><div class=\"clearfix\"><\/div>        <div class=\"nk-pagination nk-pagination-left\">\n\n            <nav>\n                                    <span class=\"nk-pagination-current\">1<\/span>                                    <a href=\"https:\/\/coro.meridianos.org\/index.php\/wp-json\/wp\/v2\/pages\/2710\/page\/2\/\">2<\/a>                                    <a href=\"https:\/\/coro.meridianos.org\/index.php\/wp-json\/wp\/v2\/pages\/2710\/page\/3\/\">3<\/a>                                    <a href=\"https:\/\/coro.meridianos.org\/index.php\/wp-json\/wp\/v2\/pages\/2710\/page\/4\/\">4<\/a>                                    <span>&hellip;<\/span>                                    <a href=\"https:\/\/coro.meridianos.org\/index.php\/wp-json\/wp\/v2\/pages\/2710\/page\/8\/\">8<\/a>                                    <a href=\"https:\/\/coro.meridianos.org\/index.php\/wp-json\/wp\/v2\/pages\/2710\/page\/9\/\">9<\/a>                                    <a href=\"https:\/\/coro.meridianos.org\/index.php\/wp-json\/wp\/v2\/pages\/2710\/page\/10\/\">10<\/a>                                                                <\/nav>\n\n        <\/div>\n        <div class=\"vc_empty_space\"   style=\"height: 32px\"><span class=\"vc_empty_space_inner\"><\/span><\/div><\/div><\/div><\/div><\/div><div class=\"vc_row wpb_row vc_row-fluid\"><div class=\"wpb_column vc_column_container vc_col-sm-12 vc_hidden-lg vc_hidden-md\"><div class=\"vc_column-inner\"><div class=\"wpb_wrapper\"><div class=\"vc_empty_space\"   style=\"height: 32px\"><span class=\"vc_empty_space_inner\"><\/span><\/div><div class=\" nk-portfolio-list\"><div id=\"post-6461\" class=\"nk-portfolio-item news-one\">\n                <div class=\"row no-gutters\">\n                    <div class=\"col-md-6 col-lg-8\">\n                        <div class=\"nk-image-box-1\">\n                            <a href=\"https:\/\/coro.meridianos.org\/index.php\/el-coro-meridianos-inicia-con-ilusion-la-vuelta-a-la-actividad\/\" class=\"nk-image-box-link\"><\/a>\n                            <img class=\"nk-portfolio-image\" src=\"https:\/\/coro.meridianos.org\/wp-content\/uploads\/2019\/03\/cartela-video-off.jpg\"\n                                 alt=\"El Coro Meridianos est\u00e1 en proceso de renovaci\u00f3n y actualizaci\u00f3n del proyecto\">\n                        <\/div>\n                    <\/div>\n                    <div class=\"col-md-6 col-lg-4\">\n                        <div class=\"nk-box-2\">\n                            <h2 class=\"h3\"><a href=\"https:\/\/coro.meridianos.org\/index.php\/el-coro-meridianos-inicia-con-ilusion-la-vuelta-a-la-actividad\/\" class=\"nk-portfolio-title\">El Coro Meridianos est\u00e1 en proceso de renovaci\u00f3n y actualizaci\u00f3n del proyecto<\/a>\n                            <\/h2><div class=\"nk-portfolio-links\">marzo 11, 2021 <\/div><div class=\"nk-gap\"><\/div>\n                            <p>Con mucha ilusi\u00f3n el equipo del Coro est\u00e1 trabajando para renovar y actualizar nuestro proyecto, teniendo en cuenta las dificultades derivadas por la situaci\u00f3n de...<\/p>\n                            <div class=\"nk-gap\"><\/div>\n                            <a href=\"https:\/\/coro.meridianos.org\/index.php\/el-coro-meridianos-inicia-con-ilusion-la-vuelta-a-la-actividad\/\"\n                               class=\"nk-btn nk-btn-sm nk-btn-effect-2-right nk-btn-circle nk-btn-outline nk-btn-color-dark-4\">\n                                <span>More Info<\/span>\n                                <span class=\"icon\"><span class=\"ion-ios-arrow-forward\"><\/span><\/span>\n                            <\/a>\n                        <\/div>\n                    <\/div>\n                <\/div><\/div><div class=\"nk-gap-3\"><\/div><div id=\"post-6285\" class=\"nk-portfolio-item inverted news-one\">\n                <div class=\"row no-gutters\">\n                    <div class=\"col-md-6 col-lg-8\">\n                        <div class=\"nk-image-box-1\">\n                            <a href=\"https:\/\/coro.meridianos.org\/index.php\/el-coro-meridianos-nos-ofrece-why-we-sing-grabada-estos-dias-desde-sus-casas\/\" class=\"nk-image-box-link\"><\/a>\n                            <img class=\"nk-portfolio-image\" src=\"https:\/\/coro.meridianos.org\/wp-content\/uploads\/2020\/05\/foto01.jpg\"\n                                 alt=\"El Coro Meridianos nos ofrece \u201cWhy we sing\u201d grabada estos d\u00edas desde sus casas\">\n                        <\/div>\n                    <\/div>\n                    <div class=\"col-md-6 col-lg-4\">\n                        <div class=\"nk-box-2\">\n                            <h2 class=\"h3\"><a href=\"https:\/\/coro.meridianos.org\/index.php\/el-coro-meridianos-nos-ofrece-why-we-sing-grabada-estos-dias-desde-sus-casas\/\" class=\"nk-portfolio-title\">El Coro Meridianos nos ofrece \u201cWhy we sing\u201d grabada estos d\u00edas desde sus casas<\/a>\n                            <\/h2><div class=\"nk-portfolio-links\">mayo 5, 2020 <\/div><div class=\"nk-gap\"><\/div>\n                            <p>&nbsp; Los ni\u00f1os de Coro Meridianos, desde sus casas del Pol\u00edgono Sur de Sevilla, han grabado esta canci\u00f3n para llenarnos a todos de esperanza.\u00a0 \u201cWhy...<\/p>\n                            <div class=\"nk-gap\"><\/div>\n                            <a href=\"https:\/\/coro.meridianos.org\/index.php\/el-coro-meridianos-nos-ofrece-why-we-sing-grabada-estos-dias-desde-sus-casas\/\"\n                               class=\"nk-btn nk-btn-sm nk-btn-effect-2-right nk-btn-circle nk-btn-outline nk-btn-color-dark-4\">\n                                <span>More Info<\/span>\n                                <span class=\"icon\"><span class=\"ion-ios-arrow-forward\"><\/span><\/span>\n                            <\/a>\n                        <\/div>\n                    <\/div>\n                <\/div><\/div><div class=\"nk-gap-3\"><\/div><div id=\"post-6277\" class=\"nk-portfolio-item news-one\">\n                <div class=\"row no-gutters\">\n                    <div class=\"col-md-6 col-lg-8\">\n                        <div class=\"nk-image-box-1\">\n                            <a href=\"https:\/\/coro.meridianos.org\/index.php\/meridianos-colabora-con-la-hermandad-de-los-gitanos-dando-apoyo-a-las-familias-mas-vulnerables-de-el-poligono-sur\/\" class=\"nk-image-box-link\"><\/a>\n                            <img class=\"nk-portfolio-image\" src=\"https:\/\/coro.meridianos.org\/wp-content\/uploads\/2020\/04\/fgfzsTQQ5aAEOoLI30vAw-1024x768-1.jpg\"\n                                 alt=\"Meridianos colabora con la Hermandad de los Gitanos dando apoyo a las familias m\u00e1s vulnerables de El Pol\u00edgono Sur\">\n                        <\/div>\n                    <\/div>\n                    <div class=\"col-md-6 col-lg-4\">\n                        <div class=\"nk-box-2\">\n                            <h2 class=\"h3\"><a href=\"https:\/\/coro.meridianos.org\/index.php\/meridianos-colabora-con-la-hermandad-de-los-gitanos-dando-apoyo-a-las-familias-mas-vulnerables-de-el-poligono-sur\/\" class=\"nk-portfolio-title\">Meridianos colabora con la Hermandad de los Gitanos dando apoyo a las familias m\u00e1s vulnerables de El Pol\u00edgono Sur<\/a>\n                            <\/h2><div class=\"nk-portfolio-links\">abril 21, 2020 <\/div><div class=\"nk-gap\"><\/div>\n                            <p>Meridianos colabora, entre otras entidades, con esta gran iniciativa de la Hermandad de los Gitanos dando apoyo a m\u00e1s de 100 familias del Pol\u00edgono Sur...<\/p>\n                            <div class=\"nk-gap\"><\/div>\n                            <a href=\"https:\/\/coro.meridianos.org\/index.php\/meridianos-colabora-con-la-hermandad-de-los-gitanos-dando-apoyo-a-las-familias-mas-vulnerables-de-el-poligono-sur\/\"\n                               class=\"nk-btn nk-btn-sm nk-btn-effect-2-right nk-btn-circle nk-btn-outline nk-btn-color-dark-4\">\n                                <span>More Info<\/span>\n                                <span class=\"icon\"><span class=\"ion-ios-arrow-forward\"><\/span><\/span>\n                            <\/a>\n                        <\/div>\n                    <\/div>\n                <\/div><\/div><div class=\"nk-gap-3\"><\/div><div id=\"post-6270\" class=\"nk-portfolio-item inverted news-one\">\n                <div class=\"row no-gutters\">\n                    <div class=\"col-md-6 col-lg-8\">\n                        <div class=\"nk-image-box-1\">\n                            <a href=\"https:\/\/coro.meridianos.org\/index.php\/una-historia-de-esperanza-desde-shanghai-a-sevilla\/\" class=\"nk-image-box-link\"><\/a>\n                            <img class=\"nk-portfolio-image\" src=\"https:\/\/coro.meridianos.org\/wp-content\/uploads\/2020\/02\/PHOTO-2019-06-29-13-48-32.jpg\"\n                                 alt=\"Una historia de esperanza, desde Shanghai a Sevilla\">\n                        <\/div>\n                    <\/div>\n                    <div class=\"col-md-6 col-lg-4\">\n                        <div class=\"nk-box-2\">\n                            <h2 class=\"h3\"><a href=\"https:\/\/coro.meridianos.org\/index.php\/una-historia-de-esperanza-desde-shanghai-a-sevilla\/\" class=\"nk-portfolio-title\">Una historia de esperanza, desde Shanghai a Sevilla<\/a>\n                            <\/h2><div class=\"nk-portfolio-links\">abril 6, 2020 <\/div><div class=\"nk-gap\"><\/div>\n                            <p>En estos d\u00edas en los que nos encontramos en casa, unidos a toda una sociedad que se enfrenta a esta pandemia, quer\u00edamos compartir esta experiencia:...<\/p>\n                            <div class=\"nk-gap\"><\/div>\n                            <a href=\"https:\/\/coro.meridianos.org\/index.php\/una-historia-de-esperanza-desde-shanghai-a-sevilla\/\"\n                               class=\"nk-btn nk-btn-sm nk-btn-effect-2-right nk-btn-circle nk-btn-outline nk-btn-color-dark-4\">\n                                <span>More Info<\/span>\n                                <span class=\"icon\"><span class=\"ion-ios-arrow-forward\"><\/span><\/span>\n                            <\/a>\n                        <\/div>\n                    <\/div>\n                <\/div><\/div><div class=\"nk-gap-3\"><\/div><div id=\"post-5603\" class=\"nk-portfolio-item news-one\">\n                <div class=\"row no-gutters\">\n                    <div class=\"col-md-6 col-lg-8\">\n                        <div class=\"nk-image-box-1\">\n                            <a href=\"https:\/\/coro.meridianos.org\/index.php\/visita-del-director-del-teatro-de-la-maestranza-y-del-director-del-coro-del-teatro-maestranza\/\" class=\"nk-image-box-link\"><\/a>\n                            <img class=\"nk-portfolio-image\" src=\"https:\/\/coro.meridianos.org\/wp-content\/uploads\/2020\/03\/fullsizeoutput_1a48-scaled.jpeg\"\n                                 alt=\"Visita del director del Teatro de la Maestranza y del director del Coro del Teatro Maestranza.\">\n                        <\/div>\n                    <\/div>\n                    <div class=\"col-md-6 col-lg-4\">\n                        <div class=\"nk-box-2\">\n                            <h2 class=\"h3\"><a href=\"https:\/\/coro.meridianos.org\/index.php\/visita-del-director-del-teatro-de-la-maestranza-y-del-director-del-coro-del-teatro-maestranza\/\" class=\"nk-portfolio-title\">Visita del director del Teatro de la Maestranza y del director del Coro del Teatro Maestranza.<\/a>\n                            <\/h2><div class=\"nk-portfolio-links\">febrero 25, 2020 <\/div><div class=\"nk-gap\"><\/div>\n                            <p>El pasado 24 de febrero recibimos la visita al ensayo del Coro de Javier Men\u00e9ndez e \u00cd\u00f1igo Sampil directores respectivos del Teatro de la Maestranza...<\/p>\n                            <div class=\"nk-gap\"><\/div>\n                            <a href=\"https:\/\/coro.meridianos.org\/index.php\/visita-del-director-del-teatro-de-la-maestranza-y-del-director-del-coro-del-teatro-maestranza\/\"\n                               class=\"nk-btn nk-btn-sm nk-btn-effect-2-right nk-btn-circle nk-btn-outline nk-btn-color-dark-4\">\n                                <span>More Info<\/span>\n                                <span class=\"icon\"><span class=\"ion-ios-arrow-forward\"><\/span><\/span>\n                            <\/a>\n                        <\/div>\n                    <\/div>\n                <\/div><\/div><div class=\"nk-gap-3\"><\/div><div id=\"post-5597\" class=\"nk-portfolio-item inverted news-one\">\n                <div class=\"row no-gutters\">\n                    <div class=\"col-md-6 col-lg-8\">\n                        <div class=\"nk-image-box-1\">\n                            <a href=\"https:\/\/coro.meridianos.org\/index.php\/el-coro-meridianos-cantara-el-ave-maria-este-domingo-2-de-febrero-en-la-hermandad-de-los-gitanos-en-la-funcion-solemne-en-honor-a-maria-santisima-de-las-angustias\/\" class=\"nk-image-box-link\"><\/a>\n                            <img class=\"nk-portfolio-image\" src=\"https:\/\/coro.meridianos.org\/wp-content\/uploads\/2020\/01\/5FdahWBbTHGur9Xeg7uSkA-scaled.jpg\"\n                                 alt=\"El Coro Meridianos cantar\u00e1 el Ave Mar\u00eda este Domingo 2 de Febrero en la Hermandad de los Gitanos en la Funci\u00f3n Solemne en honor a Mar\u00eda Sant\u00edsima de las Angustias.\">\n                        <\/div>\n                    <\/div>\n                    <div class=\"col-md-6 col-lg-4\">\n                        <div class=\"nk-box-2\">\n                            <h2 class=\"h3\"><a href=\"https:\/\/coro.meridianos.org\/index.php\/el-coro-meridianos-cantara-el-ave-maria-este-domingo-2-de-febrero-en-la-hermandad-de-los-gitanos-en-la-funcion-solemne-en-honor-a-maria-santisima-de-las-angustias\/\" class=\"nk-portfolio-title\">El Coro Meridianos cantar\u00e1 el Ave Mar\u00eda este Domingo 2 de Febrero en la Hermandad de los Gitanos en la Funci\u00f3n Solemne en honor a Mar\u00eda Sant\u00edsima de las Angustias.<\/a>\n                            <\/h2><div class=\"nk-portfolio-links\">enero 29, 2020 <\/div><div class=\"nk-gap\"><\/div>\n                            <p>El domingo 2 de febrero, a las 11:30 horas, tendr\u00e1 lugar la Funci\u00f3n Solemne en honor a Mar\u00eda Sant\u00edsima de las Angustias Coronada, titular de...<\/p>\n                            <div class=\"nk-gap\"><\/div>\n                            <a href=\"https:\/\/coro.meridianos.org\/index.php\/el-coro-meridianos-cantara-el-ave-maria-este-domingo-2-de-febrero-en-la-hermandad-de-los-gitanos-en-la-funcion-solemne-en-honor-a-maria-santisima-de-las-angustias\/\"\n                               class=\"nk-btn nk-btn-sm nk-btn-effect-2-right nk-btn-circle nk-btn-outline nk-btn-color-dark-4\">\n                                <span>More Info<\/span>\n                                <span class=\"icon\"><span class=\"ion-ios-arrow-forward\"><\/span><\/span>\n                            <\/a>\n                        <\/div>\n                    <\/div>\n                <\/div><\/div><div class=\"nk-gap-3\"><\/div><div id=\"post-5579\" class=\"nk-portfolio-item news-one\">\n                <div class=\"row no-gutters\">\n                    <div class=\"col-md-6 col-lg-8\">\n                        <div class=\"nk-image-box-1\">\n                            <a href=\"https:\/\/coro.meridianos.org\/index.php\/el-videoclip-aqui-poligono-sur-en-el-que-participo-el-coro-meridianos-recibe-el-premio-asecan-del-cine-andaluz-en-la-categoria-de-otros-formatos\/\" class=\"nk-image-box-link\"><\/a>\n                            <img class=\"nk-portfolio-image\" src=\"https:\/\/coro.meridianos.org\/wp-content\/uploads\/2020\/01\/attCH8zFRg24bKTeyU8UKA-scaled.jpg\"\n                                 alt=\"El videoclip &#8220;Aqu\u00ed Pol\u00edgono Sur&#8221; en el que particip\u00f3 el Coro Meridianos recibe el  premio ASECAN del cine andaluz en la categor\u00eda de otros formatos\">\n                        <\/div>\n                    <\/div>\n                    <div class=\"col-md-6 col-lg-4\">\n                        <div class=\"nk-box-2\">\n                            <h2 class=\"h3\"><a href=\"https:\/\/coro.meridianos.org\/index.php\/el-videoclip-aqui-poligono-sur-en-el-que-participo-el-coro-meridianos-recibe-el-premio-asecan-del-cine-andaluz-en-la-categoria-de-otros-formatos\/\" class=\"nk-portfolio-title\">El videoclip &#8220;Aqu\u00ed Pol\u00edgono Sur&#8221; en el que particip\u00f3 el Coro Meridianos recibe el  premio ASECAN del cine andaluz en la categor\u00eda de otros formatos<\/a>\n                            <\/h2><div class=\"nk-portfolio-links\">enero 20, 2020 <\/div><div class=\"nk-gap\"><\/div>\n                            <p>El pasado s\u00e1bado 18 de Enero, estuvimos presentes en la 32\u00aa gala de los premios ASECAN del cine andaluz. Fuimos invitados por participar en el...<\/p>\n                            <div class=\"nk-gap\"><\/div>\n                            <a href=\"https:\/\/coro.meridianos.org\/index.php\/el-videoclip-aqui-poligono-sur-en-el-que-participo-el-coro-meridianos-recibe-el-premio-asecan-del-cine-andaluz-en-la-categoria-de-otros-formatos\/\"\n                               class=\"nk-btn nk-btn-sm nk-btn-effect-2-right nk-btn-circle nk-btn-outline nk-btn-color-dark-4\">\n                                <span>More Info<\/span>\n                                <span class=\"icon\"><span class=\"ion-ios-arrow-forward\"><\/span><\/span>\n                            <\/a>\n                        <\/div>\n                    <\/div>\n                <\/div><\/div><div class=\"nk-gap-3\"><\/div><div id=\"post-5571\" class=\"nk-portfolio-item inverted news-one\">\n                <div class=\"row no-gutters\">\n                    <div class=\"col-md-6 col-lg-8\">\n                        <div class=\"nk-image-box-1\">\n                            <a href=\"https:\/\/coro.meridianos.org\/index.php\/concierto-de-navidad-meridianos-en-cordoba\/\" class=\"nk-image-box-link\"><\/a>\n                            <img class=\"nk-portfolio-image\" src=\"https:\/\/coro.meridianos.org\/wp-content\/uploads\/2019\/12\/Cartel-Concierto-NAVIDAD-Coro-Meridianos_2019.12.12-scaled.jpg\"\n                                 alt=\"Concierto de Navidad Meridianos en C\u00f3rdoba\">\n                        <\/div>\n                    <\/div>\n                    <div class=\"col-md-6 col-lg-4\">\n                        <div class=\"nk-box-2\">\n                            <h2 class=\"h3\"><a href=\"https:\/\/coro.meridianos.org\/index.php\/concierto-de-navidad-meridianos-en-cordoba\/\" class=\"nk-portfolio-title\">Concierto de Navidad Meridianos en C\u00f3rdoba<\/a>\n                            <\/h2><div class=\"nk-portfolio-links\">diciembre 23, 2019 <\/div><div class=\"nk-gap\"><\/div>\n                            <p>El pasado 20 de Diciembre el Coro Meridianos, ofreci\u00f3 en C\u00f3rdoba su tradicional concierto de navidad junto al pianista cordob\u00e9s Alberto de Paz y al...<\/p>\n                            <div class=\"nk-gap\"><\/div>\n                            <a href=\"https:\/\/coro.meridianos.org\/index.php\/concierto-de-navidad-meridianos-en-cordoba\/\"\n                               class=\"nk-btn nk-btn-sm nk-btn-effect-2-right nk-btn-circle nk-btn-outline nk-btn-color-dark-4\">\n                                <span>More Info<\/span>\n                                <span class=\"icon\"><span class=\"ion-ios-arrow-forward\"><\/span><\/span>\n                            <\/a>\n                        <\/div>\n                    <\/div>\n                <\/div><\/div><div class=\"nk-gap-3\"><\/div><div id=\"post-5565\" class=\"nk-portfolio-item news-one\">\n                <div class=\"row no-gutters\">\n                    <div class=\"col-md-6 col-lg-8\">\n                        <div class=\"nk-image-box-1\">\n                            <a href=\"https:\/\/coro.meridianos.org\/index.php\/gran-exito-y-fantastica-acogida-al-concierto-de-navidad-ofrecido-por-el-coro-meridianos-en-la-capilla-de-la-hermandad-de-montserrat\/\" class=\"nk-image-box-link\"><\/a>\n                            <img class=\"nk-portfolio-image\" src=\"https:\/\/coro.meridianos.org\/wp-content\/uploads\/2019\/12\/IMG_8472.jpg\"\n                                 alt=\"Gran \u00e9xito y fant\u00e1stica acogida al Concierto de Navidad ofrecido por el Coro Meridianos en la Capilla de la Hermandad de Montserrat.\">\n                        <\/div>\n                    <\/div>\n                    <div class=\"col-md-6 col-lg-4\">\n                        <div class=\"nk-box-2\">\n                            <h2 class=\"h3\"><a href=\"https:\/\/coro.meridianos.org\/index.php\/gran-exito-y-fantastica-acogida-al-concierto-de-navidad-ofrecido-por-el-coro-meridianos-en-la-capilla-de-la-hermandad-de-montserrat\/\" class=\"nk-portfolio-title\">Gran \u00e9xito y fant\u00e1stica acogida al Concierto de Navidad ofrecido por el Coro Meridianos en la Capilla de la Hermandad de Montserrat.<\/a>\n                            <\/h2><div class=\"nk-portfolio-links\">diciembre 14, 2019 <\/div><div class=\"nk-gap\"><\/div>\n                            <p>El pasado viernes 13 de Diciembre el Coro Meridianos brind\u00f3 un concierto ben\u00e9fico en la Capilla de la Hermandad de Montserrat, demostrando una vez m\u00e1s...<\/p>\n                            <div class=\"nk-gap\"><\/div>\n                            <a href=\"https:\/\/coro.meridianos.org\/index.php\/gran-exito-y-fantastica-acogida-al-concierto-de-navidad-ofrecido-por-el-coro-meridianos-en-la-capilla-de-la-hermandad-de-montserrat\/\"\n                               class=\"nk-btn nk-btn-sm nk-btn-effect-2-right nk-btn-circle nk-btn-outline nk-btn-color-dark-4\">\n                                <span>More Info<\/span>\n                                <span class=\"icon\"><span class=\"ion-ios-arrow-forward\"><\/span><\/span>\n                            <\/a>\n                        <\/div>\n                    <\/div>\n                <\/div><\/div><div class=\"nk-gap-3\"><\/div><div id=\"post-5551\" class=\"nk-portfolio-item inverted news-one\">\n                <div class=\"row no-gutters\">\n                    <div class=\"col-md-6 col-lg-8\">\n                        <div class=\"nk-image-box-1\">\n                            <a href=\"https:\/\/coro.meridianos.org\/index.php\/el-coro-meridianos-ofrecio-un-concierto-en-la-hermandad-de-los-gitanos-con-motivo-del-dia-del-pueblo-gitano-andaluz\/\" class=\"nk-image-box-link\"><\/a>\n                            <img class=\"nk-portfolio-image\" src=\"https:\/\/coro.meridianos.org\/wp-content\/uploads\/2020\/01\/cEKp1oEbSPe4IV3fX3vDnw-scaled.jpg\"\n                                 alt=\"El Coro Meridianos ofreci\u00f3 un concierto en la Hermandad de los Gitanos con motivo del d\u00eda del Pueblo Gitano Andaluz\">\n                        <\/div>\n                    <\/div>\n                    <div class=\"col-md-6 col-lg-4\">\n                        <div class=\"nk-box-2\">\n                            <h2 class=\"h3\"><a href=\"https:\/\/coro.meridianos.org\/index.php\/el-coro-meridianos-ofrecio-un-concierto-en-la-hermandad-de-los-gitanos-con-motivo-del-dia-del-pueblo-gitano-andaluz\/\" class=\"nk-portfolio-title\">El Coro Meridianos ofreci\u00f3 un concierto en la Hermandad de los Gitanos con motivo del d\u00eda del Pueblo Gitano Andaluz<\/a>\n                            <\/h2><div class=\"nk-portfolio-links\">noviembre 22, 2019 <\/div><div class=\"nk-gap\"><\/div>\n                            <p>El 22 de noviembre el Coro Meridianos ofreci\u00f3 un emotivo concierto en el Santuario de la Hermandad con una gran acogida y aceptaci\u00f3n por parte...<\/p>\n                            <div class=\"nk-gap\"><\/div>\n                            <a href=\"https:\/\/coro.meridianos.org\/index.php\/el-coro-meridianos-ofrecio-un-concierto-en-la-hermandad-de-los-gitanos-con-motivo-del-dia-del-pueblo-gitano-andaluz\/\"\n                               class=\"nk-btn nk-btn-sm nk-btn-effect-2-right nk-btn-circle nk-btn-outline nk-btn-color-dark-4\">\n                                <span>More Info<\/span>\n                                <span class=\"icon\"><span class=\"ion-ios-arrow-forward\"><\/span><\/span>\n                            <\/a>\n                        <\/div>\n                    <\/div>\n                <\/div><\/div><div class=\"nk-gap-3\"><\/div><\/div><div class=\"clearfix\"><\/div>        <div class=\"nk-pagination nk-pagination-left\">\n\n            <nav>\n                                    <span class=\"nk-pagination-current\">1<\/span>                                    <a href=\"https:\/\/coro.meridianos.org\/index.php\/wp-json\/wp\/v2\/pages\/2710\/page\/2\/\">2<\/a>                                    <a href=\"https:\/\/coro.meridianos.org\/index.php\/wp-json\/wp\/v2\/pages\/2710\/page\/3\/\">3<\/a>                                    <a href=\"https:\/\/coro.meridianos.org\/index.php\/wp-json\/wp\/v2\/pages\/2710\/page\/4\/\">4<\/a>                                    <span>&hellip;<\/span>                                    <a href=\"https:\/\/coro.meridianos.org\/index.php\/wp-json\/wp\/v2\/pages\/2710\/page\/8\/\">8<\/a>                                    <a href=\"https:\/\/coro.meridianos.org\/index.php\/wp-json\/wp\/v2\/pages\/2710\/page\/9\/\">9<\/a>                                    <a href=\"https:\/\/coro.meridianos.org\/index.php\/wp-json\/wp\/v2\/pages\/2710\/page\/10\/\">10<\/a>                                                                <\/nav>\n\n        <\/div>\n        <div class=\"vc_empty_space\"   style=\"height: 32px\"><span class=\"vc_empty_space_inner\"><\/span><\/div><\/div><\/div><\/div><\/div>\n","protected":false},"excerpt":{"rendered":"El 22 de noviembre el Coro Meridianos ofreci\u00f3 un emotivo concierto en el Santuario de la Hermandad con una gran acogida y aceptaci\u00f3n por parte de los Hermanos y del p\u00fablico asistente. El Concierto se enmarc\u00f3 dentro del calendario de actividades y funciones sociales de la hermandad con motivo de la celebraci\u00f3n del d\u00eda del [...]","protected":false},"author":5,"featured_media":0,"parent":0,"menu_order":0,"comment_status":"closed","ping_status":"closed","template":"","meta":[],"_links":{"self":[{"href":"https:\/\/coro.meridianos.org\/index.php\/wp-json\/wp\/v2\/pages\/2710"}],"collection":[{"href":"https:\/\/coro.meridianos.org\/index.php\/wp-json\/wp\/v2\/pages"}],"about":[{"href":"https:\/\/coro.meridianos.org\/index.php\/wp-json\/wp\/v2\/types\/page"}],"author":[{"embeddable":true,"href":"https:\/\/coro.meridianos.org\/index.php\/wp-json\/wp\/v2\/users\/5"}],"replies":[{"embeddable":true,"href":"https:\/\/coro.meridianos.org\/index.php\/wp-json\/wp\/v2\/comments?post=2710"}],"version-history":[{"count":15,"href":"https:\/\/coro.meridianos.org\/index.php\/wp-json\/wp\/v2\/pages\/2710\/revisions"}],"predecessor-version":[{"id":6332,"href":"https:\/\/coro.meridianos.org\/index.php\/wp-json\/wp\/v2\/pages\/2710\/revisions\/6332"}],"wp:attachment":[{"href":"https:\/\/coro.meridianos.org\/index.php\/wp-json\/wp\/v2\/media?parent=2710"}],"curies":[{"name":"wp","href":"https:\/\/api.w.org\/{rel}","templated":true}]}}